{"id":92515,"date":"2023-04-18T08:07:13","date_gmt":"2023-04-18T08:07:13","guid":{"rendered":"https:\/\/www.epralima.com\/website\/?post_type=portfolio&#038;p=92515"},"modified":"2023-04-18T08:07:13","modified_gmt":"2023-04-18T08:07:13","slug":"digit","status":"publish","type":"portfolio","link":"https:\/\/www.epralima.com\/website\/portfolio\/digit\/","title":{"rendered":"DIGIT+"},"content":{"rendered":"<div class=\"wpb-content-wrapper\"><p>[vc_row row_height_percent=&#8221;0&#8243; override_padding=&#8221;yes&#8221; h_padding=&#8221;0&#8243; top_padding=&#8221;3&#8243; bottom_padding=&#8221;3&#8243; overlay_alpha=&#8221;0&#8243; gutter_size=&#8221;100&#8243; shift_y=&#8221;0&#8243; style=&#8221;inherited&#8221;][vc_column column_width_percent=&#8221;100&#8243; position_horizontal=&#8221;left&#8221; gutter_size=&#8221;4&#8243; style=&#8221;light&#8221; overlay_alpha=&#8221;100&#8243; shift_x=&#8221;0&#8243; shift_y=&#8221;0&#8243; z_index=&#8221;0&#8243; medium_width=&#8221;0&#8243; zoom_width=&#8221;0&#8243; zoom_height=&#8221;0&#8243; width=&#8221;1\/1&#8243;][vc_gallery el_id=&#8221;gallery-749185&#8243; type=&#8221;carousel&#8221; medias=&#8221;92516&#8243; carousel_lg=&#8221;1&#8243; carousel_md=&#8221;1&#8243; carousel_sm=&#8221;1&#8243; thumb_size=&#8221;sixteen-nine&#8221; gutter_size=&#8221;0&#8243; media_items=&#8221;media|nolink|original,icon&#8221; carousel_type=&#8221;fade&#8221; carousel_interval=&#8221;5000&#8243; carousel_navspeed=&#8221;1000&#8243; carousel_loop=&#8221;yes&#8221; carousel_nav=&#8221;yes&#8221; carousel_dots=&#8221;yes&#8221; carousel_dots_inside=&#8221;yes&#8221; carousel_dot_padding=&#8221;2&#8243; stage_padding=&#8221;0&#8243; single_overlay_opacity=&#8221;50&#8243; single_overlay_anim=&#8221;no&#8221; single_text_anim=&#8221;no&#8221; single_image_anim=&#8221;no&#8221; single_padding=&#8221;2&#8243; single_border=&#8221;yes&#8221;][vc_custom_heading heading_semantic=&#8221;h5&#8243; text_size=&#8221;h3&#8243; text_align=&#8221;text-center&#8221; text_serif=&#8221;yes&#8221;]<strong>Descri\u00e7\u00e3o Geral do Projeto<\/strong>[\/vc_custom_heading][vc_column_text css=&#8221;.vc_custom_1681804482590{margin-top: 15px !important;}&#8221;]O projeto <strong>Digit+<\/strong> re\u00fane 10 parceiros com o interesse comum de apoiar os alunos e estagi\u00e1rios, para melhorar a sua integra\u00e7\u00e3o na nova sociedade digital.<\/p>\n<p>Solu\u00e7\u00f5es para professores\/formadores, pois a educa\u00e7\u00e3o remota vivenciada em cada escola e organiza\u00e7\u00e3o durante a crise da Covid aumentou as desigualdades entre alunos com diferentes necessidades e origens educacionais.<\/p>\n<p>O n\u00famero de alunos em risco de discrimina\u00e7\u00e3o social e de abandono escolar aumentou.<\/p>\n<p>O principal objetivo \u00e9 oferecer programas de forma\u00e7\u00e3o mais flex\u00edveis e atraentes que ser\u00e3o mais facilmente acessados \u200b\u200ba todos nas escolas.<\/p>\n<p>Para integrar no Espa\u00e7o Educacional Europeu ser\u00e3o criadas pr\u00e1ticas inovadoras na educa\u00e7\u00e3o profissional que ser\u00e3o exemplificadas e explicadas por diretrizes pr\u00e1ticas passo a passo para professores e alunos.<\/p>\n<p>De modo geral ser\u00e3o abordados tr\u00eas temas: conte\u00fados, tecnologias e pr\u00e1ticas digitais; inclus\u00e3o, promovendo a igualdade e a n\u00e3o discrimina\u00e7\u00e3o; novos m\u00e9todos e abordagens de aprendizagem e ensino.<\/p>\n<p>Os professores\/formadores aprender\u00e3o como construir comunidades virtuais para ensino e forma\u00e7\u00e3o em formato digitalizado e internacionalizado.<\/p>\n<p>Aprender\u00e3o a criar unidades de aprendizagem transfer\u00edveis e a reconhecer resultados de aprendizagem adquiridos em contextos de aprendizagem internacional.<\/p>\n<p>Criaremos uma plataforma online e um guia para o reconhecimento internacional do resultado da aprendizagem que ser\u00e1 colocado \u00e0 disposi\u00e7\u00e3o dos professores formadores como REA (recurso educacional aberto) para criar e fornecer m\u00f3dulos transfer\u00edveis para participantes locais e internacionais. A plataforma facilitar\u00e1 a transfer\u00eancia de know-how e inova\u00e7\u00e3o entre as escolas participantes.<\/p>\n<p>Do projeto ser\u00e3o criados 6 resultados.[\/vc_column_text][vc_row_inner row_inner_height_percent=&#8221;0&#8243; overlay_alpha=&#8221;50&#8243; gutter_size=&#8221;3&#8243; shift_y=&#8221;0&#8243; z_index=&#8221;0&#8243; el_id=&#8221;ing&#8221;][vc_column_inner column_width_percent=&#8221;100&#8243; gutter_size=&#8221;3&#8243; overlay_alpha=&#8221;50&#8243; shift_x=&#8221;0&#8243; shift_y=&#8221;0&#8243; z_index=&#8221;0&#8243; medium_width=&#8221;0&#8243; mobile_width=&#8221;0&#8243; width=&#8221;1\/1&#8243;][vc_separator][\/vc_column_inner][\/vc_row_inner][vc_custom_heading heading_semantic=&#8221;h5&#8243; text_size=&#8221;h3&#8243; text_align=&#8221;text-center&#8221; text_serif=&#8221;yes&#8221;]<strong>Grupo-alvo<\/strong>[\/vc_custom_heading][vc_column_text css=&#8221;.vc_custom_1681804601488{margin-top: 15px !important;}&#8221;]<\/p>\n<ul>\n<li>Professores e formadores de EFP (educa\u00e7\u00e3o e forma\u00e7\u00e3o profissional) em inclusive escolas\/organiza\u00e7\u00f5es para receberem ferramentas inovadoras para ensino e forma\u00e7\u00e3o online adaptados a alunos com necessidades\/desvantagens especiais e adequadas a diferentes dom\u00ednios de forma\u00e7\u00e3o.<\/li>\n<li>Alunos de EFP, estagi\u00e1rios, aprendizes adultos com baixas compet\u00eancias digitais para utilizar instrumentos de ensino\/forma\u00e7\u00e3o online.<\/li>\n<\/ul>\n<p>[\/vc_column_text][vc_row_inner row_inner_height_percent=&#8221;0&#8243; overlay_alpha=&#8221;50&#8243; gutter_size=&#8221;3&#8243; shift_y=&#8221;0&#8243; z_index=&#8221;0&#8243; el_id=&#8221;ing&#8221;][vc_column_inner column_width_percent=&#8221;100&#8243; gutter_size=&#8221;3&#8243; overlay_alpha=&#8221;50&#8243; shift_x=&#8221;0&#8243; shift_y=&#8221;0&#8243; z_index=&#8221;0&#8243; medium_width=&#8221;0&#8243; mobile_width=&#8221;0&#8243; width=&#8221;1\/1&#8243;][vc_separator][\/vc_column_inner][\/vc_row_inner][vc_custom_heading heading_semantic=&#8221;h5&#8243; text_size=&#8221;h3&#8243; text_align=&#8221;text-center&#8221; text_serif=&#8221;yes&#8221;]<strong>Objetivos<\/strong>[\/vc_custom_heading][vc_column_text css=&#8221;.vc_custom_1681804685571{margin-top: 15px !important;}&#8221;]O objetivo geral deste projeto centra-se na promo\u00e7\u00e3o de uma integra\u00e7\u00e3o dos alunos e estagi\u00e1rios na nova sociedade digital, com solu\u00e7\u00f5es para professores\/formadores.<\/p>\n<p>A educa\u00e7\u00e3o remota vivenciada em cada escola durante a crise da Covid aumentou as desigualdades entre alunos com diferentes necessidades e origens educacionais.<\/p>\n<p><strong>Objetivos espec\u00edficos:<br \/>\n<\/strong>Aumentar o n\u00famero de professores de EFP e aprendizes de organiza\u00e7\u00f5es parceiras na participa\u00e7\u00e3o em controlo remoto internacional ensino\/forma\u00e7\u00e3o atrav\u00e9s da melhoria de ofertas de forma\u00e7\u00e3o, e utiliza\u00e7\u00e3o de apoio digital integrador da aprendizagem em equipa.<\/p>\n<p>Diminuir o n\u00famero de alunos de escolas parceiras em risco de abandono escolar com baixo n\u00edvel de compet\u00eancias e exclus\u00e3o social por oferecer-lhes li\u00e7\u00f5es de remedia\u00e7\u00e3o \u00e0 medida, aumentar as suas compet\u00eancias digitais atrav\u00e9s da utiliza\u00e7\u00e3o de m\u00e9todos de forma\u00e7\u00e3o inovadores baseados em aprendizagem em equipa.<\/p>\n<p>Aumentar a dimens\u00e3o internacional da escolas participantes, acrescentando escolas acess\u00edveis e cursos\/m\u00f3dulos digitais transfer\u00edveis nos seus curr\u00edculos, e dar solu\u00e7\u00f5es para o m\u00fatuo reconhecimento de compet\u00eancias adquiridas em contextos internacionais.[\/vc_column_text][vc_row_inner row_inner_height_percent=&#8221;0&#8243; overlay_alpha=&#8221;50&#8243; gutter_size=&#8221;3&#8243; shift_y=&#8221;0&#8243; z_index=&#8221;0&#8243; el_id=&#8221;ing&#8221;][vc_column_inner column_width_percent=&#8221;100&#8243; gutter_size=&#8221;3&#8243; overlay_alpha=&#8221;50&#8243; shift_x=&#8221;0&#8243; shift_y=&#8221;0&#8243; z_index=&#8221;0&#8243; medium_width=&#8221;0&#8243; mobile_width=&#8221;0&#8243; width=&#8221;1\/1&#8243;][vc_separator][\/vc_column_inner][\/vc_row_inner][vc_custom_heading heading_semantic=&#8221;h5&#8243; text_size=&#8221;h3&#8243; text_align=&#8221;text-center&#8221; text_serif=&#8221;yes&#8221;]<strong>Atividades<\/strong>[\/vc_custom_heading][vc_column_text css=&#8221;.vc_custom_1681804756486{margin-top: 15px !important;}&#8221;]O projeto comtempla 4 reuni\u00f5es transnacionais, para realiza\u00e7\u00e3o e discuss\u00e3o dos seguintes resultados do projeto.<br \/>\nOs eventos multiplicadores que ser\u00e3o realizados na fase final do projeto.[\/vc_column_text][vc_custom_heading heading_semantic=&#8221;h5&#8243; text_size=&#8221;h3&#8243; text_align=&#8221;text-center&#8221; text_serif=&#8221;yes&#8221;]<strong>Resultados &#8211; Produtos<\/strong>[\/vc_custom_heading][vc_column_text css=&#8221;.vc_custom_1681804875247{margin-top: 15px !important;}&#8221;]<\/p>\n<ol>\n<li><strong>Plataforma de aprendizagem Digit+<\/strong> com o objetivo de diversificar as ofertas de forma\u00e7\u00e3o e para as tornar acess\u00edveis em situa\u00e7\u00f5es como o Covid.<\/li>\n<li><strong>Guia para a cria\u00e7\u00e3o e utiliza\u00e7\u00e3o de instrumentos de aprendizagem digital dedicados aos professores\/formadores\/investigadores<\/strong> O objetivo geral do curso \u00e9 formar alunos desfavorecidos que enfrentam barreiras econ\u00f3micas, culturais, educacionais e sociais, por exemplo, aqueles com origem migrante, em compet\u00eancias digitais b\u00e1sicas, a fim de facilitar a sua aprendizagem e integra\u00e7\u00e3o.<\/li>\n<li><strong>Curso: M\u00f3dulo de forma\u00e7\u00e3o inicial para alunos <\/strong>que lhes permite adquirir compet\u00eancias b\u00e1sicas para a utiliza\u00e7\u00e3o de instrumentos de aprendizagem digitais &#8211; etapa 1.<\/li>\n<li><strong>Curso:<\/strong> <strong>M\u00f3dulo de forma\u00e7\u00e3o avan\u00e7ada para aprendizagem digital<\/strong> dedicado aos alunos com manual intuitivo passo a passo para acesso a plataformas de ensino e comunica\u00e7\u00e3o online, recursos de aprendizagem e instrumentos &#8211; passo 2.<\/li>\n<li><strong>Rede de suporte aconselhamento e orienta\u00e7\u00e3o internacional<\/strong> a professores\/formadores que sustentam a Educa\u00e7\u00e3o digital &#8211; Plataforma de liga\u00e7\u00e3o, coopera\u00e7\u00e3o, aconselhamento e know-how partilha.<\/li>\n<li><strong>Metodologia e recomenda\u00e7\u00f5es<\/strong> como para ensinar online com foco na gest\u00e3o emocional para n\u00e3o ter um esgotamento por causa de ensino\/aprendizagem \u00e0 dist\u00e2ncia.<\/li>\n<li><strong>Guia para a cria\u00e7\u00e3o de m\u00f3dulos\/cursos\/unidades de aprendizagem transfer\u00edveis,<\/strong> integra\u00e7\u00e3o de resultados de aprendizagem do estrangeiro ou experi\u00eancias de aprendizagem \u00e0 dist\u00e2ncia no caminho principal, internacionaliza\u00e7\u00e3o de escolas de EFP.<\/li>\n<\/ol>\n<p>[\/vc_column_text][vc_row_inner row_inner_height_percent=&#8221;0&#8243; overlay_alpha=&#8221;50&#8243; gutter_size=&#8221;3&#8243; shift_y=&#8221;0&#8243; z_index=&#8221;0&#8243; el_id=&#8221;ing&#8221;][vc_column_inner column_width_percent=&#8221;100&#8243; gutter_size=&#8221;3&#8243; overlay_alpha=&#8221;50&#8243; shift_x=&#8221;0&#8243; shift_y=&#8221;0&#8243; z_index=&#8221;0&#8243; medium_width=&#8221;0&#8243; mobile_width=&#8221;0&#8243; width=&#8221;1\/1&#8243;][vc_separator][\/vc_column_inner][\/vc_row_inner][vc_custom_heading heading_semantic=&#8221;h5&#8243; text_size=&#8221;h3&#8243; text_align=&#8221;text-center&#8221; text_serif=&#8221;yes&#8221;]<strong>Parceria<\/strong>[\/vc_custom_heading][vc_column_text css=&#8221;.vc_custom_1681804999168{margin-top: 15px !important;}&#8221;]<\/p>\n<ul>\n<li>ASOCIATIA PENTRU STIINTA , CULTURA , ECOLOGIE ,TINERET \u0219i INTEGRARE SOCIALA | Romania<\/li>\n<li>SABA | The Republic of North Macedonia<\/li>\n<li>EESTI PEOPLE TO PEOPLE | Estonia<\/li>\n<li>Hello Computer SRL | Romania<\/li>\n<li>Stowarzyszenie &#8220;VESUVIO&#8221;, Poland<\/li>\n<li>COLEGIUL TEHNIC GHEORGHE CARTIANU | Romania<\/li>\n<li>M&amp;M Profuture Training, S.L. | Spain<\/li>\n<li>EPRALIMA &#8211; ESCOLA PROFISSIONAL DO ALTO LIMA, C.I.P.R.L. | Portugal<\/li>\n<li>Kocaeli Kulturel Gelisim ve Dayanisma Dernegi | Turkey<\/li>\n<li>Karaba\u011flar Atat\u00fcrk Mesleki ve Teknik Anadolu Lisesi | Turkey<\/li>\n<\/ul>\n<p>[\/vc_column_text][vc_row_inner row_inner_height_percent=&#8221;0&#8243; overlay_alpha=&#8221;50&#8243; gutter_size=&#8221;3&#8243; shift_y=&#8221;0&#8243; z_index=&#8221;0&#8243; el_id=&#8221;ing&#8221;][vc_column_inner column_width_percent=&#8221;100&#8243; gutter_size=&#8221;3&#8243; overlay_alpha=&#8221;50&#8243; shift_x=&#8221;0&#8243; shift_y=&#8221;0&#8243; z_index=&#8221;0&#8243; medium_width=&#8221;0&#8243; mobile_width=&#8221;0&#8243; width=&#8221;1\/1&#8243;][vc_separator][\/vc_column_inner][\/vc_row_inner][vc_custom_heading heading_semantic=&#8221;h5&#8243; text_size=&#8221;h3&#8243; text_align=&#8221;text-center&#8221; text_serif=&#8221;yes&#8221; el_class=&#8221;info&#8221;]<strong>Mais Informa\u00e7\u00f5es<\/strong>[\/vc_custom_heading][vc_column_text css=&#8221;.vc_custom_1681805016685{margin-top: 15px !important;}&#8221;]www.epralima.pt[\/vc_column_text][\/vc_column][\/vc_row]<\/p>\n<\/div>","protected":false},"excerpt":{"rendered":"<p>O projeto Digit+ re\u00fane 10 parceiros com o interesse comum de apoiar os alunos e estagi\u00e1rios, para melhorar a sua integra\u00e7\u00e3o na nova sociedade digital.<\/p>\n","protected":false},"author":3,"featured_media":92516,"parent":0,"menu_order":0,"comment_status":"open","ping_status":"open","template":"","meta":{"_acf_changed":false,"om_disable_all_campaigns":false,"_monsterinsights_skip_tracking":false,"_monsterinsights_sitenote_active":false,"_monsterinsights_sitenote_note":"","_monsterinsights_sitenote_category":0,"_uf_show_specific_survey":0,"_uf_disable_surveys":false,"footnotes":""},"portfolio_category":[120],"class_list":["post-92515","portfolio","type-portfolio","status-publish","has-post-thumbnail","hentry","portfolio_category-projetos-internacionais"],"acf":[],"aioseo_notices":[],"_links":{"self":[{"href":"https:\/\/www.epralima.com\/website\/wp-json\/wp\/v2\/portfolio\/92515","targetHints":{"allow":["GET"]}}],"collection":[{"href":"https:\/\/www.epralima.com\/website\/wp-json\/wp\/v2\/portfolio"}],"about":[{"href":"https:\/\/www.epralima.com\/website\/wp-json\/wp\/v2\/types\/portfolio"}],"author":[{"embeddable":true,"href":"https:\/\/www.epralima.com\/website\/wp-json\/wp\/v2\/users\/3"}],"replies":[{"embeddable":true,"href":"https:\/\/www.epralima.com\/website\/wp-json\/wp\/v2\/comments?post=92515"}],"version-history":[{"count":1,"href":"https:\/\/www.epralima.com\/website\/wp-json\/wp\/v2\/portfolio\/92515\/revisions"}],"predecessor-version":[{"id":92517,"href":"https:\/\/www.epralima.com\/website\/wp-json\/wp\/v2\/portfolio\/92515\/revisions\/92517"}],"wp:featuredmedia":[{"embeddable":true,"href":"https:\/\/www.epralima.com\/website\/wp-json\/wp\/v2\/media\/92516"}],"wp:attachment":[{"href":"https:\/\/www.epralima.com\/website\/wp-json\/wp\/v2\/media?parent=92515"}],"wp:term":[{"taxonomy":"portfolio_category","embeddable":true,"href":"https:\/\/www.epralima.com\/website\/wp-json\/wp\/v2\/portfolio_category?post=92515"}],"curies":[{"name":"wp","href":"https:\/\/api.w.org\/{rel}","templated":true}]}}