{"id":92284,"date":"2023-10-11T17:39:48","date_gmt":"2023-10-11T17:39:48","guid":{"rendered":"https:\/\/www.epralima.com\/website\/?post_type=portfolio&#038;p=92284"},"modified":"2023-10-11T17:40:01","modified_gmt":"2023-10-11T17:40:01","slug":"big-internprize","status":"publish","type":"portfolio","link":"https:\/\/www.epralima.com\/website\/portfolio\/big-internprize\/","title":{"rendered":"BIG InternPrize"},"content":{"rendered":"<div class=\"wpb-content-wrapper\"><p>[vc_row row_height_percent=&#8221;0&#8243; override_padding=&#8221;yes&#8221; h_padding=&#8221;0&#8243; top_padding=&#8221;3&#8243; bottom_padding=&#8221;3&#8243; overlay_alpha=&#8221;0&#8243; gutter_size=&#8221;100&#8243; shift_y=&#8221;0&#8243; style=&#8221;inherited&#8221;][vc_column column_width_percent=&#8221;100&#8243; position_horizontal=&#8221;left&#8221; gutter_size=&#8221;4&#8243; style=&#8221;light&#8221; overlay_alpha=&#8221;100&#8243; shift_x=&#8221;0&#8243; shift_y=&#8221;0&#8243; z_index=&#8221;0&#8243; medium_width=&#8221;0&#8243; zoom_width=&#8221;0&#8243; zoom_height=&#8221;0&#8243; width=&#8221;1\/1&#8243;][vc_gallery el_id=&#8221;gallery-749185&#8243; type=&#8221;carousel&#8221; medias=&#8221;89523&#8243; carousel_lg=&#8221;1&#8243; carousel_md=&#8221;1&#8243; carousel_sm=&#8221;1&#8243; thumb_size=&#8221;sixteen-nine&#8221; gutter_size=&#8221;0&#8243; media_items=&#8221;media|nolink|original,icon&#8221; carousel_type=&#8221;fade&#8221; carousel_interval=&#8221;5000&#8243; carousel_navspeed=&#8221;1000&#8243; carousel_loop=&#8221;yes&#8221; carousel_nav=&#8221;yes&#8221; carousel_dots=&#8221;yes&#8221; carousel_dots_inside=&#8221;yes&#8221; carousel_dot_padding=&#8221;2&#8243; stage_padding=&#8221;0&#8243; single_overlay_opacity=&#8221;50&#8243; single_overlay_anim=&#8221;no&#8221; single_text_anim=&#8221;no&#8221; single_image_anim=&#8221;no&#8221; single_padding=&#8221;2&#8243; single_border=&#8221;yes&#8221;][vc_custom_heading heading_semantic=&#8221;h5&#8243; text_size=&#8221;h3&#8243; text_align=&#8221;text-center&#8221; text_serif=&#8221;yes&#8221;]<strong>Descri\u00e7\u00e3o Geral do Projeto<\/strong>[\/vc_custom_heading][vc_column_text css=&#8221;.vc_custom_1618225783106{margin-top: 15px !important;}&#8221;]O BIG InternPrize (InternPrize: Business Ideas Generation) \u00e9 uma parceria estrat\u00e9gica para a Forma\u00e7\u00e3o Profissional entre 16 organiza\u00e7\u00f5es, incluindo Forma\u00e7\u00e3o Superior, Forma\u00e7\u00e3o Profissional, Educa\u00e7\u00e3o de Adultos e outros intervenientes na \u00e1rea da educa\u00e7\u00e3o para o empreendedorismo, experimenta\u00e7\u00e3o, pesquisa e inova\u00e7\u00e3o na educa\u00e7\u00e3o.[\/vc_column_text][vc_row_inner row_inner_height_percent=&#8221;0&#8243; overlay_alpha=&#8221;50&#8243; gutter_size=&#8221;3&#8243; shift_y=&#8221;0&#8243; z_index=&#8221;0&#8243; el_id=&#8221;ing&#8221;][vc_column_inner column_width_percent=&#8221;100&#8243; gutter_size=&#8221;3&#8243; overlay_alpha=&#8221;50&#8243; shift_x=&#8221;0&#8243; shift_y=&#8221;0&#8243; z_index=&#8221;0&#8243; medium_width=&#8221;0&#8243; mobile_width=&#8221;0&#8243; width=&#8221;1\/1&#8243;][vc_separator][\/vc_column_inner][\/vc_row_inner][vc_custom_heading heading_semantic=&#8221;h5&#8243; text_size=&#8221;h3&#8243; text_align=&#8221;text-center&#8221; text_serif=&#8221;yes&#8221;]<strong>Grupo-alvo<\/strong>[\/vc_custom_heading][vc_column_text css=&#8221;.vc_custom_1618225762640{margin-top: 15px !important;}&#8221;]Sob a lideran\u00e7a da Universidade Akdeniz de Ant\u00e1lia, o projeto visa:<\/p>\n<ul>\n<li>Envolver pelo menos 80 formadores, 120 estudantes e 32 empres\u00e1rios numa \u201cComunidade de Pr\u00e1tica\u201d, aproveitando a experi\u00eancia bem-sucedida e explorando a plataforma e ferramentas geradas nas duas parcerias estrat\u00e9gicas anteriores do E + KA2 para o Ensino e Forma\u00e7\u00e3o Profissional;<\/li>\n<li>Introduzir pesquisas sobre o Ensino e Forma\u00e7\u00e3o Profissional e publicar pelo menos 16 \u201cmini documentos\u201d sobre o potencial dos \u201cv\u00eddeos para telem\u00f3vel\u201d ao servi\u00e7o da aprendizagem como um complemento ou uma nova forma de Ensino e Forma\u00e7\u00e3o Profissional e como parte de uma estrat\u00e9gia para manter os alunos em risco exclus\u00e3o do sistema educativo, NEE\u2019s, alunos resistentes, relutantes e dif\u00edcil retorno ao sistema educativo, atrav\u00e9s do recurso aos conte\u00fados de \u201caprendizagem m\u00f3vel\u201d, flex\u00edvel e criativa.<\/li>\n<\/ul>\n<p>[\/vc_column_text][vc_row_inner row_inner_height_percent=&#8221;0&#8243; overlay_alpha=&#8221;50&#8243; gutter_size=&#8221;3&#8243; shift_y=&#8221;0&#8243; z_index=&#8221;0&#8243; el_id=&#8221;ing&#8221;][vc_column_inner column_width_percent=&#8221;100&#8243; gutter_size=&#8221;3&#8243; overlay_alpha=&#8221;50&#8243; shift_x=&#8221;0&#8243; shift_y=&#8221;0&#8243; z_index=&#8221;0&#8243; medium_width=&#8221;0&#8243; mobile_width=&#8221;0&#8243; width=&#8221;1\/1&#8243;][vc_separator][\/vc_column_inner][\/vc_row_inner][vc_custom_heading heading_semantic=&#8221;h5&#8243; text_size=&#8221;h3&#8243; text_align=&#8221;text-center&#8221; text_serif=&#8221;yes&#8221;]<strong>Atividades<\/strong>[\/vc_custom_heading][vc_column_text css=&#8221;.vc_custom_1618225728248{margin-top: 15px !important;}&#8221;]<\/p>\n<ul>\n<li>Publica\u00e7\u00e3o de um documento sobre a posi\u00e7\u00e3o comum quanto ao potencial da &#8220;aprendizagem m\u00f3vel&#8221; chamado &#8220;Ensino e Forma\u00e7\u00e3o Profissional para conectados, desconectados e descontentes.&#8221;<\/li>\n<li>Criar uma nova tend\u00eancia (em estilo e conte\u00fado) na educa\u00e7\u00e3o profissional do presente e futuro para formadores em orienta\u00e7\u00e3o, cultivo e apoio \u00e0 gera\u00e7\u00e3o de indiv\u00edduos criativos e inovadores ou ideias de neg\u00f3cios conjuntas de estudantes do Ensino e Forma\u00e7\u00e3o Profissional de v\u00e1rias disciplinas;<\/li>\n<li>Criar pelo menos 30 v\u00eddeos de aulas de tamanho reduzido, sobre a cria\u00e7\u00e3o e apresenta\u00e7\u00e3o de pe\u00e7as criativas e ideias inovadoras de neg\u00f3cios para formadores e estudantes de Ensino e Forma\u00e7\u00e3o Profissional (e profissionais\/empres\u00e1rios) de qualquer setor e utiliz\u00e1-los numa ampla experi\u00eancia monitorada de parceria para ajudar a entender os benef\u00edcios e potencial da metodologia de \u201caprendizagem m\u00f3vel\u201d;<\/li>\n<li>Criar um portef\u00f3lio de pelo menos 80 ideias de neg\u00f3cios criativas e inovadoras, individuais ou conjuntas, produzidas por estudantes com orienta\u00e7\u00e3o e apoio de formadores de Ensino e Forma\u00e7\u00e3o Profissional e posterior avalia\u00e7\u00e3o pelos empres\u00e1rios;<\/li>\n<li>Realizar um evento p\u00fablico de forma\u00e7\u00e3o, no qual estudantes de todas as entidades envolvidas nos sistemas de educa\u00e7\u00e3o e forma\u00e7\u00e3o parceiras v\u00e3o apresentar as suas ideias de neg\u00f3cio a empreendedores numa atividade presencial, como parte de uma \u201csess\u00e3o de forma\u00e7\u00e3o\u201d de uma conhecida \u201cstart-up\u201d.<\/li>\n<\/ul>\n<p>[\/vc_column_text][vc_row_inner row_inner_height_percent=&#8221;0&#8243; overlay_alpha=&#8221;50&#8243; gutter_size=&#8221;3&#8243; shift_y=&#8221;0&#8243; z_index=&#8221;0&#8243; el_id=&#8221;ing&#8221;][vc_column_inner column_width_percent=&#8221;100&#8243; gutter_size=&#8221;3&#8243; overlay_alpha=&#8221;50&#8243; shift_x=&#8221;0&#8243; shift_y=&#8221;0&#8243; z_index=&#8221;0&#8243; medium_width=&#8221;0&#8243; mobile_width=&#8221;0&#8243; width=&#8221;1\/1&#8243;][vc_separator][\/vc_column_inner][\/vc_row_inner][vc_custom_heading heading_semantic=&#8221;h5&#8243; text_size=&#8221;h3&#8243; text_align=&#8221;text-center&#8221; text_serif=&#8221;yes&#8221;]<strong>Resultados &#8211; Produtos<\/strong>[\/vc_custom_heading][vc_column_text css=&#8221;.vc_custom_1618225696603{margin-top: 15px !important;}&#8221;]A proposta foi elaborada ap\u00f3s ampla consulta e pesquisa, em parceria, dentro do cons\u00f3rcio que demonstrou a necessidade de o Ensino e Forma\u00e7\u00e3o Profissional se tornar um setor educacional que \u00e9 um participante ativo no \u00e2mbito local, regional, na economia nacional e europeia. Os parceiros criaram o \u201cBIG InternPrize\u201d com a premissa de que o Ensino profissional n\u00e3o deve ser uma forma alternativa de educa\u00e7\u00e3o para estudantes que n\u00e3o desejam prosseguir uma carreira acad\u00e9mica.<\/p>\n<p>Pelo contr\u00e1rio, \u00e9 o setor da educa\u00e7\u00e3o que pode melhorar o capital do conhecimento, abrindo rela\u00e7\u00f5es mais pr\u00f3ximas, mais criativas e construtivas com a ind\u00fastria e demais atividades econ\u00f3micas. Pode ser o setor educacional capaz atrair as pessoas que n\u00e3o est\u00e3o inseridas em nenhum processo educativo e profissional para o Ensino e Forma\u00e7\u00e3o Profissional, como forma de voltar ao sistema educativo ou como forma de desenvolvimento profissional ao longo da vida. Dessa forma, o \u201cBIG InternPrize: Call 2019 Round 1 KA2 &#8211; Coopera\u00e7\u00e3o para a inova\u00e7\u00e3o e o interc\u00e2mbio de boas pr\u00e1ticas KA202 &#8211; Parcerias estrat\u00e9gicas para educa\u00e7\u00e3o e forma\u00e7\u00e3o profissional\u201d, procurar\u00e1 promover a investiga\u00e7\u00e3o e inova\u00e7\u00e3o no Ensino e Forma\u00e7\u00e3o Profissional, tornando-o mais relevante na vida dos jovens, na economia e na comunidade ao seu redor, procurando iniciar novas tend\u00eancias no ensino e forma\u00e7\u00e3o profissional, tanto no desenvolvimento profissional de formadores como na educa\u00e7\u00e3o profissional e pessoal de estudantes, procurando provocar mudan\u00e7as e inova\u00e7\u00f5es positivas, mais qualidade do capital do conhecimento e maior coes\u00e3o.<\/p>\n<p>Haver\u00e1 uma forte dissemina\u00e7\u00e3o na comunidade em torno do projeto ao longo da sua vida \u00fatil, o que, constitui um amplo esfor\u00e7o de parceria para, quanto poss\u00edvel, trazer os resultados e benef\u00edcios do projeto para os potenciais benefici\u00e1rios. Na segunda metade do projeto, isso se transformar\u00e1 numa estrat\u00e9gia estruturada para levar a parceria e a inova\u00e7\u00e3o iniciada neste projeto para al\u00e9m da parceria e da vida \u00fatil do projeto.[\/vc_column_text][vc_row_inner row_inner_height_percent=&#8221;0&#8243; overlay_alpha=&#8221;50&#8243; gutter_size=&#8221;3&#8243; shift_y=&#8221;0&#8243; z_index=&#8221;0&#8243; el_id=&#8221;ing&#8221;][vc_column_inner column_width_percent=&#8221;100&#8243; gutter_size=&#8221;3&#8243; overlay_alpha=&#8221;50&#8243; shift_x=&#8221;0&#8243; shift_y=&#8221;0&#8243; z_index=&#8221;0&#8243; medium_width=&#8221;0&#8243; mobile_width=&#8221;0&#8243; width=&#8221;1\/1&#8243;][vc_separator][\/vc_column_inner][\/vc_row_inner][vc_custom_heading heading_semantic=&#8221;h5&#8243; text_size=&#8221;h3&#8243; text_align=&#8221;text-center&#8221; text_serif=&#8221;yes&#8221;]<strong>Parceria<\/strong>[\/vc_custom_heading][vc_column_text css=&#8221;.vc_custom_1618225669859{margin-top: 15px !important;}&#8221;]<\/p>\n<ul>\n<li>Akdeniz University, (Antalya, Turquia)<\/li>\n<li>School of Business Competences Ltd. (Sofia, Bulg\u00e1ria)<\/li>\n<li>\u015eehit Hasan \u00d6nal Vocational and Technical Anatolian High School (ESK\u0130\u015eEH\u0130R, Turquia)<\/li>\n<li>VisMedNet Association (Swieqi, Malta)<\/li>\n<li>WorldSkills Romania Foundation (Bucharest, Rom\u00e9nia)<\/li>\n<li>Institute of Entrepreneurship Development (Larissa, Gr\u00e9cia)<\/li>\n<li>Associazione ValIda (Rome, It\u00e1lia)<\/li>\n<li>AKMI SA (Athens, Gr\u00e9cia)<\/li>\n<li>CIPFP Misericordia (Valencia, Espanha)<\/li>\n<li>EPRALIMA \u2013 Escola Profissional do Alto Lima, CIPRL (Arcos de Valdevez, Portugal)<\/li>\n<li>Instituto Polit\u00e9cnico do Porto (Porto, Portugal)<\/li>\n<li>Momentum Marketing Services (Leitrim, Irlanda)<\/li>\n<li>Technikum Informatyki Edukacji Innowacyjnej-IT Secondary School of Innovative Education &#8211; (Lodz, Pol\u00f3nia)<\/li>\n<\/ul>\n<p>[\/vc_column_text][vc_row_inner row_inner_height_percent=&#8221;0&#8243; overlay_alpha=&#8221;50&#8243; gutter_size=&#8221;3&#8243; shift_y=&#8221;0&#8243; z_index=&#8221;0&#8243; el_id=&#8221;ing&#8221;][vc_column_inner column_width_percent=&#8221;100&#8243; gutter_size=&#8221;3&#8243; overlay_alpha=&#8221;50&#8243; shift_x=&#8221;0&#8243; shift_y=&#8221;0&#8243; z_index=&#8221;0&#8243; medium_width=&#8221;0&#8243; mobile_width=&#8221;0&#8243; width=&#8221;1\/1&#8243;][vc_separator][\/vc_column_inner][\/vc_row_inner][vc_custom_heading heading_semantic=&#8221;h5&#8243; text_size=&#8221;h3&#8243; text_align=&#8221;text-center&#8221; text_serif=&#8221;yes&#8221; el_class=&#8221;info&#8221;]<strong>Mais Informa\u00e7\u00f5es<\/strong>[\/vc_custom_heading][vc_column_text css=&#8221;.vc_custom_1621257934142{margin-top: 15px !important;}&#8221;]<a href=\"http:\/\/ideasgeneration.viscontiproject.eu\">http:\/\/www.ideasgeneration.viscontiproject.eu<\/a><\/p>\n<p><a href=\"http:\/\/www.facebook.com\/BusinessIdeasGeneration\">http:\/\/www.facebook.com\/BusinessIdeasGeneration<\/a>[\/vc_column_text][\/vc_column][\/vc_row]<\/p>\n<\/div>","protected":false},"excerpt":{"rendered":"<p>[vc_row row_height_percent=&#8221;0&#8243; override_padding=&#8221;yes&#8221; h_padding=&#8221;0&#8243; top_padding=&#8221;3&#8243; bottom_padding=&#8221;3&#8243; overlay_alpha=&#8221;0&#8243; gutter_size=&#8221;100&#8243; shift_y=&#8221;0&#8243; style=&#8221;inherited&#8221;][vc_column column_width_percent=&#8221;100&#8243; position_horizontal=&#8221;left&#8221; gutter_size=&#8221;4&#8243; style=&#8221;light&#8221; overlay_alpha=&#8221;100&#8243; shift_x=&#8221;0&#8243; shift_y=&#8221;0&#8243; z_index=&#8221;0&#8243; medium_width=&#8221;0&#8243; zoom_width=&#8221;0&#8243; [&hellip;]<\/p>\n","protected":false},"author":3,"featured_media":89523,"parent":0,"menu_order":0,"comment_status":"open","ping_status":"open","template":"","meta":{"_acf_changed":false,"om_disable_all_campaigns":false,"_monsterinsights_skip_tracking":false,"_monsterinsights_sitenote_active":false,"_monsterinsights_sitenote_note":"","_monsterinsights_sitenote_category":0,"_uf_show_specific_survey":0,"_uf_disable_surveys":false,"footnotes":""},"portfolio_category":[120],"class_list":["post-92284","portfolio","type-portfolio","status-publish","has-post-thumbnail","hentry","portfolio_category-projetos-internacionais"],"acf":[],"aioseo_notices":[],"_links":{"self":[{"href":"https:\/\/www.epralima.com\/website\/wp-json\/wp\/v2\/portfolio\/92284","targetHints":{"allow":["GET"]}}],"collection":[{"href":"https:\/\/www.epralima.com\/website\/wp-json\/wp\/v2\/portfolio"}],"about":[{"href":"https:\/\/www.epralima.com\/website\/wp-json\/wp\/v2\/types\/portfolio"}],"author":[{"embeddable":true,"href":"https:\/\/www.epralima.com\/website\/wp-json\/wp\/v2\/users\/3"}],"replies":[{"embeddable":true,"href":"https:\/\/www.epralima.com\/website\/wp-json\/wp\/v2\/comments?post=92284"}],"version-history":[{"count":1,"href":"https:\/\/www.epralima.com\/website\/wp-json\/wp\/v2\/portfolio\/92284\/revisions"}],"predecessor-version":[{"id":93186,"href":"https:\/\/www.epralima.com\/website\/wp-json\/wp\/v2\/portfolio\/92284\/revisions\/93186"}],"wp:featuredmedia":[{"embeddable":true,"href":"https:\/\/www.epralima.com\/website\/wp-json\/wp\/v2\/media\/89523"}],"wp:attachment":[{"href":"https:\/\/www.epralima.com\/website\/wp-json\/wp\/v2\/media?parent=92284"}],"wp:term":[{"taxonomy":"portfolio_category","embeddable":true,"href":"https:\/\/www.epralima.com\/website\/wp-json\/wp\/v2\/portfolio_category?post=92284"}],"curies":[{"name":"wp","href":"https:\/\/api.w.org\/{rel}","templated":true}]}}