{"id":91390,"date":"2021-12-21T18:48:20","date_gmt":"2021-12-21T18:48:20","guid":{"rendered":"https:\/\/www.epralima.com\/website\/?post_type=portfolio&#038;p=91390"},"modified":"2021-12-21T18:48:20","modified_gmt":"2021-12-21T18:48:20","slug":"carry-on-line","status":"publish","type":"portfolio","link":"https:\/\/www.epralima.com\/website\/portfolio\/carry-on-line\/","title":{"rendered":"Carry ON-Line"},"content":{"rendered":"<div class=\"wpb-content-wrapper\"><p>[vc_row row_height_percent=&#8221;0&#8243; override_padding=&#8221;yes&#8221; h_padding=&#8221;0&#8243; top_padding=&#8221;3&#8243; bottom_padding=&#8221;3&#8243; overlay_alpha=&#8221;0&#8243; gutter_size=&#8221;100&#8243; shift_y=&#8221;0&#8243; style=&#8221;inherited&#8221;][vc_column column_width_percent=&#8221;100&#8243; position_horizontal=&#8221;left&#8221; gutter_size=&#8221;4&#8243; style=&#8221;light&#8221; overlay_alpha=&#8221;100&#8243; shift_x=&#8221;0&#8243; shift_y=&#8221;0&#8243; z_index=&#8221;0&#8243; medium_width=&#8221;0&#8243; zoom_width=&#8221;0&#8243; zoom_height=&#8221;0&#8243; width=&#8221;1\/1&#8243;][vc_gallery el_id=&#8221;gallery-749185&#8243; type=&#8221;carousel&#8221; medias=&#8221;91391&#8243; carousel_lg=&#8221;1&#8243; carousel_md=&#8221;1&#8243; carousel_sm=&#8221;1&#8243; thumb_size=&#8221;sixteen-nine&#8221; gutter_size=&#8221;0&#8243; media_items=&#8221;media|nolink|original,icon&#8221; carousel_type=&#8221;fade&#8221; carousel_interval=&#8221;5000&#8243; carousel_navspeed=&#8221;1000&#8243; carousel_loop=&#8221;yes&#8221; carousel_nav=&#8221;yes&#8221; carousel_dots=&#8221;yes&#8221; carousel_dots_inside=&#8221;yes&#8221; carousel_dot_padding=&#8221;2&#8243; stage_padding=&#8221;0&#8243; single_overlay_opacity=&#8221;50&#8243; single_overlay_anim=&#8221;no&#8221; single_text_anim=&#8221;no&#8221; single_image_anim=&#8221;no&#8221; single_padding=&#8221;2&#8243; single_border=&#8221;yes&#8221;][vc_custom_heading heading_semantic=&#8221;h5&#8243; text_size=&#8221;h3&#8243; text_align=&#8221;text-center&#8221; text_serif=&#8221;yes&#8221;]<strong>Descri\u00e7\u00e3o Geral do Projeto<\/strong>[\/vc_custom_heading][vc_column_text css=&#8221;.vc_custom_1640111952369{margin-top: 15px !important;}&#8221;]A situa\u00e7\u00e3o gerada pelo Covid-19 teve um forte impacto sobre a popula\u00e7\u00e3o europeia e salientou a necessidade de trabalhar para melhorar as compet\u00eancias digitais e desenvolver a criatividade pensamento que permitir\u00e1 aos adultos e aos idosos aprender a aprender numa mudan\u00e7a e ambiente din\u00e2mico. Em todos os nossos pa\u00edses, detet\u00e1mos:<\/p>\n<p>&#8211; A digitaliza\u00e7\u00e3o da administra\u00e7\u00e3o p\u00fablica e das empresas privadas, que tem enfatizado a divis\u00e3o digital existente entre os maiores e os menores de 50 anos;<\/p>\n<p>&#8211; A falta de conhecimento de novas ferramentas digitais faz com que os adultos, principalmente os maiores de 50 anos, se sintam exclu\u00eddos do sistema porque n\u00e3o podem aceder a certos recursos, agora num formato digital, ao qual poderiam aceder atrav\u00e9s de modalidades presenciais e\/ou com o conhecimento que tinham;<\/p>\n<p>&#8211; As medidas de bloqueio e a falta de conhecimento das ferramentas digitais t\u00eam impedido muitas pessoas mais velhas de terem um contacto mais cont\u00ednuo e mais pr\u00f3ximo com as suas fam\u00edlias, levando a n\u00edveis mais elevados de solid\u00e3o, falta de nutri\u00e7\u00e3o emocional e sentimentos de ser desenraizado;<\/p>\n<p>&#8211; Muitos adultos t\u00eam tido muitas dificuldades em adaptar-se \u00e0s novas formas de trabalho que foram introduzidas durante o isolamento (teletrabalho);<\/p>\n<p>&#8211; Para al\u00e9m das possibilidades limitadas de encontrar um emprego devido ao baixo n\u00edvel de trabalho existente (ofertas no mercado de trabalho) os desempregados sem ou com baixo \u00edndice de compet\u00eancias digitais est\u00e3o a enfrentar dificuldades, uma vez que a procura de emprego \u00e9 principalmente feita online;<\/p>\n<p>&#8211; As pessoas que desejam reciclar-se no mercado de trabalho e procuram melhorar os seus conhecimentos e compet\u00eancias t\u00eam de fazer cursos atrav\u00e9s de plataformas de forma\u00e7\u00e3o online, e n\u00e3o havendo possibilidade de o fazer pessoalmente, \u00e9 necess\u00e1rio conhecimento digital pr\u00e9vio.[\/vc_column_text][vc_row_inner row_inner_height_percent=&#8221;0&#8243; overlay_alpha=&#8221;50&#8243; gutter_size=&#8221;3&#8243; shift_y=&#8221;0&#8243; z_index=&#8221;0&#8243; el_id=&#8221;ing&#8221;][vc_column_inner column_width_percent=&#8221;100&#8243; gutter_size=&#8221;3&#8243; overlay_alpha=&#8221;50&#8243; shift_x=&#8221;0&#8243; shift_y=&#8221;0&#8243; z_index=&#8221;0&#8243; medium_width=&#8221;0&#8243; mobile_width=&#8221;0&#8243; width=&#8221;1\/1&#8243;][vc_separator][\/vc_column_inner][\/vc_row_inner][vc_custom_heading heading_semantic=&#8221;h5&#8243; text_size=&#8221;h3&#8243; text_align=&#8221;text-center&#8221; text_serif=&#8221;yes&#8221;]<strong>Grupo-alvo<\/strong>[\/vc_custom_heading][vc_column_text css=&#8221;.vc_custom_1640111982957{margin-top: 15px !important;}&#8221;]<\/p>\n<ul>\n<li>Adultos com idade igual ou superior a 50 anos com dificuldades na utiliza\u00e7\u00e3o das ferramentas digitais.<\/li>\n<\/ul>\n<p>[\/vc_column_text][vc_row_inner row_inner_height_percent=&#8221;0&#8243; overlay_alpha=&#8221;50&#8243; gutter_size=&#8221;3&#8243; shift_y=&#8221;0&#8243; z_index=&#8221;0&#8243; el_id=&#8221;ing&#8221;][vc_column_inner column_width_percent=&#8221;100&#8243; gutter_size=&#8221;3&#8243; overlay_alpha=&#8221;50&#8243; shift_x=&#8221;0&#8243; shift_y=&#8221;0&#8243; z_index=&#8221;0&#8243; medium_width=&#8221;0&#8243; mobile_width=&#8221;0&#8243; width=&#8221;1\/1&#8243;][vc_separator][\/vc_column_inner][\/vc_row_inner][vc_custom_heading heading_semantic=&#8221;h5&#8243; text_size=&#8221;h3&#8243; text_align=&#8221;text-center&#8221; text_serif=&#8221;yes&#8221;]<strong>Atividades<\/strong>[\/vc_custom_heading][vc_column_text css=&#8221;.vc_custom_1640112099413{margin-top: 15px !important;}&#8221;]<\/p>\n<ul>\n<li>Atividades locais 1 \u2013 Identifica\u00e7\u00e3o de boas pr\u00e1ticas e ferramentas; Reuni\u00e3o com o p\u00fablico alvo em cada pa\u00eds; An\u00e1lise de necessidades de aprendizagem.<\/li>\n<li>Atividades locais 2 \u2013 Desenvolvimento das ferramentas educacionais online; Tradu\u00e7\u00e3o do material; Dissemina\u00e7\u00e3o e atividade de visibilidade; Curso de forma\u00e7\u00e3o online; Sele\u00e7\u00e3o de participantes.<\/li>\n<li>Atividades locais 3 \u2013 Avalia\u00e7\u00e3o com os participantes; Partilha de resultados atrav\u00e9s das ferramentas digitais; <em>e-Book<\/em> do projeto; V\u00eddeo do projeto; Atividade para apresenta\u00e7\u00e3o dos resultados do projeto.<\/li>\n<\/ul>\n<p>[\/vc_column_text][vc_row_inner row_inner_height_percent=&#8221;0&#8243; overlay_alpha=&#8221;50&#8243; gutter_size=&#8221;3&#8243; shift_y=&#8221;0&#8243; z_index=&#8221;0&#8243; el_id=&#8221;ing&#8221;][vc_column_inner column_width_percent=&#8221;100&#8243; gutter_size=&#8221;3&#8243; overlay_alpha=&#8221;50&#8243; shift_x=&#8221;0&#8243; shift_y=&#8221;0&#8243; z_index=&#8221;0&#8243; medium_width=&#8221;0&#8243; mobile_width=&#8221;0&#8243; width=&#8221;1\/1&#8243;][vc_separator][\/vc_column_inner][\/vc_row_inner][vc_custom_heading heading_semantic=&#8221;h5&#8243; text_size=&#8221;h3&#8243; text_align=&#8221;text-center&#8221; text_serif=&#8221;yes&#8221;]<strong>Objetivos<\/strong>[\/vc_custom_heading][vc_column_text css=&#8221;.vc_custom_1640112063666{margin-top: 15px !important;}&#8221;]Os principais objetivos do projeto s\u00e3o:<\/p>\n<ul>\n<li>Facilitar o acesso aos recursos e oportunidades oferecidos pelos setores p\u00fablicos e entidades privadas atrav\u00e9s de sistemas digitais online;<\/li>\n<li>Melhorar as aptid\u00f5es e compet\u00eancias digitais de adultos e seniores, a fim de contribuir para a sua empregabilidade;<\/li>\n<li>Desenvolver pensamento criativo nos adultos para lhes permitir aprender a aprender num ambiente din\u00e2mico e em mudan\u00e7a;<\/li>\n<li>Criar ferramentas educacionais para facilitar o desenvolvimento da criatividade e da aprendizagem e acesso da popula\u00e7\u00e3o adulta ao mundo digital;<\/li>\n<li>Refor\u00e7ar a rede internacional existente de organiza\u00e7\u00f5es ativas no dom\u00ednio da educa\u00e7\u00e3o de adultos que trabalham para o desenvolvimento pessoal e profissional da popula\u00e7\u00e3o atrav\u00e9s do interc\u00e2mbio e coopera\u00e7\u00e3o entre os pa\u00edses do Programa.<\/li>\n<\/ul>\n<p>[\/vc_column_text][vc_row_inner row_inner_height_percent=&#8221;0&#8243; overlay_alpha=&#8221;50&#8243; gutter_size=&#8221;3&#8243; shift_y=&#8221;0&#8243; z_index=&#8221;0&#8243; el_id=&#8221;ing&#8221;][vc_column_inner column_width_percent=&#8221;100&#8243; gutter_size=&#8221;3&#8243; overlay_alpha=&#8221;50&#8243; shift_x=&#8221;0&#8243; shift_y=&#8221;0&#8243; z_index=&#8221;0&#8243; medium_width=&#8221;0&#8243; mobile_width=&#8221;0&#8243; width=&#8221;1\/1&#8243;][vc_separator][\/vc_column_inner][\/vc_row_inner][vc_custom_heading heading_semantic=&#8221;h5&#8243; text_size=&#8221;h3&#8243; text_align=&#8221;text-center&#8221; text_serif=&#8221;yes&#8221;]<strong>Recursos Humanos<\/strong>[\/vc_custom_heading][vc_column_text css=&#8221;.vc_custom_1640112184305{margin-top: 15px !important;}&#8221;]<strong>Coordenador: <\/strong>Ana Filipa Lobo \u2013 filipalobo@epralima.pt<\/p>\n<p><strong>Respons\u00e1vel Pedag\u00f3gico: <\/strong>C\u00e2ndida Silva \u2013 candidasilva@epralima.pt<\/p>\n<p><strong>Respons\u00e1vel Financeiro: <\/strong>Maria Jo\u00e3o Vassalo \u2013 mariajoao@epralima.pt[\/vc_column_text][vc_row_inner row_inner_height_percent=&#8221;0&#8243; overlay_alpha=&#8221;50&#8243; gutter_size=&#8221;3&#8243; shift_y=&#8221;0&#8243; z_index=&#8221;0&#8243; el_id=&#8221;ing&#8221;][vc_column_inner column_width_percent=&#8221;100&#8243; gutter_size=&#8221;3&#8243; overlay_alpha=&#8221;50&#8243; shift_x=&#8221;0&#8243; shift_y=&#8221;0&#8243; z_index=&#8221;0&#8243; medium_width=&#8221;0&#8243; mobile_width=&#8221;0&#8243; width=&#8221;1\/1&#8243;][vc_separator][\/vc_column_inner][\/vc_row_inner][vc_custom_heading heading_semantic=&#8221;h5&#8243; text_size=&#8221;h3&#8243; text_align=&#8221;text-center&#8221; text_serif=&#8221;yes&#8221; el_class=&#8221;info&#8221;]<strong>Valor Aprovado<\/strong>[\/vc_custom_heading][vc_column_text css=&#8221;.vc_custom_1640112210808{margin-top: 15px !important;}&#8221;]6.750,00\u20ac[\/vc_column_text][\/vc_column][\/vc_row]<\/p>\n<\/div>","protected":false},"excerpt":{"rendered":"<p>A situa\u00e7\u00e3o gerada pelo Covid-19 teve um forte impacto sobre a popula\u00e7\u00e3o europeia e salientou a necessidade de trabalhar para melhorar as compet\u00eancias digitais e desenvolver a criatividade pensamento que permitir\u00e1 aos adultos e aos idosos aprender a aprender numa mudan\u00e7a e ambiente din\u00e2mico.<\/p>\n","protected":false},"author":3,"featured_media":91391,"parent":0,"menu_order":0,"comment_status":"open","ping_status":"open","template":"","meta":{"_acf_changed":false,"om_disable_all_campaigns":false,"_monsterinsights_skip_tracking":false,"_monsterinsights_sitenote_active":false,"_monsterinsights_sitenote_note":"","_monsterinsights_sitenote_category":0,"_uf_show_specific_survey":0,"_uf_disable_surveys":false,"footnotes":""},"portfolio_category":[120],"class_list":["post-91390","portfolio","type-portfolio","status-publish","has-post-thumbnail","hentry","portfolio_category-projetos-internacionais"],"acf":[],"aioseo_notices":[],"_links":{"self":[{"href":"https:\/\/www.epralima.com\/website\/wp-json\/wp\/v2\/portfolio\/91390","targetHints":{"allow":["GET"]}}],"collection":[{"href":"https:\/\/www.epralima.com\/website\/wp-json\/wp\/v2\/portfolio"}],"about":[{"href":"https:\/\/www.epralima.com\/website\/wp-json\/wp\/v2\/types\/portfolio"}],"author":[{"embeddable":true,"href":"https:\/\/www.epralima.com\/website\/wp-json\/wp\/v2\/users\/3"}],"replies":[{"embeddable":true,"href":"https:\/\/www.epralima.com\/website\/wp-json\/wp\/v2\/comments?post=91390"}],"version-history":[{"count":1,"href":"https:\/\/www.epralima.com\/website\/wp-json\/wp\/v2\/portfolio\/91390\/revisions"}],"predecessor-version":[{"id":91392,"href":"https:\/\/www.epralima.com\/website\/wp-json\/wp\/v2\/portfolio\/91390\/revisions\/91392"}],"wp:featuredmedia":[{"embeddable":true,"href":"https:\/\/www.epralima.com\/website\/wp-json\/wp\/v2\/media\/91391"}],"wp:attachment":[{"href":"https:\/\/www.epralima.com\/website\/wp-json\/wp\/v2\/media?parent=91390"}],"wp:term":[{"taxonomy":"portfolio_category","embeddable":true,"href":"https:\/\/www.epralima.com\/website\/wp-json\/wp\/v2\/portfolio_category?post=91390"}],"curies":[{"name":"wp","href":"https:\/\/api.w.org\/{rel}","templated":true}]}}