{"id":90613,"date":"2021-05-12T17:03:46","date_gmt":"2021-05-12T17:03:46","guid":{"rendered":"https:\/\/www.epralima.com\/website\/?post_type=portfolio&#038;p=90613"},"modified":"2021-05-12T17:06:23","modified_gmt":"2021-05-12T17:06:23","slug":"e-vet-enabling-teachers-to-be-creators-of-digital-education","status":"publish","type":"portfolio","link":"https:\/\/www.epralima.com\/website\/portfolio\/e-vet-enabling-teachers-to-be-creators-of-digital-education\/","title":{"rendered":"E-VET &#8211; Enabling teachers to be creators of digital education"},"content":{"rendered":"<div class=\"wpb-content-wrapper\"><p>[vc_row row_height_percent=&#8221;0&#8243; override_padding=&#8221;yes&#8221; h_padding=&#8221;0&#8243; top_padding=&#8221;3&#8243; bottom_padding=&#8221;3&#8243; overlay_alpha=&#8221;0&#8243; gutter_size=&#8221;100&#8243; shift_y=&#8221;0&#8243; style=&#8221;inherited&#8221;][vc_column column_width_percent=&#8221;100&#8243; position_horizontal=&#8221;left&#8221; gutter_size=&#8221;4&#8243; style=&#8221;light&#8221; overlay_alpha=&#8221;100&#8243; shift_x=&#8221;0&#8243; shift_y=&#8221;0&#8243; z_index=&#8221;0&#8243; medium_width=&#8221;0&#8243; zoom_width=&#8221;0&#8243; zoom_height=&#8221;0&#8243; width=&#8221;1\/1&#8243;][vc_gallery el_id=&#8221;gallery-749185&#8243; type=&#8221;carousel&#8221; medias=&#8221;89626&#8243; carousel_lg=&#8221;1&#8243; carousel_md=&#8221;1&#8243; carousel_sm=&#8221;1&#8243; thumb_size=&#8221;sixteen-nine&#8221; gutter_size=&#8221;0&#8243; media_items=&#8221;media|nolink|original,icon&#8221; carousel_type=&#8221;fade&#8221; carousel_interval=&#8221;5000&#8243; carousel_navspeed=&#8221;1000&#8243; carousel_loop=&#8221;yes&#8221; carousel_nav=&#8221;yes&#8221; carousel_dots=&#8221;yes&#8221; carousel_dots_inside=&#8221;yes&#8221; carousel_dot_padding=&#8221;2&#8243; stage_padding=&#8221;0&#8243; single_overlay_opacity=&#8221;50&#8243; single_overlay_anim=&#8221;no&#8221; single_text_anim=&#8221;no&#8221; single_image_anim=&#8221;no&#8221; single_padding=&#8221;2&#8243; single_border=&#8221;yes&#8221;][vc_custom_heading heading_semantic=&#8221;h5&#8243; text_size=&#8221;h3&#8243; text_align=&#8221;text-center&#8221; text_serif=&#8221;yes&#8221;]<strong>Descri\u00e7\u00e3o Geral do Projeto<\/strong>[\/vc_custom_heading][vc_column_text css=&#8221;.vc_custom_1620836784523{margin-top: 15px !important;}&#8221;]O projeto e-VET procura estabelecer uma parceria transnacional centrada nas necessidades dos prestadores de EFP, tendo em vista a transforma\u00e7\u00e3o digital do sector educativo. Os parceiros do projeto investigar\u00e3o e analisar\u00e3o as solu\u00e7\u00f5es, metodologias e t\u00e9cnicas de forma\u00e7\u00e3o digital existentes para o ensino \u00e0 dist\u00e2ncia, a fim de identificar as que s\u00e3o facilmente adapt\u00e1veis e transfer\u00edveis para diferentes programas de forma\u00e7\u00e3o de EFP. Todos os resultados ser\u00e3o compilados nas Diretrizes para a Presta\u00e7\u00e3o de Ensino \u00e0 Dist\u00e2ncia no Ensino e Forma\u00e7\u00e3o Profissional.<\/p>\n<p>O projeto contribui para a situa\u00e7\u00e3o do Covid-19, melhorando as compet\u00eancias digitais dos professores de EFP n\u00e3o s\u00f3 para utilizar as tecnologias mais avan\u00e7adas, mas tamb\u00e9m os encorajar a serem criadores de conte\u00fados digitais que satisfa\u00e7am os melhores requisitos educacionais e pedag\u00f3gicos.<\/p>\n<p>A parceria do projeto procura criar os chamados resultados suaves &#8211; desenvolvimento de compet\u00eancias e orienta\u00e7\u00f5es digitais, que poder\u00e3o tornar-se um recurso valioso da institui\u00e7\u00e3o de ensino e, a longo prazo, garantir um ensino e aprendizagem de qualidade e inclusivos em v\u00e1rias situa\u00e7\u00f5es, por exemplo, aprendizagem \u00e0 dist\u00e2ncia devido a v\u00e1rias raz\u00f5es, tais como quarentena, doen\u00e7a, mobilidade Erasmus, revis\u00e3o, aprendizagem.[\/vc_column_text][vc_row_inner row_inner_height_percent=&#8221;0&#8243; overlay_alpha=&#8221;50&#8243; gutter_size=&#8221;3&#8243; shift_y=&#8221;0&#8243; z_index=&#8221;0&#8243; el_id=&#8221;ing&#8221;][vc_column_inner column_width_percent=&#8221;100&#8243; gutter_size=&#8221;3&#8243; overlay_alpha=&#8221;50&#8243; shift_x=&#8221;0&#8243; shift_y=&#8221;0&#8243; z_index=&#8221;0&#8243; medium_width=&#8221;0&#8243; mobile_width=&#8221;0&#8243; width=&#8221;1\/1&#8243;][vc_separator][\/vc_column_inner][\/vc_row_inner][vc_custom_heading heading_semantic=&#8221;h5&#8243; text_size=&#8221;h3&#8243; text_align=&#8221;text-center&#8221; text_serif=&#8221;yes&#8221;]<strong>Grupo-alvo<\/strong>[\/vc_custom_heading][vc_column_text css=&#8221;.vc_custom_1620837175996{margin-top: 15px !important;}&#8221;]<\/p>\n<ul>\n<li>Professores e formadores EFP;<\/li>\n<li>Alunos EFP;<\/li>\n<li>Prestadores de EFP;<\/li>\n<li>Intervenientes (empregados, associa\u00e7\u00f5es, c\u00e2maras);<\/li>\n<\/ul>\n<p>[\/vc_column_text][vc_row_inner row_inner_height_percent=&#8221;0&#8243; overlay_alpha=&#8221;50&#8243; gutter_size=&#8221;3&#8243; shift_y=&#8221;0&#8243; z_index=&#8221;0&#8243; el_id=&#8221;ing&#8221;][vc_column_inner column_width_percent=&#8221;100&#8243; gutter_size=&#8221;3&#8243; overlay_alpha=&#8221;50&#8243; shift_x=&#8221;0&#8243; shift_y=&#8221;0&#8243; z_index=&#8221;0&#8243; medium_width=&#8221;0&#8243; mobile_width=&#8221;0&#8243; width=&#8221;1\/1&#8243;][vc_separator][\/vc_column_inner][\/vc_row_inner][vc_custom_heading heading_semantic=&#8221;h5&#8243; text_size=&#8221;h3&#8243; text_align=&#8221;text-center&#8221; text_serif=&#8221;yes&#8221;]<strong>Atividades<\/strong>[\/vc_custom_heading][vc_column_text css=&#8221;.vc_custom_1618225728248{margin-top: 15px !important;}&#8221;]<\/p>\n<ul>\n<li>Publica\u00e7\u00e3o de um documento sobre a posi\u00e7\u00e3o comum quanto ao potencial da &#8220;aprendizagem m\u00f3vel&#8221; chamado &#8220;Ensino e Forma\u00e7\u00e3o Profissional para conectados, desconectados e descontentes.&#8221;<\/li>\n<li>Criar uma nova tend\u00eancia (em estilo e conte\u00fado) na educa\u00e7\u00e3o profissional do presente e futuro para formadores em orienta\u00e7\u00e3o, cultivo e apoio \u00e0 gera\u00e7\u00e3o de indiv\u00edduos criativos e inovadores ou ideias de neg\u00f3cios conjuntas de estudantes do Ensino e Forma\u00e7\u00e3o Profissional de v\u00e1rias disciplinas;<\/li>\n<li>Criar pelo menos 30 v\u00eddeos de aulas de tamanho reduzido, sobre a cria\u00e7\u00e3o e apresenta\u00e7\u00e3o de pe\u00e7as criativas e ideias inovadoras de neg\u00f3cios para formadores e estudantes de Ensino e Forma\u00e7\u00e3o Profissional (e profissionais\/empres\u00e1rios) de qualquer setor e utiliz\u00e1-los numa ampla experi\u00eancia monitorada de parceria para ajudar a entender os benef\u00edcios e potencial da metodologia de \u201caprendizagem m\u00f3vel\u201d;<\/li>\n<li>Criar um portef\u00f3lio de pelo menos 80 ideias de neg\u00f3cios criativas e inovadoras, individuais ou conjuntas, produzidas por estudantes com orienta\u00e7\u00e3o e apoio de formadores de Ensino e Forma\u00e7\u00e3o Profissional e posterior avalia\u00e7\u00e3o pelos empres\u00e1rios;<\/li>\n<li>Realizar um evento p\u00fablico de forma\u00e7\u00e3o, no qual estudantes de todas as entidades envolvidas nos sistemas de educa\u00e7\u00e3o e forma\u00e7\u00e3o parceiras v\u00e3o apresentar as suas ideias de neg\u00f3cio a empreendedores numa atividade presencial, como parte de uma \u201csess\u00e3o de forma\u00e7\u00e3o\u201d de uma conhecida \u201cstart-up\u201d.<\/li>\n<\/ul>\n<p>[\/vc_column_text][vc_row_inner row_inner_height_percent=&#8221;0&#8243; overlay_alpha=&#8221;50&#8243; gutter_size=&#8221;3&#8243; shift_y=&#8221;0&#8243; z_index=&#8221;0&#8243; el_id=&#8221;ing&#8221;][vc_column_inner column_width_percent=&#8221;100&#8243; gutter_size=&#8221;3&#8243; overlay_alpha=&#8221;50&#8243; shift_x=&#8221;0&#8243; shift_y=&#8221;0&#8243; z_index=&#8221;0&#8243; medium_width=&#8221;0&#8243; mobile_width=&#8221;0&#8243; width=&#8221;1\/1&#8243;][vc_separator][\/vc_column_inner][\/vc_row_inner][vc_custom_heading heading_semantic=&#8221;h5&#8243; text_size=&#8221;h3&#8243; text_align=&#8221;text-center&#8221; text_serif=&#8221;yes&#8221;]<strong>Objetivos<\/strong>[\/vc_custom_heading][vc_column_text css=&#8221;.vc_custom_1620837628101{margin-top: 15px !important;}&#8221;]O projeto forma uma Parceria Estrat\u00e9gica para apoiar a educa\u00e7\u00e3o digital na UE, com o objetivo de:<\/p>\n<ul>\n<li>Melhorar as compet\u00eancias digitais dos professores para os habilitar n\u00e3o s\u00f3 a utilizar v\u00e1rios recursos digitais prontos a usar no ensino \u00e0 dist\u00e2ncia e h\u00edbrido, mas tamb\u00e9m para os incentivar a serem criadores de conte\u00fados digitais de curr\u00edculos profissionais fornecendo uma forma\u00e7\u00e3o pr\u00e1tica sobre a utiliza\u00e7\u00e3o de v\u00e1rias aplica\u00e7\u00f5es, software e ambientes de aprendizagem.<\/li>\n<li>Desenvolver as diretrizes que facilitar\u00e3o a presta\u00e7\u00e3o de forma\u00e7\u00e3o remota\/h\u00edbrida aos prestadores de EFP.<\/li>\n<li>Implementa\u00e7\u00e3o de atividades de forma\u00e7\u00e3o transnacional de curto prazo para formadores de institui\u00e7\u00f5es de EFP que poder\u00e3o utilizar os conhecimentos e compet\u00eancias adquiridas para o desenvolvimento de conte\u00fados digitais e implementa\u00e7\u00e3o de forma\u00e7\u00e3o remota\/h\u00edbrida.<\/li>\n<li>Estabelecimento de condi\u00e7\u00f5es pr\u00e9vias para a cria\u00e7\u00e3o de um ambiente de aprendizagem virtual internacional e desenvolvimento do programa conjunto de EFP entre as organiza\u00e7\u00f5es parceiras.<\/li>\n<\/ul>\n<p>[\/vc_column_text][vc_row_inner row_inner_height_percent=&#8221;0&#8243; overlay_alpha=&#8221;50&#8243; gutter_size=&#8221;3&#8243; shift_y=&#8221;0&#8243; z_index=&#8221;0&#8243; el_id=&#8221;ing&#8221;][vc_column_inner column_width_percent=&#8221;100&#8243; gutter_size=&#8221;3&#8243; overlay_alpha=&#8221;50&#8243; shift_x=&#8221;0&#8243; shift_y=&#8221;0&#8243; z_index=&#8221;0&#8243; medium_width=&#8221;0&#8243; mobile_width=&#8221;0&#8243; width=&#8221;1\/1&#8243;][vc_separator][\/vc_column_inner][\/vc_row_inner][vc_custom_heading heading_semantic=&#8221;h5&#8243; text_size=&#8221;h3&#8243; text_align=&#8221;text-center&#8221; text_serif=&#8221;yes&#8221;]<strong>Atividades<\/strong>[\/vc_custom_heading][vc_column_text css=&#8221;.vc_custom_1620837739279{margin-top: 15px !important;}&#8221;]<strong>Implementa\u00e7\u00e3o das atividades do projeto:<\/strong><\/p>\n<ul>\n<li>Prepara\u00e7\u00e3o de acordos entre parceiros;<\/li>\n<li>Garantia de qualidade;<\/li>\n<li>Atividades de divulga\u00e7\u00e3o;<\/li>\n<li>Desenvolvimento de Diretrizes para o Ensino \u00e0 Dist\u00e2ncia no EFP:<\/li>\n<li>Investiga\u00e7\u00e3o e an\u00e1lise;<\/li>\n<li>Desenvolvimento de cap\u00edtulos espec\u00edficos;<\/li>\n<li>Avalia\u00e7\u00e3o e finaliza\u00e7\u00e3o;<\/li>\n<li>Estabelecer condi\u00e7\u00f5es pr\u00e9vias para a cria\u00e7\u00e3o e desenvolvimento de um programa conjunto de EFP:<\/li>\n<li>Investiga\u00e7\u00e3o e an\u00e1lise;<\/li>\n<li>Cria\u00e7\u00e3o de redes e envolvimento das partes interessadas;<\/li>\n<li>Elabora\u00e7\u00e3o de um quadro e prepara\u00e7\u00e3o para o seguimento (candidatura a novo projeto);<\/li>\n<\/ul>\n<p><strong>Atividades de aprendizagem\/ensino\/forma\u00e7\u00e3o:<\/strong><\/p>\n<ul>\n<li>1\u00aa Ac\u00e3o de forma\u00e7\u00e3o na Let\u00f3nia;<\/li>\n<li>Prepara\u00e7\u00e3o e sele\u00e7\u00e3o dos participantes;<\/li>\n<li>Integra\u00e7\u00e3o dos conhecimentos e compet\u00eancias adquiridas nas organiza\u00e7\u00f5es parceiras;<\/li>\n<li>2\u00aa Ac\u00e3o de forma\u00e7\u00e3o na Finl\u00e2ndia;<\/li>\n<li>Prepara\u00e7\u00e3o e sele\u00e7\u00e3o dos participantes;<\/li>\n<li>Integra\u00e7\u00e3o dos conhecimentos e compet\u00eancias adquiridas nas organiza\u00e7\u00f5es parceiras;<\/li>\n<\/ul>\n<p>[\/vc_column_text][vc_row_inner row_inner_height_percent=&#8221;0&#8243; overlay_alpha=&#8221;50&#8243; gutter_size=&#8221;3&#8243; shift_y=&#8221;0&#8243; z_index=&#8221;0&#8243; el_id=&#8221;ing&#8221;][vc_column_inner column_width_percent=&#8221;100&#8243; gutter_size=&#8221;3&#8243; overlay_alpha=&#8221;50&#8243; shift_x=&#8221;0&#8243; shift_y=&#8221;0&#8243; z_index=&#8221;0&#8243; medium_width=&#8221;0&#8243; mobile_width=&#8221;0&#8243; width=&#8221;1\/1&#8243;][vc_separator][\/vc_column_inner][\/vc_row_inner][vc_custom_heading heading_semantic=&#8221;h5&#8243; text_size=&#8221;h3&#8243; text_align=&#8221;text-center&#8221; text_serif=&#8221;yes&#8221;]<strong>Parceria<\/strong>[\/vc_custom_heading][vc_column_text css=&#8221;.vc_custom_1620838662614{margin-top: 15px !important;}&#8221;]<\/p>\n<ul>\n<li>Profesinio mokymo centras &#8220;\u017dirm\u016bnai&#8221; (PMCZ) \u2013 Litu\u00e2nia<\/li>\n<li>Koulutuskeskus Salpaus-kuntayhtym\u00e4 \/ Salpaus Further Education Regional Consortium (SALPAUS) &#8211; Fil\u00e2ndia<\/li>\n<li>VSIA Rigas Turisma un radosas industrijas tehnikums \/ Riga Technical School of Tourism and Creative Industry (RTRIT) &#8211; Let\u00f4nia<\/li>\n<li>Zeynep Mehmet D\u00f6nmez Mesleki ve Teknik Anadolu Lisesi (ZMD MTAL) \u2013 Turquia<\/li>\n<li>Centrum Leren en Werken (CLW) &#8211; B\u00e9lgica<\/li>\n<li>Baltic Bright, sabiedriba ar ierobezotu atbildibu (BB) &#8211; Let\u00f4nia<\/li>\n<\/ul>\n<p>[\/vc_column_text][vc_row_inner row_inner_height_percent=&#8221;0&#8243; overlay_alpha=&#8221;50&#8243; gutter_size=&#8221;3&#8243; shift_y=&#8221;0&#8243; z_index=&#8221;0&#8243; el_id=&#8221;ing&#8221;][vc_column_inner column_width_percent=&#8221;100&#8243; gutter_size=&#8221;3&#8243; overlay_alpha=&#8221;50&#8243; shift_x=&#8221;0&#8243; shift_y=&#8221;0&#8243; z_index=&#8221;0&#8243; medium_width=&#8221;0&#8243; mobile_width=&#8221;0&#8243; width=&#8221;1\/1&#8243;][vc_separator][\/vc_column_inner][\/vc_row_inner][vc_custom_heading heading_semantic=&#8221;h5&#8243; text_size=&#8221;h3&#8243; text_align=&#8221;text-center&#8221; text_serif=&#8221;yes&#8221;]<strong>Recursos Humanos<\/strong>[\/vc_custom_heading][vc_column_text css=&#8221;.vc_custom_1620838714107{margin-top: 15px !important;}&#8221;]Coordenador: <strong>T\u00e2nia Cerqueira Alves<\/strong> (<a href=\"mailto:taniacerqueira@epralima.pt\">taniacerqueira@epralima.pt<\/a> )<\/p>\n<p>Respons\u00e1vel Pedag\u00f3gico: <strong>C\u00e2ndida Silva<\/strong> (<a href=\"mailto:candidasilva@epralima.pt\">candidasilva@epralima.pt<\/a> )<\/p>\n<p>Respons\u00e1vel Financeiro: <strong>Maria Jo\u00e3o Vassalo<\/strong> (<a href=\"mailto:mariajoao@epralima.pt\">mariajoao@epralima.pt<\/a> )[\/vc_column_text][vc_row_inner row_inner_height_percent=&#8221;0&#8243; overlay_alpha=&#8221;50&#8243; gutter_size=&#8221;3&#8243; shift_y=&#8221;0&#8243; z_index=&#8221;0&#8243; el_id=&#8221;ing&#8221;][vc_column_inner column_width_percent=&#8221;100&#8243; gutter_size=&#8221;3&#8243; overlay_alpha=&#8221;50&#8243; shift_x=&#8221;0&#8243; shift_y=&#8221;0&#8243; z_index=&#8221;0&#8243; medium_width=&#8221;0&#8243; mobile_width=&#8221;0&#8243; width=&#8221;1\/1&#8243;][vc_separator][\/vc_column_inner][\/vc_row_inner][vc_custom_heading heading_semantic=&#8221;h5&#8243; text_size=&#8221;h3&#8243; text_align=&#8221;text-center&#8221; text_serif=&#8221;yes&#8221; el_class=&#8221;info&#8221;]<strong>Valor Aprovado<\/strong>[\/vc_custom_heading][vc_column_text css=&#8221;.vc_custom_1620838745297{margin-top: 15px !important;}&#8221;]12.242,00\u20ac[\/vc_column_text][\/vc_column][\/vc_row]<\/p>\n<\/div>","protected":false},"excerpt":{"rendered":"<p>[vc_row row_height_percent=&#8221;0&#8243; override_padding=&#8221;yes&#8221; h_padding=&#8221;0&#8243; top_padding=&#8221;3&#8243; bottom_padding=&#8221;3&#8243; overlay_alpha=&#8221;0&#8243; gutter_size=&#8221;100&#8243; shift_y=&#8221;0&#8243; style=&#8221;inherited&#8221;][vc_column column_width_percent=&#8221;100&#8243; position_horizontal=&#8221;left&#8221; gutter_size=&#8221;4&#8243; style=&#8221;light&#8221; overlay_alpha=&#8221;100&#8243; shift_x=&#8221;0&#8243; shift_y=&#8221;0&#8243; z_index=&#8221;0&#8243; medium_width=&#8221;0&#8243; zoom_width=&#8221;0&#8243; [&hellip;]<\/p>\n","protected":false},"author":1,"featured_media":89626,"parent":0,"menu_order":0,"comment_status":"open","ping_status":"open","template":"","meta":{"_acf_changed":false,"om_disable_all_campaigns":false,"_monsterinsights_skip_tracking":false,"_monsterinsights_sitenote_active":false,"_monsterinsights_sitenote_note":"","_monsterinsights_sitenote_category":0,"_uf_show_specific_survey":0,"_uf_disable_surveys":false,"footnotes":""},"portfolio_category":[120],"class_list":["post-90613","portfolio","type-portfolio","status-publish","has-post-thumbnail","hentry","portfolio_category-projetos-internacionais"],"acf":[],"aioseo_notices":[],"_links":{"self":[{"href":"https:\/\/www.epralima.com\/website\/wp-json\/wp\/v2\/portfolio\/90613","targetHints":{"allow":["GET"]}}],"collection":[{"href":"https:\/\/www.epralima.com\/website\/wp-json\/wp\/v2\/portfolio"}],"about":[{"href":"https:\/\/www.epralima.com\/website\/wp-json\/wp\/v2\/types\/portfolio"}],"author":[{"embeddable":true,"href":"https:\/\/www.epralima.com\/website\/wp-json\/wp\/v2\/users\/1"}],"replies":[{"embeddable":true,"href":"https:\/\/www.epralima.com\/website\/wp-json\/wp\/v2\/comments?post=90613"}],"version-history":[{"count":3,"href":"https:\/\/www.epralima.com\/website\/wp-json\/wp\/v2\/portfolio\/90613\/revisions"}],"predecessor-version":[{"id":90616,"href":"https:\/\/www.epralima.com\/website\/wp-json\/wp\/v2\/portfolio\/90613\/revisions\/90616"}],"wp:featuredmedia":[{"embeddable":true,"href":"https:\/\/www.epralima.com\/website\/wp-json\/wp\/v2\/media\/89626"}],"wp:attachment":[{"href":"https:\/\/www.epralima.com\/website\/wp-json\/wp\/v2\/media?parent=90613"}],"wp:term":[{"taxonomy":"portfolio_category","embeddable":true,"href":"https:\/\/www.epralima.com\/website\/wp-json\/wp\/v2\/portfolio_category?post=90613"}],"curies":[{"name":"wp","href":"https:\/\/api.w.org\/{rel}","templated":true}]}}