{"id":89798,"date":"2021-03-19T14:56:32","date_gmt":"2021-03-19T14:56:32","guid":{"rendered":"http:\/\/epralima.com\/website\/?post_type=portfolio&#038;p=89798"},"modified":"2021-04-26T11:41:57","modified_gmt":"2021-04-26T11:41:57","slug":"teachers-out-learners-in","status":"publish","type":"portfolio","link":"https:\/\/www.epralima.com\/website\/portfolio\/teachers-out-learners-in\/","title":{"rendered":"Teachers Out, Learners In"},"content":{"rendered":"<div class=\"wpb-content-wrapper\"><p>[vc_row row_height_percent=&#8221;0&#8243; override_padding=&#8221;yes&#8221; h_padding=&#8221;0&#8243; top_padding=&#8221;3&#8243; bottom_padding=&#8221;3&#8243; overlay_alpha=&#8221;0&#8243; gutter_size=&#8221;100&#8243; shift_y=&#8221;0&#8243; style=&#8221;inherited&#8221;][vc_column column_width_percent=&#8221;100&#8243; position_horizontal=&#8221;left&#8221; gutter_size=&#8221;4&#8243; style=&#8221;light&#8221; overlay_alpha=&#8221;100&#8243; shift_x=&#8221;0&#8243; shift_y=&#8221;0&#8243; z_index=&#8221;0&#8243; medium_width=&#8221;0&#8243; zoom_width=&#8221;0&#8243; zoom_height=&#8221;0&#8243; width=&#8221;1\/1&#8243;][vc_gallery el_id=&#8221;gallery-749185&#8243; type=&#8221;carousel&#8221; medias=&#8221;89799&#8243; carousel_lg=&#8221;1&#8243; carousel_md=&#8221;1&#8243; carousel_sm=&#8221;1&#8243; thumb_size=&#8221;sixteen-nine&#8221; gutter_size=&#8221;0&#8243; media_items=&#8221;media|nolink|original,icon&#8221; carousel_type=&#8221;fade&#8221; carousel_interval=&#8221;5000&#8243; carousel_navspeed=&#8221;1000&#8243; carousel_loop=&#8221;yes&#8221; carousel_nav=&#8221;yes&#8221; carousel_dots=&#8221;yes&#8221; carousel_dots_inside=&#8221;yes&#8221; carousel_dot_padding=&#8221;2&#8243; stage_padding=&#8221;0&#8243; single_overlay_opacity=&#8221;50&#8243; single_overlay_anim=&#8221;no&#8221; single_text_anim=&#8221;no&#8221; single_image_anim=&#8221;no&#8221; single_padding=&#8221;2&#8243; single_border=&#8221;yes&#8221;][vc_custom_heading heading_semantic=&#8221;h5&#8243; text_size=&#8221;h3&#8243; text_align=&#8221;text-center&#8221; text_serif=&#8221;yes&#8221;]<strong>Descri\u00e7\u00e3o Geral do Projeto<\/strong>[\/vc_custom_heading][vc_column_text css=&#8221;.vc_custom_1618843772285{margin-top: 15px !important;}&#8221;]A sociedade, em que vivemos, complexa e em constante mudan\u00e7a, torna cada vez mais evidente a necessidade de repensar a Educa\u00e7\u00e3o.<\/p>\n<p>A diversidade de op\u00e7\u00f5es, a fragilidade do conhecimento e a responsabilidade social t\u00eam exigido maior empenho por parte dos atores intervenientes no processo de ensino-aprendizagem.<\/p>\n<p>As institui\u00e7\u00f5es de ensino, a todos os n\u00edveis, procuram assimilar essas mudan\u00e7as, desenvolvendo modelos e pr\u00e1ticas que permitam acompanhar este processo de mudan\u00e7a.<\/p>\n<p>As t\u00e9cnicas e m\u00e9todos de ensino-aprendizagem convencionais est\u00e3o a ser substitu\u00eddos por uma abordagem de ensino-aprendizagem centrada no aluno, a qual enfatiza as compet\u00eancias do s\u00e9culo XXI, particularmente as compet\u00eancias b\u00e1sicas e as compet\u00eancias de alto n\u00edvel, tornando-se, portanto obsoletas e com os quais professores n\u00e3o conseguem motivar os alunos e captar a sua aten\u00e7\u00e3o durante as aulas.<br \/>\nSe a isto aliarmos o facto de os alunos de hoje ocuparem a maior parte do seu tempo fora da Escola, com ferramentas TIC ou em redes sociais, n\u00e3o gostarem de estudar, realizar trabalhos de casa e apresentarem uma falta de compet\u00eancias b\u00e1sicas no que toca ao sentido de responsabilidade, resolu\u00e7\u00e3o de problemas, empreendedorismo, criatividade, colabora\u00e7\u00e3o, pensamento anal\u00edtico, pensamento cr\u00edtico, entre outras.<\/p>\n<p>Torna-se imprescind\u00edvel alterar as metodologias de ensino presentes nas salas de aula convencionais, por n\u00e3o serem atrativos para eles.<\/p>\n<p>Para apoiar esta mudan\u00e7a, a m\u00e9dia digital, oferece v\u00e1rios recursos ricos em software de aprendizagem e aplicativos pr\u00e1ticos, que cativam e motivam imenso os alunos.<\/p>\n<p>Tal como defende Rogers, \u201censinar \u00e9 mais do que transmitir conhecimento, \u00e9 despertar a curiosidade, \u00e9 instigar o desejo de ir al\u00e9m do conhecido. \u00c9 desafiar a pessoa a confiar em si mesmo e dar um passo em busca de mais.\u201d[\/vc_column_text][vc_row_inner row_inner_height_percent=&#8221;0&#8243; overlay_alpha=&#8221;50&#8243; gutter_size=&#8221;3&#8243; shift_y=&#8221;0&#8243; z_index=&#8221;0&#8243; el_id=&#8221;ing&#8221;][vc_column_inner column_width_percent=&#8221;100&#8243; gutter_size=&#8221;3&#8243; overlay_alpha=&#8221;50&#8243; shift_x=&#8221;0&#8243; shift_y=&#8221;0&#8243; z_index=&#8221;0&#8243; medium_width=&#8221;0&#8243; mobile_width=&#8221;0&#8243; width=&#8221;1\/1&#8243;][vc_separator][\/vc_column_inner][\/vc_row_inner][vc_custom_heading heading_semantic=&#8221;h5&#8243; text_size=&#8221;h3&#8243; text_align=&#8221;text-center&#8221; text_serif=&#8221;yes&#8221;]<strong>Grupo-alvo<\/strong>[\/vc_custom_heading][vc_column_text css=&#8221;.vc_custom_1618843811926{margin-top: 15px !important;}&#8221;]<\/p>\n<ul>\n<li><strong>Professores: <\/strong>Como resultado deste projeto, os professores ir\u00e3o refor\u00e7ar significativamente as suas compet\u00eancias profissionais e as compet\u00eancias digitais, melhorando as suas qualifica\u00e7\u00f5es no que toca \u00e0s metodologias inovadoras de ensino, estrat\u00e9gias e t\u00e9cnicas de aprendizagem ativas;<\/li>\n<li><strong style=\"font-family: -apple-system, BlinkMacSystemFont, 'Segoe UI', Roboto, Oxygen-Sans, Ubuntu, Cantarell, 'Helvetica Neue', sans-serif;\">Alunos:<\/strong><span style=\"font-family: -apple-system, BlinkMacSystemFont, 'Segoe UI', Roboto, Oxygen-Sans, Ubuntu, Cantarell, 'Helvetica Neue', sans-serif;\"> ser\u00e3o informados sobre t\u00e9cnicas ativas de aprendizagem, recursos de e-learning gratuitos e ferramentas web 2.0, assim como, sobre as compet\u00eancias transversais necess\u00e1rias \/ compet\u00eancias do s\u00e9culo XXI;<\/span><\/li>\n<li><strong style=\"font-family: -apple-system, BlinkMacSystemFont, 'Segoe UI', Roboto, Oxygen-Sans, Ubuntu, Cantarell, 'Helvetica Neue', sans-serif;\">Pais\/encarregados de educa\u00e7\u00e3o:<\/strong><span style=\"font-family: -apple-system, BlinkMacSystemFont, 'Segoe UI', Roboto, Oxygen-Sans, Ubuntu, Cantarell, 'Helvetica Neue', sans-serif;\"> ao serem informados sobre t\u00e9cnicas ativas de aprendizagem, recursos de e-learning gratuitos e ferramentas web 2.0, assim como, sobre as compet\u00eancias transversais necess\u00e1rias \/ compet\u00eancias do s\u00e9culo XXI, os pais e encarregados de educa\u00e7\u00e3o ser\u00e3o capazes de apoiar e orientar os seus educandos de uma forma mais consciente;<\/span><\/li>\n<li><strong style=\"font-family: -apple-system, BlinkMacSystemFont, 'Segoe UI', Roboto, Oxygen-Sans, Ubuntu, Cantarell, 'Helvetica Neue', sans-serif;\">Stakeholders educacionais:<\/strong><span style=\"font-family: -apple-system, BlinkMacSystemFont, 'Segoe UI', Roboto, Oxygen-Sans, Ubuntu, Cantarell, 'Helvetica Neue', sans-serif;\">\u00a0Os resultados do nosso projeto ser\u00e1 apresentado a outras entidades ligadas \u00e0 educa\u00e7\u00e3o atrav\u00e9s de uma confer\u00eancia p\u00fablica local, que ser\u00e1 organizada por todos os parceiros do projeto.<\/span><\/li>\n<\/ul>\n<p>[\/vc_column_text][vc_row_inner row_inner_height_percent=&#8221;0&#8243; overlay_alpha=&#8221;50&#8243; gutter_size=&#8221;3&#8243; shift_y=&#8221;0&#8243; z_index=&#8221;0&#8243; el_id=&#8221;ing&#8221;][vc_column_inner column_width_percent=&#8221;100&#8243; gutter_size=&#8221;3&#8243; overlay_alpha=&#8221;50&#8243; shift_x=&#8221;0&#8243; shift_y=&#8221;0&#8243; z_index=&#8221;0&#8243; medium_width=&#8221;0&#8243; mobile_width=&#8221;0&#8243; width=&#8221;1\/1&#8243;][vc_separator][\/vc_column_inner][\/vc_row_inner][vc_custom_heading heading_semantic=&#8221;h5&#8243; text_size=&#8221;h3&#8243; text_align=&#8221;text-center&#8221; text_serif=&#8221;yes&#8221;]<strong>Objetivos<\/strong>[\/vc_custom_heading][vc_column_text css=&#8221;.vc_custom_1618843946509{margin-top: 15px !important;}&#8221;]<\/p>\n<ol>\n<li style=\"font-weight: 400;\">Melhorar as compet\u00eancias b\u00e1sicas e profissionais dos professores tal como indicado na Estrat\u00e9gia Europa 2020.<\/li>\n<li style=\"font-weight: 400;\">Melhorar o conhecimento dos professores sobre as t\u00e9cnicas, os m\u00e9todos inovadores e interativos, assim como, as suas compet\u00eancias digitais, de modo a serem capazes de:<br \/>\n&#8211; Tornar as aulas mais atrativas e proveitosas para os alunos;<br \/>\n&#8211; Melhorar a qualidade, a produtividade e a efici\u00eancia das aulas;<br \/>\n&#8211; Melhorar as compet\u00eancias de alto n\u00edvel e as compet\u00eancias b\u00e1sicas e transversais dos professores e alunos, numa perspetiva de aprendizagem ao longo da vida;<br \/>\n&#8211; Motivar os alunos para um melhor desempenho escolar;<\/li>\n<li style=\"font-weight: 400;\">Criar um ambiente na sala de aula mais atrativo, eficaz e inovador, que se adequa aos jovens da era digital;<\/li>\n<li style=\"font-weight: 400;\">Aumentar a consciencializa\u00e7\u00e3o dos professores, alunos e Encarregados de Educa\u00e7\u00e3o sobre os seus novos pap\u00e9is, como atores, no processo de ensino e aprendizagem atrav\u00e9s de semin\u00e1rios, reuni\u00f5es e workshops;<\/li>\n<\/ol>\n<p style=\"font-weight: 400;\">Este projeto tem como resultado principal um desempenho mais ativo dos alunos no seu processo de aprendizagem, enquanto os professores ir\u00e3o desempenhar um papel de mera orienta\u00e7\u00e3o no processo de ensino-aprendizagem para que alunos consigam adquirir compet\u00eancias transversais, necess\u00e1rias para a realidade do s\u00e9culo XXI. Por outras palavras os professores estar\u00e3o OUT, os alunos estar\u00e3o IN.<\/p>\n<p>[\/vc_column_text][vc_row_inner row_inner_height_percent=&#8221;0&#8243; overlay_alpha=&#8221;50&#8243; gutter_size=&#8221;3&#8243; shift_y=&#8221;0&#8243; z_index=&#8221;0&#8243; el_id=&#8221;ing&#8221;][vc_column_inner column_width_percent=&#8221;100&#8243; gutter_size=&#8221;3&#8243; overlay_alpha=&#8221;50&#8243; shift_x=&#8221;0&#8243; shift_y=&#8221;0&#8243; z_index=&#8221;0&#8243; medium_width=&#8221;0&#8243; mobile_width=&#8221;0&#8243; width=&#8221;1\/1&#8243;][vc_separator][\/vc_column_inner][\/vc_row_inner][vc_custom_heading heading_semantic=&#8221;h5&#8243; text_size=&#8221;h3&#8243; text_align=&#8221;text-center&#8221; text_serif=&#8221;yes&#8221;]<strong>Atividades<\/strong>[\/vc_custom_heading][vc_column_text css=&#8221;.vc_custom_1618844002586{margin-top: 15px !important;}&#8221;]<\/p>\n<p style=\"font-weight: 400;\"><strong>Reuni\u00f5es Internacionais<br \/>\n<\/strong>Ao longo do desenvolvimento do Projeto ser\u00e3o realizadas 5 reuni\u00f5es Transnacionais<\/p>\n<ul>\n<li style=\"font-weight: 400;\">Em dezembro de 2016, foi realizada a primeira reuni\u00e3o na Turquia;<\/li>\n<li style=\"font-weight: 400;\">Em abril de 2017, foi realizada a segunda reuni\u00e3o do Projeto em Portugal;<\/li>\n<li style=\"font-weight: 400;\">Em novembro de 2017, foi realizada a terceira reuni\u00e3o do projeto na Rom\u00e9nia;<\/li>\n<li style=\"font-weight: 400;\">Em abril de 2018, foi realizada a quarta reuni\u00e3o do Projeto na Est\u00f3nia;<\/li>\n<li style=\"font-weight: 400;\">Em setembro de 2018, ser\u00e1 realizada a quinta reuni\u00e3o na It\u00e1lia.<\/li>\n<\/ul>\n<p style=\"font-weight: 400;\"><strong>\u00a0<\/strong><strong>Workshops<br \/>\n<\/strong>Foram realizados v\u00e1rios workshops junto dos grupos-alvo cujas tem\u00e1ticas abordadas foram:<\/p>\n<ul style=\"font-weight: 400;\">\n<li>A Educa\u00e7\u00e3o centrada no aluno;<\/li>\n<li>As Compet\u00eancias do S\u00e9culo XXI;<\/li>\n<li>Ferramentas Web 2.0 gratuitas;<\/li>\n<li>M\u00e9todos de Ensino Inovadores e Interativos;<\/li>\n<\/ul>\n<p>[\/vc_column_text][vc_row_inner row_inner_height_percent=&#8221;0&#8243; overlay_alpha=&#8221;50&#8243; gutter_size=&#8221;3&#8243; shift_y=&#8221;0&#8243; z_index=&#8221;0&#8243; el_id=&#8221;ing&#8221;][vc_column_inner column_width_percent=&#8221;100&#8243; gutter_size=&#8221;3&#8243; overlay_alpha=&#8221;50&#8243; shift_x=&#8221;0&#8243; shift_y=&#8221;0&#8243; z_index=&#8221;0&#8243; medium_width=&#8221;0&#8243; mobile_width=&#8221;0&#8243; width=&#8221;1\/1&#8243;][vc_separator][\/vc_column_inner][\/vc_row_inner][vc_custom_heading heading_semantic=&#8221;h5&#8243; text_size=&#8221;h3&#8243; text_align=&#8221;text-center&#8221; text_serif=&#8221;yes&#8221;]<strong>Parceria<\/strong>[\/vc_custom_heading][vc_column_text css=&#8221;.vc_custom_1618844019530{margin-top: 15px !important;}&#8221;]<\/p>\n<ul>\n<li>Liceul de Arte &#8220;Aurel Popp&#8221;, Satu Mare, Rom\u00e9nia\u00a0;<\/li>\n<li>Polo Liceale Statale &#8220;R. Mattioli&#8221;, Vasto, Abruzzu, It\u00e1lia\u00a0;<\/li>\n<li>Keeni P\u00f5hikool, Keeni k\u00fcla , Est\u00f3nia;<\/li>\n<li>EPRALIMA_Escola Profissional do Alto Lima, Arcos de Valdevez, Portugal<\/li>\n<\/ul>\n<p>[\/vc_column_text][vc_row_inner row_inner_height_percent=&#8221;0&#8243; overlay_alpha=&#8221;50&#8243; gutter_size=&#8221;3&#8243; shift_y=&#8221;0&#8243; z_index=&#8221;0&#8243; el_id=&#8221;ing&#8221;][vc_column_inner column_width_percent=&#8221;100&#8243; gutter_size=&#8221;3&#8243; overlay_alpha=&#8221;50&#8243; shift_x=&#8221;0&#8243; shift_y=&#8221;0&#8243; z_index=&#8221;0&#8243; medium_width=&#8221;0&#8243; mobile_width=&#8221;0&#8243; width=&#8221;1\/1&#8243;][vc_separator][\/vc_column_inner][\/vc_row_inner][vc_custom_heading heading_semantic=&#8221;h5&#8243; text_size=&#8221;h3&#8243; text_align=&#8221;text-center&#8221; text_serif=&#8221;yes&#8221;]<strong>Informa\u00e7\u00f5es<\/strong>[\/vc_custom_heading][vc_column_text css=&#8221;.vc_custom_1618844351465{margin-top: 15px !important;}&#8221;]<\/p>\n<div class=\"item-page projetos\">\n<div class=\"content item-content\">\n<p><a href=\"https:\/\/www.epralima.com\/epralima\/downloads\/ECA.pdf\" target=\"_blank\" rel=\"noopener\">A Educa\u00e7\u00e3o centrada no Aluno<\/a><br \/>\n<a href=\"https:\/\/www.epralima.com\/epralima\/downloads\/CompetXXI.pdf\" target=\"_blank\" rel=\"noopener\">As Compet\u00eancias do S\u00e9c. XXI<\/a><br \/>\n<a href=\"https:\/\/www.epralima.com\/epralima\/downloads\/EnsinoInterativo.pdf\" target=\"_blank\" rel=\"noopener\">M\u00e9todos de Ensino Interativo<\/a><br \/>\n<a href=\"https:\/\/www.epralima.com\/epralima\/downloads\/WEB_TOOLS_2.0.pdf\">Web tool 2.0<\/a><br \/>\n<a href=\"https:\/\/www.epralima.com\/epralima\/downloads\/BookletFinal_PT.pdf\" target=\"_blank\" rel=\"noopener\">Booklet Final &#8211; PT<\/a><br \/>\n<a href=\"https:\/\/www.epralima.com\/epralima\/downloads\/BrochuraToLi.pdf\" target=\"_blank\" rel=\"noopener\">Brochura<\/a><\/p>\n<\/div>\n<\/div>\n<div class=\"fb-comments fb_iframe_widget fb_iframe_widget_fluid_desktop\" data-href=\"https:\/\/www.epralima.com\/epralima\/index.php\/projetos\/21015-teachers-out-learners-in\" data-num-posts=\"2\" data-width=\"576\"><\/div>\n<p>[\/vc_column_text][\/vc_column][\/vc_row]<\/p>\n<\/div>","protected":false},"excerpt":{"rendered":"<p>[vc_row row_height_percent=&#8221;0&#8243; override_padding=&#8221;yes&#8221; h_padding=&#8221;0&#8243; top_padding=&#8221;3&#8243; bottom_padding=&#8221;3&#8243; overlay_alpha=&#8221;0&#8243; gutter_size=&#8221;100&#8243; shift_y=&#8221;0&#8243; style=&#8221;inherited&#8221;][vc_column column_width_percent=&#8221;100&#8243; position_horizontal=&#8221;left&#8221; gutter_size=&#8221;4&#8243; style=&#8221;light&#8221; overlay_alpha=&#8221;100&#8243; shift_x=&#8221;0&#8243; shift_y=&#8221;0&#8243; z_index=&#8221;0&#8243; medium_width=&#8221;0&#8243; zoom_width=&#8221;0&#8243; [&hellip;]<\/p>\n","protected":false},"author":1,"featured_media":89799,"parent":0,"menu_order":0,"comment_status":"open","ping_status":"open","template":"","meta":{"_acf_changed":false,"om_disable_all_campaigns":false,"_monsterinsights_skip_tracking":false,"_monsterinsights_sitenote_active":false,"_monsterinsights_sitenote_note":"","_monsterinsights_sitenote_category":0,"_uf_show_specific_survey":0,"_uf_disable_surveys":false,"footnotes":""},"portfolio_category":[120],"class_list":["post-89798","portfolio","type-portfolio","status-publish","has-post-thumbnail","hentry","portfolio_category-projetos-internacionais"],"acf":[],"aioseo_notices":[],"_links":{"self":[{"href":"https:\/\/www.epralima.com\/website\/wp-json\/wp\/v2\/portfolio\/89798","targetHints":{"allow":["GET"]}}],"collection":[{"href":"https:\/\/www.epralima.com\/website\/wp-json\/wp\/v2\/portfolio"}],"about":[{"href":"https:\/\/www.epralima.com\/website\/wp-json\/wp\/v2\/types\/portfolio"}],"author":[{"embeddable":true,"href":"https:\/\/www.epralima.com\/website\/wp-json\/wp\/v2\/users\/1"}],"replies":[{"embeddable":true,"href":"https:\/\/www.epralima.com\/website\/wp-json\/wp\/v2\/comments?post=89798"}],"version-history":[{"count":3,"href":"https:\/\/www.epralima.com\/website\/wp-json\/wp\/v2\/portfolio\/89798\/revisions"}],"predecessor-version":[{"id":90099,"href":"https:\/\/www.epralima.com\/website\/wp-json\/wp\/v2\/portfolio\/89798\/revisions\/90099"}],"wp:featuredmedia":[{"embeddable":true,"href":"https:\/\/www.epralima.com\/website\/wp-json\/wp\/v2\/media\/89799"}],"wp:attachment":[{"href":"https:\/\/www.epralima.com\/website\/wp-json\/wp\/v2\/media?parent=89798"}],"wp:term":[{"taxonomy":"portfolio_category","embeddable":true,"href":"https:\/\/www.epralima.com\/website\/wp-json\/wp\/v2\/portfolio_category?post=89798"}],"curies":[{"name":"wp","href":"https:\/\/api.w.org\/{rel}","templated":true}]}}