{"id":89790,"date":"2021-03-19T13:35:20","date_gmt":"2021-03-19T13:35:20","guid":{"rendered":"http:\/\/epralima.com\/website\/?post_type=portfolio&#038;p=89790"},"modified":"2021-04-26T11:43:39","modified_gmt":"2021-04-26T11:43:39","slug":"te-d2","status":"publish","type":"portfolio","link":"https:\/\/www.epralima.com\/website\/portfolio\/te-d2\/","title":{"rendered":"Te.D2"},"content":{"rendered":"<div class=\"wpb-content-wrapper\"><p>[vc_row row_height_percent=&#8221;0&#8243; override_padding=&#8221;yes&#8221; h_padding=&#8221;0&#8243; top_padding=&#8221;3&#8243; bottom_padding=&#8221;3&#8243; overlay_alpha=&#8221;0&#8243; gutter_size=&#8221;100&#8243; shift_y=&#8221;0&#8243; style=&#8221;inherited&#8221;][vc_column column_width_percent=&#8221;100&#8243; position_horizontal=&#8221;left&#8221; gutter_size=&#8221;4&#8243; style=&#8221;light&#8221; overlay_alpha=&#8221;100&#8243; shift_x=&#8221;0&#8243; shift_y=&#8221;0&#8243; z_index=&#8221;0&#8243; medium_width=&#8221;0&#8243; zoom_width=&#8221;0&#8243; zoom_height=&#8221;0&#8243; width=&#8221;1\/1&#8243;][vc_gallery el_id=&#8221;gallery-749185&#8243; type=&#8221;carousel&#8221; medias=&#8221;89791&#8243; carousel_lg=&#8221;1&#8243; carousel_md=&#8221;1&#8243; carousel_sm=&#8221;1&#8243; thumb_size=&#8221;sixteen-nine&#8221; gutter_size=&#8221;0&#8243; media_items=&#8221;media|nolink|original,icon&#8221; carousel_type=&#8221;fade&#8221; carousel_interval=&#8221;5000&#8243; carousel_navspeed=&#8221;1000&#8243; carousel_loop=&#8221;yes&#8221; carousel_nav=&#8221;yes&#8221; carousel_dots=&#8221;yes&#8221; carousel_dots_inside=&#8221;yes&#8221; carousel_dot_padding=&#8221;2&#8243; stage_padding=&#8221;0&#8243; single_overlay_opacity=&#8221;50&#8243; single_overlay_anim=&#8221;no&#8221; single_text_anim=&#8221;no&#8221; single_image_anim=&#8221;no&#8221; single_padding=&#8221;2&#8243; single_border=&#8221;yes&#8221;][vc_custom_heading heading_semantic=&#8221;h5&#8243; text_size=&#8221;h3&#8243; text_align=&#8221;text-center&#8221; text_serif=&#8221;yes&#8221;]<strong>Descri\u00e7\u00e3o Geral do Projeto<\/strong>[\/vc_custom_heading][vc_column_text css=&#8221;.vc_custom_1618838784722{margin-top: 15px !important;}&#8221;]<span lang=\"PT-BR\">Em rela\u00e7\u00e3o com a iniciativa europeia \u201cNovas Compet\u00eancias para Novos Postos de Trabalho\u201d, este projeto tem a pretens\u00e3o de criar um novo perfil profissional para suportar e apoiar a Terapia Assistida por Animais, neste caso, a terapia assistida por c\u00e3es.<\/span><\/p>\n<p><span lang=\"PT-BR\">O Projeto Te.D2 visa proporcionar evid\u00eancias, recursos e compet\u00eancias para que a Terapia Assistida por Animais seja mais amplamente utilizada em cada pa\u00eds parceiro, partindo de uma pr\u00e1tica inovadora de um parceiro italiano que tem uma vasta experi\u00eancia neste campo de interven\u00e7\u00e3o, sendo simultaneamente uma oportunidade para que profissionais da \u00e1rea de sa\u00fade e \u00e1reas afins, que est\u00e3o desempregados, encontrem uma nova oportunidade de carreira, atrav\u00e9s do desenvolvimento de compet\u00eancias como condutores de terapia assistida por c\u00e3es. O Projeto Te.D2 usar\u00e1 o modelo do Curso Argo, desenvolvido por um parceiro italiano, adaptando-o para ser implementado com diferentes pessoas desempregadas nos pa\u00edses que constituem a parceria.<\/span><\/p>\n<p><span lang=\"PT-BR\">Durante este Projeto, pretende-se implementar as adapta\u00e7\u00f5es e as conclus\u00f5es a que se chegou ap\u00f3s a implementa\u00e7\u00e3o do Projeto Te.D1, seguindo-se uma linha metodol\u00f3gica semelhante, j\u00e1 testada, e introduzindo um novo valor acrescentado. O Projeto tem uma forte conex\u00e3o com os objetivos da Estrat\u00e9gia Europa 2020, garantindo que as pessoas mais vulner\u00e1veis na sociedade, tais como os desempregados, n\u00e3o fiquem para tr\u00e1s ou n\u00e3o se tornem socialmente exclu\u00eddos.<\/span><\/p>\n<p><span lang=\"PT-BR\">O Projeto Te.D2 tem o objetivo de proporcionar novos instrumentos de forma\u00e7\u00e3o para potenciar uma terapia assistida por c\u00e3es. Atrav\u00e9s da gest\u00e3o de interven\u00e7\u00f5es assistidas por animais (Atividades Assistidas por Animais e Terapia Assistida por Animais), este projeto visa proporcionar oportunidades de aprendizagem de alta qualidade. Estas compet\u00eancias s\u00e3o desenvolvidas de forma integrada nas principais \u00e1reas de aprendizagem num curr\u00edculo e em diferentes contextos ao longo do curr\u00edculo, atrav\u00e9s de uma abordagem integradora e inovadora: aprendizagem interativa e aprendizagem no posto de trabalho.\u00a0\u00a0\u00a0<\/span><\/p>\n<p><span lang=\"PT-BR\">O Projeto Te.D2 foca-se no desenvolvimento de uma forma\u00e7\u00e3o inovadora para integrar a linha do curr\u00edculo, com o objetivo de suportar e ajudar pessoas com vulnerabilidades e dificuldades. Sendo a mobilidade de cidad\u00e3os na UE cada vez mais frequente, bem como a necessidade de mobilidade ao longo da carreira, considerou-se pertinente que este projeto tenha em conta a aplica\u00e7\u00e3o do ECVET. Por isso, no desenvolvimento deste trabalho, ser\u00e1 adotada uma abordagem de qualifica\u00e7\u00f5es profissionais baseadas em resultados de aprendizagem, como recomendado pelo QEQ e ECVET. O projeto curricular Te.D2 proporciona forma\u00e7\u00e3o focada em aprendizagens baseadas no trabalho, adaptada para indiv\u00edduos que pretendem integrar ou reintegrar o mercado de trabalho, um curr\u00edculo de aprendizagem individual flex\u00edvel e modularizado e a aprendizagem baseada no trabalho focado na aquisi\u00e7\u00e3o de compet\u00eancias chave no terreno.<\/span><\/p>\n<p><span lang=\"PT-BR\">O Projeto Te.D2 ser\u00e1 projetado por profissionais de forma\u00e7\u00e3o experientes no ULSS 4 de Vicenza, com base na experi\u00eancia do passado e dos parceiros do projecto. Destina-se a melhorar a empregabilidade de grupos-alvo, tais como desempregados de longa dura\u00e7\u00e3o permitindo-lhes promover-se de forma mais eficiente no mercado de trabalho, especialmente num setor onde s\u00e3o necess\u00e1rias novas compet\u00eancias especializadas.<\/span><\/p>\n<p><span lang=\"PT-BR\">O curr\u00edculo incorpora: desenvolvimento pessoal, melhoria habilidades atrav\u00e9s de atividades desenvolvidas em grupo, atividades de mentoring e de coaching de um para um para construir a confian\u00e7a e a motiva\u00e7\u00e3o, forma\u00e7\u00e3o individual em posto de trabalho.<\/span><\/p>\n<p><span lang=\"PT-BR\">O Projeto Te.D2 visa ainda o desenvolvimento de um DVD interativo, para integrar o curr\u00edculo cl\u00e1ssico, seguindo um conjunto de orienta\u00e7\u00f5es da Agenda Europeia para estimular uma aprendizagem de alta qualidade, com recurso a t\u00e9cnicas de ensino-aprendizagem inovadoras, atrav\u00e9s do uso de novas tecnologias e conte\u00fados digitais.<\/span>[\/vc_column_text][vc_row_inner row_inner_height_percent=&#8221;0&#8243; overlay_alpha=&#8221;50&#8243; gutter_size=&#8221;3&#8243; shift_y=&#8221;0&#8243; z_index=&#8221;0&#8243; el_id=&#8221;ing&#8221;][vc_column_inner column_width_percent=&#8221;100&#8243; gutter_size=&#8221;3&#8243; overlay_alpha=&#8221;50&#8243; shift_x=&#8221;0&#8243; shift_y=&#8221;0&#8243; z_index=&#8221;0&#8243; medium_width=&#8221;0&#8243; mobile_width=&#8221;0&#8243; width=&#8221;1\/1&#8243;][vc_separator][\/vc_column_inner][\/vc_row_inner][vc_custom_heading heading_semantic=&#8221;h5&#8243; text_size=&#8221;h3&#8243; text_align=&#8221;text-center&#8221; text_serif=&#8221;yes&#8221;]<strong>Grupo-alvo<\/strong>[\/vc_custom_heading][vc_column_text css=&#8221;.vc_custom_1618838798625{margin-top: 15px !important;}&#8221;]Desempregados de longa dura\u00e7\u00e3o.[\/vc_column_text][vc_row_inner row_inner_height_percent=&#8221;0&#8243; overlay_alpha=&#8221;50&#8243; gutter_size=&#8221;3&#8243; shift_y=&#8221;0&#8243; z_index=&#8221;0&#8243; el_id=&#8221;ing&#8221;][vc_column_inner column_width_percent=&#8221;100&#8243; gutter_size=&#8221;3&#8243; overlay_alpha=&#8221;50&#8243; shift_x=&#8221;0&#8243; shift_y=&#8221;0&#8243; z_index=&#8221;0&#8243; medium_width=&#8221;0&#8243; mobile_width=&#8221;0&#8243; width=&#8221;1\/1&#8243;][vc_separator][\/vc_column_inner][\/vc_row_inner][vc_custom_heading heading_semantic=&#8221;h5&#8243; text_size=&#8221;h3&#8243; text_align=&#8221;text-center&#8221; text_serif=&#8221;yes&#8221;]<strong>Atividades<\/strong>[\/vc_custom_heading][vc_column_text css=&#8221;.vc_custom_1618839785838{margin-top: 15px !important;}&#8221;]<span lang=\"PT-BR\"><strong>Atividade 1 &#8211; Gest\u00e3o do Projeto<\/strong><\/span><\/p>\n<p><span lang=\"PT-BR\">Consistir\u00e1 na prepara\u00e7\u00e3o e execu\u00e7\u00e3o do Kick-Off Meeting, a coordena\u00e7\u00e3o\u00a0<\/span><span lang=\"PT-BR\">das atividades e a monitoriza\u00e7\u00e3o das atividades, garantindo a apresenta\u00e7\u00e3o atempada dos resultados, acompanhamento e avalia\u00e7\u00e3o da efic\u00e1cia estrat\u00e9gica e dos procedimentos de implementa\u00e7\u00e3o do Projeto, gest\u00e3o de todos os aspetos relacionados com a gest\u00e3o financeira do projeto, a comunica\u00e7\u00e3o regular com a Ag\u00eancia Nacional de Estocolmo e reuni\u00f5es regulares com os parceiros, reuni\u00f5es internas dentro da organiza\u00e7\u00e3o requerente.<br \/>\n<\/span><strong style=\"font-family: -apple-system, BlinkMacSystemFont, 'Segoe UI', Roboto, Oxygen-Sans, Ubuntu, Cantarell, 'Helvetica Neue', sans-serif;\"><strong style=\"font-family: -apple-system, BlinkMacSystemFont, 'Segoe UI', Roboto, Oxygen-Sans, Ubuntu, Cantarell, 'Helvetica Neue', sans-serif;\"><span lang=\"PT-BR\">Atividade liderada por: Organiza\u00e7\u00e3o Asociatia Vasiliada (RO).<\/span><\/strong><\/strong><\/p>\n<p>&nbsp;<\/p>\n<p><span lang=\"PT-BR\"><strong>Atividade 2 &#8211; Pesquisa Te.D2<\/strong><br \/>\nCada pa\u00eds parceiro proceder\u00e1 a uma investiga\u00e7\u00e3o sobre a carateriza\u00e7\u00e3o e as necessidades do grupo alvo, em termos de:<br \/>\n<\/span><\/p>\n<ul>\n<li><span lang=\"PT-BR\">Levantamento de Necessidades de Forma\u00e7\u00e3o sobre os suportes existentes para condutores de terapia assistida por c\u00e3es;<\/span><\/li>\n<li><span lang=\"PT-BR\">Revis\u00e3o da literatura existente; entrevista com 10 condutores de c\u00e3es, por pa\u00eds parceiro;<\/span><\/li>\n<li><span lang=\"PT-BR\">Entrevista com as principais partes interessadas (organismos de apoio, organismos p\u00fablicos, associa\u00e7\u00f5es de TAA, etc);<\/span><\/li>\n<li><span lang=\"PT-BR\">Entrevista com um organismo representante do governo, em cada pa\u00eds parceiro;<\/span><\/li>\n<li><span lang=\"PT-BR\">Melhores pr\u00e1ticas \/ estudos de caso, em cada pa\u00eds parceiro;\u00a0<\/span><\/li>\n<li><span lang=\"PT-BR\">A legisla\u00e7\u00e3o atual em cada pa\u00eds em mat\u00e9ria de TAA.<\/span><\/li>\n<\/ul>\n<p><span lang=\"PT-BR\">Trata-se de um documento que analisa as entrevistas semi-estruturadas e resume as pesquisas quantitativas. O modelo do documento e os gui\u00f5es das entrevistas ser\u00e3o definidos pelo parceiro que lidera esta atividade.<br \/>\n<\/span><strong><strong><strong>Atividade liderada por: The Geminarie Group (MT).<\/strong><\/strong><\/strong><\/p>\n<p>&nbsp;<\/p>\n<p><span lang=\"PT-BR\"><strong>Atividade 3: Adapta\u00e7\u00e3o do Projeto Argo nos Pa\u00edses Parceiros<br \/>\n<\/strong><\/span><span lang=\"PT-BR\"><span lang=\"PT-BR\">O Curso Argo ser\u00e1 traduzido e adaptado para ser utilizado na Rom\u00e9nia, em It\u00e1lia, em Espanha, em Portugal, em Malta e na Litu\u00e2nia, seguindo os padr\u00f5es de qualifica\u00e7\u00e3o do QEQ \/ ECVET. O Projeto Te.D2 visa a produ\u00e7\u00e3o de um curr\u00edculo modularizado, para ser adaptado individualmente, orientado curricularmente para a forma\u00e7\u00e3o de pessoas desempregadas, a fim de poderem come\u00e7ar a trabalhar como condutores de c\u00e3es, para o uso em organiza\u00e7\u00f5es de sa\u00fade p\u00fablica, Lares, Associa\u00e7\u00f5es de TAA. O n\u00famero de m\u00f3dulos e o conte\u00fado ser\u00e1 definido pelos especialistas envolvidos no projeto. Todos os parceiros envolvidos no Projeto desenvolver\u00e3o um curr\u00edculo, por refer\u00eancia ao EQF, seguindo as indica\u00e7\u00f5es dos 6 parceiros e respeitando os procedimentos padr\u00e3o do ECVET.<\/span><\/span>Todos os Parceiros dever\u00e3o colaborar entre si, sob a lideran\u00e7a da Associazione NET (IT).<\/p>\n<p>&nbsp;<\/p>\n<p><strong style=\"font-family: -apple-system, BlinkMacSystemFont, 'Segoe UI', Roboto, Oxygen-Sans, Ubuntu, Cantarell, 'Helvetica Neue', sans-serif;\">Atividade 4: Desenvolvimento de Instrumentos Interativos<br \/>\n<\/strong>Desenvolvimento de um DVD que ir\u00e1 integrar o curso Te.D2. O DVD dever\u00e1 conter v\u00eddeos de estudos de caso e sec\u00e7\u00f5es de TAA, como exemplos pr\u00e1ticos para entender o funcionamento das atividades com animais, por pa\u00eds parceiro. O DVD dever\u00e1 cobrir um m\u00f3dulo do programa.<br \/>\n<strong><strong>Atividade liderada por: ERCC (LT).<\/strong><\/strong><\/p>\n<p>&nbsp;<\/p>\n<p><strong style=\"font-family: -apple-system, BlinkMacSystemFont, 'Segoe UI', Roboto, Oxygen-Sans, Ubuntu, Cantarell, 'Helvetica Neue', sans-serif;\">Atividade 5: Teste Piloto do Curriculum Projeto Te.D2<br \/>\n<\/strong>O Curriculum Te.D2, desenvolvido ao longo deste projeto, dever\u00e1 ser alvo de um teste piloto em cada pa\u00eds parceiro, a fim de avaliar:<\/p>\n<ul>\n<li><span lang=\"PT-BR\">O modelo<\/span><\/li>\n<li><span lang=\"PT-BR\">A metodologia<\/span><\/li>\n<li><span lang=\"PT-BR\">Os conte\u00fados<\/span><\/li>\n<li><span lang=\"PT-BR\">A dura\u00e7\u00e3o do programa<\/span><\/li>\n<\/ul>\n<p>Deve ser avaliada a efic\u00e1cia do Curriculum Te.D2 como mecanismo de forma\u00e7\u00e3o para os prestadores de EFP. Durante o tste piloto, as partes interessadas ser\u00e3o envolvidas para verificar e avaliar o impacto e a efic\u00e1cia do curr\u00edculo inovador. Os parceiros ter\u00e3o de elaborar um relat\u00f3rio final sobre os problemas subjacentes durante a implementa\u00e7\u00e3o do Projeto Piloto e os aspectos positivos, aspetos que devem ser modificados e poss\u00edveis altera\u00e7\u00f5es necess\u00e1rias para a boa implementa\u00e7\u00e3o do curr\u00edculo, por forma a serem obtidos os resultados desejados.<br \/>\n<strong><strong>Atividade liderada por: Epralima (PT).<\/strong><\/strong><\/p>\n<p>&nbsp;<\/p>\n<p><span lang=\"PT-BR\"><strong>Atividade 6 &#8211; Avalia\u00e7\u00e3o<\/strong><br \/>\nEsta \u00e9 uma atividade transversal a todo o Projeto. Ser\u00e3o emitidos dois relat\u00f3rios de avalia\u00e7\u00e3o.<br \/>\n<\/span><strong><strong>Atividade liderada por: Asociatia Vasiliada (RO).<\/strong><\/strong><\/p>\n<p>&nbsp;<\/p>\n<p><strong style=\"font-family: -apple-system, BlinkMacSystemFont, 'Segoe UI', Roboto, Oxygen-Sans, Ubuntu, Cantarell, 'Helvetica Neue', sans-serif;\">Atividade<\/strong><span style=\"font-family: -apple-system, BlinkMacSystemFont, 'Segoe UI', Roboto, Oxygen-Sans, Ubuntu, Cantarell, 'Helvetica Neue', sans-serif;\">\u00a0<\/span><strong style=\"font-family: -apple-system, BlinkMacSystemFont, 'Segoe UI', Roboto, Oxygen-Sans, Ubuntu, Cantarell, 'Helvetica Neue', sans-serif;\">7 &#8211;<\/strong><span style=\"font-family: -apple-system, BlinkMacSystemFont, 'Segoe UI', Roboto, Oxygen-Sans, Ubuntu, Cantarell, 'Helvetica Neue', sans-serif;\"> Dissemina\u00e7\u00e3o.<br \/>\n<\/span>Esta atividade tamb\u00e9m ser\u00e1 transversal ao Projeto. Todos os parceiros contribuir\u00e3o para a organiza\u00e7\u00e3o e implementa\u00e7\u00e3o das atividades de dissemina\u00e7\u00e3o a n\u00edvel local e nacional. Ser\u00e3o feitas duas reuni\u00f5es de divulga\u00e7\u00e3o locais por cada pa\u00eds parceiro, uma no in\u00edcio e outra no final do Projeto, com o objetivo de informar sobre as atividades, os resultados e os produtos do Projeto.<br \/>\n<strong>Atividade liderada por: Asociatia Vasiliada (RO).<\/strong>[\/vc_column_text][vc_row_inner row_inner_height_percent=&#8221;0&#8243; overlay_alpha=&#8221;50&#8243; gutter_size=&#8221;3&#8243; shift_y=&#8221;0&#8243; z_index=&#8221;0&#8243; el_id=&#8221;ing&#8221;][vc_column_inner column_width_percent=&#8221;100&#8243; gutter_size=&#8221;3&#8243; overlay_alpha=&#8221;50&#8243; shift_x=&#8221;0&#8243; shift_y=&#8221;0&#8243; z_index=&#8221;0&#8243; medium_width=&#8221;0&#8243; mobile_width=&#8221;0&#8243; width=&#8221;1\/1&#8243;][vc_separator][\/vc_column_inner][\/vc_row_inner][vc_custom_heading heading_semantic=&#8221;h5&#8243; text_size=&#8221;h3&#8243; text_align=&#8221;text-center&#8221; text_serif=&#8221;yes&#8221;]<strong>Parceria<\/strong>[\/vc_custom_heading][vc_column_text css=&#8221;.vc_custom_1618839278548{margin-top: 15px !important;}&#8221;]<span lang=\"PT-BR\">A parceria \u00e9 constitu\u00edda por 7 entidades de 6 pa\u00edses Europeus:<\/span><\/p>\n<ul>\n<li><span lang=\"PT-BR\">Asociatia Vasiliada (Rom\u00e9nia);<\/span><\/li>\n<li><span lang=\"PT-BR\">Associazione N.E.T. Networking Education &amp; Training (It\u00e1lia);<\/span><\/li>\n<li><span lang=\"PT-BR\">Local Health Unit\u00a0ULSS n. 7 &#8220;Pedemontana&#8221; (It\u00e1lia);<\/span><\/li>\n<li><span lang=\"PT-BR\">Viesoji istaiga &#8220;Svietimo, Tyrimu ir Konsultaciju Centras&#8221; (Litu\u00e2nia);<\/span><\/li>\n<li><span lang=\"PT-BR\">Epralima &#8211; Escola Profissional do Alto Lima, C.I.P.R.L. (Portugal);<\/span><\/li>\n<li><span lang=\"PT-BR\">Asociacion Social Asocron (Espanha);<\/span><\/li>\n<li><span lang=\"PT-BR\">The Geminarie Group (Malta).<\/span><\/li>\n<\/ul>\n<p>[\/vc_column_text][vc_row_inner row_inner_height_percent=&#8221;0&#8243; overlay_alpha=&#8221;50&#8243; gutter_size=&#8221;3&#8243; shift_y=&#8221;0&#8243; z_index=&#8221;0&#8243; el_id=&#8221;ing&#8221;][vc_column_inner column_width_percent=&#8221;100&#8243; gutter_size=&#8221;3&#8243; overlay_alpha=&#8221;50&#8243; shift_x=&#8221;0&#8243; shift_y=&#8221;0&#8243; z_index=&#8221;0&#8243; medium_width=&#8221;0&#8243; mobile_width=&#8221;0&#8243; width=&#8221;1\/1&#8243;][vc_separator][\/vc_column_inner][\/vc_row_inner][vc_custom_heading heading_semantic=&#8221;h5&#8243; text_size=&#8221;h3&#8243; text_align=&#8221;text-center&#8221; text_serif=&#8221;yes&#8221; el_class=&#8221;info&#8221;]<strong>Mais Informa\u00e7\u00f5es<\/strong>[\/vc_custom_heading][vc_column_text css=&#8221;.vc_custom_1618839293634{margin-top: 15px !important;}&#8221;]<a href=\"https:\/\/www.ted2.org\/\" target=\"_blank\" rel=\"noopener\">www.ted2.org<\/a>[\/vc_column_text][\/vc_column][\/vc_row]<\/p>\n<\/div>","protected":false},"excerpt":{"rendered":"<p>[vc_row row_height_percent=&#8221;0&#8243; override_padding=&#8221;yes&#8221; h_padding=&#8221;0&#8243; top_padding=&#8221;3&#8243; bottom_padding=&#8221;3&#8243; overlay_alpha=&#8221;0&#8243; gutter_size=&#8221;100&#8243; shift_y=&#8221;0&#8243; style=&#8221;inherited&#8221;][vc_column column_width_percent=&#8221;100&#8243; position_horizontal=&#8221;left&#8221; gutter_size=&#8221;4&#8243; style=&#8221;light&#8221; overlay_alpha=&#8221;100&#8243; shift_x=&#8221;0&#8243; shift_y=&#8221;0&#8243; z_index=&#8221;0&#8243; medium_width=&#8221;0&#8243; zoom_width=&#8221;0&#8243; [&hellip;]<\/p>\n","protected":false},"author":1,"featured_media":89791,"parent":0,"menu_order":0,"comment_status":"open","ping_status":"open","template":"","meta":{"_acf_changed":false,"om_disable_all_campaigns":false,"_monsterinsights_skip_tracking":false,"_monsterinsights_sitenote_active":false,"_monsterinsights_sitenote_note":"","_monsterinsights_sitenote_category":0,"_uf_show_specific_survey":0,"_uf_disable_surveys":false,"footnotes":""},"portfolio_category":[120],"class_list":["post-89790","portfolio","type-portfolio","status-publish","has-post-thumbnail","hentry","portfolio_category-projetos-internacionais"],"acf":[],"aioseo_notices":[],"_links":{"self":[{"href":"https:\/\/www.epralima.com\/website\/wp-json\/wp\/v2\/portfolio\/89790","targetHints":{"allow":["GET"]}}],"collection":[{"href":"https:\/\/www.epralima.com\/website\/wp-json\/wp\/v2\/portfolio"}],"about":[{"href":"https:\/\/www.epralima.com\/website\/wp-json\/wp\/v2\/types\/portfolio"}],"author":[{"embeddable":true,"href":"https:\/\/www.epralima.com\/website\/wp-json\/wp\/v2\/users\/1"}],"replies":[{"embeddable":true,"href":"https:\/\/www.epralima.com\/website\/wp-json\/wp\/v2\/comments?post=89790"}],"version-history":[{"count":4,"href":"https:\/\/www.epralima.com\/website\/wp-json\/wp\/v2\/portfolio\/89790\/revisions"}],"predecessor-version":[{"id":90101,"href":"https:\/\/www.epralima.com\/website\/wp-json\/wp\/v2\/portfolio\/89790\/revisions\/90101"}],"wp:featuredmedia":[{"embeddable":true,"href":"https:\/\/www.epralima.com\/website\/wp-json\/wp\/v2\/media\/89791"}],"wp:attachment":[{"href":"https:\/\/www.epralima.com\/website\/wp-json\/wp\/v2\/media?parent=89790"}],"wp:term":[{"taxonomy":"portfolio_category","embeddable":true,"href":"https:\/\/www.epralima.com\/website\/wp-json\/wp\/v2\/portfolio_category?post=89790"}],"curies":[{"name":"wp","href":"https:\/\/api.w.org\/{rel}","templated":true}]}}