{"id":89787,"date":"2021-03-19T11:49:29","date_gmt":"2021-03-19T11:49:29","guid":{"rendered":"http:\/\/epralima.com\/website\/?post_type=portfolio&#038;p=89787"},"modified":"2021-04-26T11:43:59","modified_gmt":"2021-04-26T11:43:59","slug":"survive-surviving-the-storm","status":"publish","type":"portfolio","link":"https:\/\/www.epralima.com\/website\/portfolio\/survive-surviving-the-storm\/","title":{"rendered":"SURVIVE &#8211; Surviving The Storm"},"content":{"rendered":"<div class=\"wpb-content-wrapper\"><p>[vc_row row_height_percent=&#8221;0&#8243; override_padding=&#8221;yes&#8221; h_padding=&#8221;0&#8243; top_padding=&#8221;3&#8243; bottom_padding=&#8221;3&#8243; overlay_alpha=&#8221;0&#8243; gutter_size=&#8221;100&#8243; shift_y=&#8221;0&#8243; style=&#8221;inherited&#8221;][vc_column column_width_percent=&#8221;100&#8243; position_horizontal=&#8221;left&#8221; gutter_size=&#8221;4&#8243; style=&#8221;light&#8221; overlay_alpha=&#8221;100&#8243; shift_x=&#8221;0&#8243; shift_y=&#8221;0&#8243; z_index=&#8221;0&#8243; medium_width=&#8221;0&#8243; zoom_width=&#8221;0&#8243; zoom_height=&#8221;0&#8243; width=&#8221;1\/1&#8243;][vc_gallery el_id=&#8221;gallery-749185&#8243; type=&#8221;carousel&#8221; medias=&#8221;89788&#8243; carousel_lg=&#8221;1&#8243; carousel_md=&#8221;1&#8243; carousel_sm=&#8221;1&#8243; thumb_size=&#8221;sixteen-nine&#8221; gutter_size=&#8221;0&#8243; media_items=&#8221;media|nolink|original,icon&#8221; carousel_type=&#8221;fade&#8221; carousel_interval=&#8221;5000&#8243; carousel_navspeed=&#8221;1000&#8243; carousel_loop=&#8221;yes&#8221; carousel_nav=&#8221;yes&#8221; carousel_dots=&#8221;yes&#8221; carousel_dots_inside=&#8221;yes&#8221; carousel_dot_padding=&#8221;2&#8243; stage_padding=&#8221;0&#8243; single_overlay_opacity=&#8221;50&#8243; single_overlay_anim=&#8221;no&#8221; single_text_anim=&#8221;no&#8221; single_image_anim=&#8221;no&#8221; single_padding=&#8221;2&#8243; single_border=&#8221;yes&#8221;][vc_custom_heading heading_semantic=&#8221;h5&#8243; text_size=&#8221;h3&#8243; text_align=&#8221;text-center&#8221; text_serif=&#8221;yes&#8221;]<strong>Descri\u00e7\u00e3o Geral do Projeto<\/strong>[\/vc_custom_heading][vc_column_text css=&#8221;.vc_custom_1618580435446{margin-top: 15px !important;}&#8221;]\u00c0 medida que o mundo est\u00e1 a mudar, a UE tem de tornar-se numa economia inteligente, sustent\u00e1vel e inclusiva, para que os Estados-Membros possam alcan\u00e7ar a empregabilidade, a sustentabilidade, a produtividade e a coes\u00e3o social.<\/p>\n<p>Tendo em conta que mais de 99% das empresas europeias s\u00e3o PME que fornecem dois ter\u00e7os do emprego no setor privado e contribuem para mais de metade do valor acrescentado total criado pelas empresas na UE, o papel crucial das PME na realiza\u00e7\u00e3o da estrat\u00e9gia Europa 2020 torna-se mais evidente.<\/p>\n<p>Apesar desta estrat\u00e9gia e de todos os esfor\u00e7os da Europa para se recuperar de uma crise econ\u00f3mica severa, as taxas de desemprego ainda s\u00e3o altas, especialmente em pa\u00edses como a Gr\u00e9cia &#8211; 26,5%, Espanha- 24,5% e Portugal -14,1%.<\/p>\n<p>Na Bulg\u00e1ria, est\u00e1 a decorrer uma reestrutura\u00e7\u00e3o em PME que oferece um alcance ilimitado de atividades devido \u00e0 moeda e \u00e0 sua posi\u00e7\u00e3o geogr\u00e1fica.<\/p>\n<p>Os estudos indicam que, mesmo dentro das condi\u00e7\u00f5es econ\u00f3micas atuais, ainda existem empresas que apresentam um rendimento not\u00e1vel, muito acima da m\u00e9dia do seu setor. Parece que se beneficiam da crise e fazem uso das oportunidades\/mudan\u00e7as.<\/p>\n<p><strong>Porqu\u00ea? Como?<br \/>\n<\/strong>O Relat\u00f3rio sobre os resultados da consulta p\u00fablica sobre o Plano de A\u00e7\u00e3o Empreendedorismo 2020, ou a Comunica\u00e7\u00e3o sobre Pol\u00edtica Industrial 2014 para um Renascimento Industrial Europeu, reconhece que a APRENDIZAGEM DIRECIONADA, EXPLORA\u00c7\u00c3O DE OPORTUNIDADES DE FINANCIAMENTO, INTERNACIONALIZA\u00c7\u00c3O, melhoria do ambiente de neg\u00f3cios, investimentos em inova\u00e7\u00e3o e novas tecnologias, produtividade e recursos PLANOS DE EFICI\u00caNCIA, s\u00e3o considerados fatores cr\u00edticos de crescimento e desenvolvimento.<\/p>\n<p><strong>Mas, o que faz uma PME ter um bom desempenho nesses fatores?<br \/>\n<\/strong><strong>Qual \u00e9 o segredo do sucesso das PME que, apesar da tend\u00eancia, conseguem ter sucesso?<\/strong><\/p>\n<p>Esta quest\u00e3o \u00e9 o que o projeto proposto est\u00e1 a tentar investigar, acreditando que a resposta revelar\u00e1 o segredo do sucesso, sob o sistema de gest\u00e3o interna adotado pelas estrelas PME, que revelar\u00e1 as necessidades espec\u00edficas das PME, em termos de capacidades internas, que quando satisfeita (atrav\u00e9s de forma\u00e7\u00e3o entre outros planos), ser\u00e1 assegurado um futuro vi\u00e1vel e at\u00e9 mesmo um crescimento. Para atingir este objetivo ambicioso, \u00e9 necess\u00e1ria uma an\u00e1lise aprofundada dos atributos dos sistemas de gest\u00e3o, oferecidos pelos v\u00e1rios padr\u00f5es, modelos e ferramentas que s\u00e3o ou podem ser aplicados \u00e0s PME.<\/p>\n<p>Ferramentas de gest\u00e3o como balanced scorecard, benchmarking, CRM, customer segmentation, management by objectives, etc., incluem partes e fragmentos do quadro completo de excel\u00eancia empresarial e potencial de neg\u00f3cios.[\/vc_column_text][vc_row_inner row_inner_height_percent=&#8221;0&#8243; overlay_alpha=&#8221;50&#8243; gutter_size=&#8221;3&#8243; shift_y=&#8221;0&#8243; z_index=&#8221;0&#8243; el_id=&#8221;ing&#8221;][vc_column_inner column_width_percent=&#8221;100&#8243; gutter_size=&#8221;3&#8243; overlay_alpha=&#8221;50&#8243; shift_x=&#8221;0&#8243; shift_y=&#8221;0&#8243; z_index=&#8221;0&#8243; medium_width=&#8221;0&#8243; mobile_width=&#8221;0&#8243; width=&#8221;1\/1&#8243;][vc_separator][\/vc_column_inner][\/vc_row_inner][vc_custom_heading heading_semantic=&#8221;h5&#8243; text_size=&#8221;h3&#8243; text_align=&#8221;text-center&#8221; text_serif=&#8221;yes&#8221;]<strong>Grupo-alvo<\/strong>[\/vc_custom_heading][vc_column_text css=&#8221;.vc_custom_1618580451574{margin-top: 15px !important;}&#8221;]Segmenta\u00e7\u00e3o de mercado, p\u00fablico-alvo, atendimento ao cliente, gest\u00e3o de relacionamento com clientes (CRM) e conceitos de team building.<br \/>\nPME, microempresas, partes interessadas e representantes de PME, empregados, empregadores e executivos, decisores pol\u00edticos, institui\u00e7\u00f5es de ensino, c\u00e2maras e redes tem\u00e1ticas regionais e nacionais.[\/vc_column_text][vc_row_inner row_inner_height_percent=&#8221;0&#8243; overlay_alpha=&#8221;50&#8243; gutter_size=&#8221;3&#8243; shift_y=&#8221;0&#8243; z_index=&#8221;0&#8243; el_id=&#8221;ing&#8221;][vc_column_inner column_width_percent=&#8221;100&#8243; gutter_size=&#8221;3&#8243; overlay_alpha=&#8221;50&#8243; shift_x=&#8221;0&#8243; shift_y=&#8221;0&#8243; z_index=&#8221;0&#8243; medium_width=&#8221;0&#8243; mobile_width=&#8221;0&#8243; width=&#8221;1\/1&#8243;][vc_separator][\/vc_column_inner][\/vc_row_inner][vc_custom_heading heading_semantic=&#8221;h5&#8243; text_size=&#8221;h3&#8243; text_align=&#8221;text-center&#8221; text_serif=&#8221;yes&#8221;]<strong>Objetivos<\/strong>[\/vc_custom_heading][vc_column_text css=&#8221;.vc_custom_1618580513094{margin-top: 15px !important;}&#8221;]Realizar visitas de estudo sobre PMEs l\u00edderes para investigar sua estrutura e pr\u00e1ticas de interc\u00e2mbio, visitas de estudo a PMEs SOBREVIVENTES em pa\u00edses parceiros afetados pela crise (PT, PL, IT, GR, ES, BG) e recolher o material necess\u00e1rio para criar um programa de forma\u00e7\u00e3o como um roteiro para o sucesso.<\/p>\n<p>Uma ferramenta poderosa ser\u00e1 criada como uma plataforma para o desenvolvimento adicional, liga\u00e7\u00e3o de executivos entre as PMEs, interc\u00e2mbio de pr\u00e1ticas e um programa de aprendizagem flex\u00edvel que ligar\u00e1 as necessidades espec\u00edficas das PMEs (que derivar\u00e3o da pesquisa documental e de campo) em termos de capacidades internas, com a forma\u00e7\u00e3o oferecida, de uma forma que permita o uso eficaz de recursos (pessoas\/tempo) e ligue a aprendizagem com os resultados do neg\u00f3cio.[\/vc_column_text][vc_row_inner row_inner_height_percent=&#8221;0&#8243; overlay_alpha=&#8221;50&#8243; gutter_size=&#8221;3&#8243; shift_y=&#8221;0&#8243; z_index=&#8221;0&#8243; el_id=&#8221;ing&#8221;][vc_column_inner column_width_percent=&#8221;100&#8243; gutter_size=&#8221;3&#8243; overlay_alpha=&#8221;50&#8243; shift_x=&#8221;0&#8243; shift_y=&#8221;0&#8243; z_index=&#8221;0&#8243; medium_width=&#8221;0&#8243; mobile_width=&#8221;0&#8243; width=&#8221;1\/1&#8243;][vc_separator][\/vc_column_inner][\/vc_row_inner][vc_custom_heading heading_semantic=&#8221;h5&#8243; text_size=&#8221;h3&#8243; text_align=&#8221;text-center&#8221; text_serif=&#8221;yes&#8221;]<strong>Atividades<\/strong>[\/vc_custom_heading][vc_column_text css=&#8221;.vc_custom_1618580562899{margin-top: 15px !important;}&#8221;]<\/p>\n<ul>\n<li><strong>Dezembro de 2017 e fevereiro de 2018<br \/>\n<\/strong>Reuni\u00e3o de lan\u00e7amento para dar in\u00edcio oficial ao projeto e troca de experi\u00eancias sobre o tema \u201cPMEs na It\u00e1lia; m\u00e9todos de gest\u00e3o e implementa\u00e7\u00e3o, aprendendo com os melhores\u201d, It\u00e1lia, GoDesk.<\/li>\n<li><strong>Mar\u00e7o e abril de 2018<br \/>\n<\/strong>Interc\u00e2mbio de experi\u00eancias sobre o tema \u201cPMEs na Pol\u00f3nia; Principais PMEs na pr\u00e1tica, problemas e solu\u00e7\u00f5es\u201d e visita a profissionais de boas pr\u00e1ticas na regi\u00e3o da Pol\u00f3nia, Pol\u00f3nia, Euro-Idea.<\/li>\n<li><strong>Julho e setembro de 2018<br \/>\n<\/strong>Interc\u00e2mbio de experi\u00eancias sobre o tema \u201cEmpregadores e empregados, novas exig\u00eancias VET\u201d e visita a profissionais de boas pr\u00e1ticas na regi\u00e3o espanhola, Espanha, FTSI.<\/li>\n<li><strong>Outubro e novembro de 2018<br \/>\n<\/strong>Interc\u00e2mbio de experi\u00eancias sobre o tema \u201crequisitos de Educa\u00e7\u00e3o e Forma\u00e7\u00e3o Profissional (EFP)\u201d para o empreendedorismo; oportunidades de aprendizagem\u201d e visita a profissionais de boas pr\u00e1ticas em Portugal, Epralima.<\/li>\n<li><strong>Fevereiro e Mar\u00e7o de 2019<br \/>\n<\/strong>Interc\u00e2mbio de experi\u00eancias sobre o tema \u201cSistemas de gest\u00e3o e pol\u00edticas de exporta\u00e7\u00e3o\u201d e visita a profissionais de boas pr\u00e1ticas na Bulg\u00e1ria, Associa\u00e7\u00e3o de Gest\u00e3o da Bulg\u00e1ria.<\/li>\n<li><strong>Abril e Maio de 2019<br \/>\n<\/strong>Interc\u00e2mbio de experi\u00eancias sobre o tema \u201cSistemas de educa\u00e7\u00e3o e controlo de EFP\u201d e visitar os principais sobreviventes das PME na Gr\u00e9cia, EEO Group.<\/li>\n<li><strong>Julho e Setembro de 2019<br \/>\n<\/strong>O \u00faltimo Joint Staff Training Event ser\u00e1 uma visita de estudo, mas tamb\u00e9m uma esp\u00e9cie de Evento de Encerramento; Apresentar as experi\u00eancias compartilhadas para recomendar cada um para os outros e mostrar como torn\u00e1-los sustent\u00e1veis e experimentar o interc\u00e2mbio sobre o tema \u201cSobrevivendo \u00e0s PMEs: Li\u00e7\u00f5es aprendidas, m\u00e9todos e implica\u00e7\u00f5es\u201d. It\u00e1lia, Sharing Europe.<\/li>\n<\/ul>\n<p>Um dos principais objetivos ser\u00e1 comunicar os resultados do projeto ao p\u00fablico e criar poss\u00edveis sinergias com os pr\u00f3ximos projetos.[\/vc_column_text][vc_row_inner row_inner_height_percent=&#8221;0&#8243; overlay_alpha=&#8221;50&#8243; gutter_size=&#8221;3&#8243; shift_y=&#8221;0&#8243; z_index=&#8221;0&#8243; el_id=&#8221;ing&#8221;][vc_column_inner column_width_percent=&#8221;100&#8243; gutter_size=&#8221;3&#8243; overlay_alpha=&#8221;50&#8243; shift_x=&#8221;0&#8243; shift_y=&#8221;0&#8243; z_index=&#8221;0&#8243; medium_width=&#8221;0&#8243; mobile_width=&#8221;0&#8243; width=&#8221;1\/1&#8243;][vc_separator][\/vc_column_inner][\/vc_row_inner][vc_custom_heading heading_semantic=&#8221;h5&#8243; text_size=&#8221;h3&#8243; text_align=&#8221;text-center&#8221; text_serif=&#8221;yes&#8221;]<strong>Parceria<\/strong>[\/vc_custom_heading][vc_column_text css=&#8221;.vc_custom_1618580600323{margin-top: 15px !important;}&#8221;]<\/p>\n<ul>\n<li>Epralima &#8211; Escola Profissional do Alto Lima<\/li>\n<li>Godesk SRL, (Potenza, It\u00e1lia)<\/li>\n<li>Sharing Europe, (Floren\u00e7a, It\u00e1lia)<\/li>\n<li>Euro-Idea, (Crac\u00f3via, Pol\u00f3nia)<\/li>\n<li>Fundaci\u00f3n de Trabajadores de la Siderurgia Integral, (Bilbao, Espanha)<\/li>\n<li>EEO Group, (Atenas, Gr\u00e9cia)<\/li>\n<li><span lang=\"EN-US\">Bulgarian Management Association,\u00a0<\/span><span lang=\"EN-US\">(Blagoevgrad, Bulg\u00e1ria)<\/span><span lang=\"EN-US\">\u00a0<\/span><span lang=\"EN-US\">\u00a0<\/span><span lang=\"EN-US\">\u00a0\u00a0<\/span><\/li>\n<\/ul>\n<p>[\/vc_column_text][vc_row_inner row_inner_height_percent=&#8221;0&#8243; overlay_alpha=&#8221;50&#8243; gutter_size=&#8221;3&#8243; shift_y=&#8221;0&#8243; z_index=&#8221;0&#8243; el_id=&#8221;ing&#8221;][vc_column_inner column_width_percent=&#8221;100&#8243; gutter_size=&#8221;3&#8243; overlay_alpha=&#8221;50&#8243; shift_x=&#8221;0&#8243; shift_y=&#8221;0&#8243; z_index=&#8221;0&#8243; medium_width=&#8221;0&#8243; mobile_width=&#8221;0&#8243; width=&#8221;1\/1&#8243;][vc_separator][\/vc_column_inner][\/vc_row_inner][vc_custom_heading heading_semantic=&#8221;h5&#8243; text_size=&#8221;h3&#8243; text_align=&#8221;text-center&#8221; text_serif=&#8221;yes&#8221; el_class=&#8221;info&#8221;]<strong>Mais Informa\u00e7\u00f5es<\/strong>[\/vc_custom_heading][vc_column_text css=&#8221;.vc_custom_1618580621964{margin-top: 15px !important;}&#8221;]<span lang=\"EN-US\"><a href=\"https:\/\/www.facebook.com\/SURVIVEproject\">https:\/\/www.facebook.com\/SURVIVEproject<br \/>\n<\/a><\/span><a href=\"https:\/\/surviving.eu\/\"><span lang=\"EN-US\">https:\/\/surviving.eu<\/span><\/a>[\/vc_column_text][\/vc_column][\/vc_row]<\/p>\n<\/div>","protected":false},"excerpt":{"rendered":"<p>[vc_row row_height_percent=&#8221;0&#8243; override_padding=&#8221;yes&#8221; h_padding=&#8221;0&#8243; top_padding=&#8221;3&#8243; bottom_padding=&#8221;3&#8243; overlay_alpha=&#8221;0&#8243; gutter_size=&#8221;100&#8243; shift_y=&#8221;0&#8243; style=&#8221;inherited&#8221;][vc_column column_width_percent=&#8221;100&#8243; position_horizontal=&#8221;left&#8221; gutter_size=&#8221;4&#8243; style=&#8221;light&#8221; overlay_alpha=&#8221;100&#8243; shift_x=&#8221;0&#8243; shift_y=&#8221;0&#8243; z_index=&#8221;0&#8243; medium_width=&#8221;0&#8243; zoom_width=&#8221;0&#8243; [&hellip;]<\/p>\n","protected":false},"author":1,"featured_media":89788,"parent":0,"menu_order":0,"comment_status":"open","ping_status":"open","template":"","meta":{"_acf_changed":false,"om_disable_all_campaigns":false,"_monsterinsights_skip_tracking":false,"_monsterinsights_sitenote_active":false,"_monsterinsights_sitenote_note":"","_monsterinsights_sitenote_category":0,"_uf_show_specific_survey":0,"_uf_disable_surveys":false,"footnotes":""},"portfolio_category":[120],"class_list":["post-89787","portfolio","type-portfolio","status-publish","has-post-thumbnail","hentry","portfolio_category-projetos-internacionais"],"acf":[],"aioseo_notices":[],"_links":{"self":[{"href":"https:\/\/www.epralima.com\/website\/wp-json\/wp\/v2\/portfolio\/89787","targetHints":{"allow":["GET"]}}],"collection":[{"href":"https:\/\/www.epralima.com\/website\/wp-json\/wp\/v2\/portfolio"}],"about":[{"href":"https:\/\/www.epralima.com\/website\/wp-json\/wp\/v2\/types\/portfolio"}],"author":[{"embeddable":true,"href":"https:\/\/www.epralima.com\/website\/wp-json\/wp\/v2\/users\/1"}],"replies":[{"embeddable":true,"href":"https:\/\/www.epralima.com\/website\/wp-json\/wp\/v2\/comments?post=89787"}],"version-history":[{"count":2,"href":"https:\/\/www.epralima.com\/website\/wp-json\/wp\/v2\/portfolio\/89787\/revisions"}],"predecessor-version":[{"id":90102,"href":"https:\/\/www.epralima.com\/website\/wp-json\/wp\/v2\/portfolio\/89787\/revisions\/90102"}],"wp:featuredmedia":[{"embeddable":true,"href":"https:\/\/www.epralima.com\/website\/wp-json\/wp\/v2\/media\/89788"}],"wp:attachment":[{"href":"https:\/\/www.epralima.com\/website\/wp-json\/wp\/v2\/media?parent=89787"}],"wp:term":[{"taxonomy":"portfolio_category","embeddable":true,"href":"https:\/\/www.epralima.com\/website\/wp-json\/wp\/v2\/portfolio_category?post=89787"}],"curies":[{"name":"wp","href":"https:\/\/api.w.org\/{rel}","templated":true}]}}