{"id":89784,"date":"2021-03-16T13:26:20","date_gmt":"2021-03-16T13:26:20","guid":{"rendered":"http:\/\/epralima.com\/website\/?post_type=portfolio&#038;p=89784"},"modified":"2021-04-26T11:44:19","modified_gmt":"2021-04-26T11:44:19","slug":"roots-riscoperta-e-condivisione-delle-proprie-radici-culturali","status":"publish","type":"portfolio","link":"https:\/\/www.epralima.com\/website\/portfolio\/roots-riscoperta-e-condivisione-delle-proprie-radici-culturali\/","title":{"rendered":"ROOTS &#8211; Riscoperta e Condivisione delle Proprie Radici Culturali"},"content":{"rendered":"<div class=\"wpb-content-wrapper\"><p>[vc_row row_height_percent=&#8221;0&#8243; override_padding=&#8221;yes&#8221; h_padding=&#8221;0&#8243; top_padding=&#8221;3&#8243; bottom_padding=&#8221;3&#8243; overlay_alpha=&#8221;0&#8243; gutter_size=&#8221;100&#8243; shift_y=&#8221;0&#8243; style=&#8221;inherited&#8221;][vc_column column_width_percent=&#8221;100&#8243; position_horizontal=&#8221;left&#8221; gutter_size=&#8221;4&#8243; style=&#8221;light&#8221; overlay_alpha=&#8221;100&#8243; shift_x=&#8221;0&#8243; shift_y=&#8221;0&#8243; z_index=&#8221;0&#8243; medium_width=&#8221;0&#8243; zoom_width=&#8221;0&#8243; zoom_height=&#8221;0&#8243; width=&#8221;1\/1&#8243;][vc_gallery el_id=&#8221;gallery-749185&#8243; type=&#8221;carousel&#8221; medias=&#8221;89785&#8243; carousel_lg=&#8221;1&#8243; carousel_md=&#8221;1&#8243; carousel_sm=&#8221;1&#8243; thumb_size=&#8221;sixteen-nine&#8221; gutter_size=&#8221;0&#8243; media_items=&#8221;media|nolink|original,icon&#8221; carousel_type=&#8221;fade&#8221; carousel_interval=&#8221;5000&#8243; carousel_navspeed=&#8221;1000&#8243; carousel_loop=&#8221;yes&#8221; carousel_nav=&#8221;yes&#8221; carousel_dots=&#8221;yes&#8221; carousel_dots_inside=&#8221;yes&#8221; carousel_dot_padding=&#8221;2&#8243; stage_padding=&#8221;0&#8243; single_overlay_opacity=&#8221;50&#8243; single_overlay_anim=&#8221;no&#8221; single_text_anim=&#8221;no&#8221; single_image_anim=&#8221;no&#8221; single_padding=&#8221;2&#8243; single_border=&#8221;yes&#8221;][vc_custom_heading heading_semantic=&#8221;h5&#8243; text_size=&#8221;h3&#8243; text_align=&#8221;text-center&#8221; text_serif=&#8221;yes&#8221;]<strong>Descri\u00e7\u00e3o Geral do Projeto<\/strong>[\/vc_custom_heading][vc_column_text css=&#8221;.vc_custom_1618574388754{margin-top: 15px !important;}&#8221;]Conhecer suas ra\u00edzes significa conhecer-se melhor.<br \/>\nO uso de l\u00ednguas estrangeiras e novas tecnologias como ve\u00edculos para transformar uma jornada interior em dire\u00e7\u00e3o a uma for\u00e7a motriz para compartilhar \u00e9 consistente com outras motiva\u00e7\u00f5es b\u00e1sicas como o fortalecer do conhecimento lingu\u00edstico e tecnol\u00f3gico. O processo de partilha promover\u00e1 um maior sentido de comunidade europeia entre os estudantes que, ao respeitar e fortalecer o conhecimento de suas ra\u00edzes acabar\u00e3o por ser estimulados a respeitar a cultura alheia e o seu territ\u00f3rio.[\/vc_column_text][vc_row_inner row_inner_height_percent=&#8221;0&#8243; overlay_alpha=&#8221;50&#8243; gutter_size=&#8221;3&#8243; shift_y=&#8221;0&#8243; z_index=&#8221;0&#8243; el_id=&#8221;ing&#8221;][vc_column_inner column_width_percent=&#8221;100&#8243; gutter_size=&#8221;3&#8243; overlay_alpha=&#8221;50&#8243; shift_x=&#8221;0&#8243; shift_y=&#8221;0&#8243; z_index=&#8221;0&#8243; medium_width=&#8221;0&#8243; mobile_width=&#8221;0&#8243; width=&#8221;1\/1&#8243;][vc_separator][\/vc_column_inner][\/vc_row_inner][vc_custom_heading heading_semantic=&#8221;h5&#8243; text_size=&#8221;h3&#8243; text_align=&#8221;text-center&#8221; text_serif=&#8221;yes&#8221;]<strong>Grupo-alvo<\/strong>[\/vc_custom_heading][vc_column_text css=&#8221;.vc_custom_1618574404765{margin-top: 15px !important;}&#8221;]<\/p>\n<ul>\n<li>60 alunos do ensino secund\u00e1rio (15 por institui\u00e7\u00e3o);<\/li>\n<li>3 professores.<\/li>\n<\/ul>\n<p>[\/vc_column_text][vc_row_inner row_inner_height_percent=&#8221;0&#8243; overlay_alpha=&#8221;50&#8243; gutter_size=&#8221;3&#8243; shift_y=&#8221;0&#8243; z_index=&#8221;0&#8243; el_id=&#8221;ing&#8221;][vc_column_inner column_width_percent=&#8221;100&#8243; gutter_size=&#8221;3&#8243; overlay_alpha=&#8221;50&#8243; shift_x=&#8221;0&#8243; shift_y=&#8221;0&#8243; z_index=&#8221;0&#8243; medium_width=&#8221;0&#8243; mobile_width=&#8221;0&#8243; width=&#8221;1\/1&#8243;][vc_separator][\/vc_column_inner][\/vc_row_inner][vc_custom_heading heading_semantic=&#8221;h5&#8243; text_size=&#8221;h3&#8243; text_align=&#8221;text-center&#8221; text_serif=&#8221;yes&#8221;]<strong>Objetivos<\/strong>[\/vc_custom_heading][vc_column_text css=&#8221;.vc_custom_1618574491820{margin-top: 15px !important;}&#8221;]Os objetivos do projeto est\u00e3o correlacionados com as motiva\u00e7\u00f5es subjacentes, em particular, dizem respeito ao fortalecimento de habilidades-chave de cidadania, como:<\/p>\n<ul>\n<li>o aprender a aprender (organizando o seu pr\u00f3prio m\u00e9todo de estudo com base nas fontes dispon\u00edveis);<\/li>\n<li>o design (desenvolver e implementar projetos que v\u00e3o ao encontro da sua personalidade);<\/li>\n<li>a comunica\u00e7\u00e3o na l\u00edngua materna e na l\u00edngua estrangeira (os projetos ser\u00e3o realizados em l\u00edngua estrangeira);<\/li>\n<li>a colabora\u00e7\u00e3o e participa\u00e7\u00e3o (todos os trabalhos ser\u00e3o realizados em grupo adotando a metodologia de aprendizagem cooperativa e tutoria);<\/li>\n<li>resolu\u00e7\u00e3o de problemas (os participantes ter\u00e3o que escolher, com total autonomia, as melhores estrat\u00e9gias de comunica\u00e7\u00e3o e TI para produ\u00e7\u00e3o do seu trabalho).<\/li>\n<\/ul>\n<p>[\/vc_column_text][vc_row_inner row_inner_height_percent=&#8221;0&#8243; overlay_alpha=&#8221;50&#8243; gutter_size=&#8221;3&#8243; shift_y=&#8221;0&#8243; z_index=&#8221;0&#8243; el_id=&#8221;ing&#8221;][vc_column_inner column_width_percent=&#8221;100&#8243; gutter_size=&#8221;3&#8243; overlay_alpha=&#8221;50&#8243; shift_x=&#8221;0&#8243; shift_y=&#8221;0&#8243; z_index=&#8221;0&#8243; medium_width=&#8221;0&#8243; mobile_width=&#8221;0&#8243; width=&#8221;1\/1&#8243;][vc_separator][\/vc_column_inner][\/vc_row_inner][vc_custom_heading heading_semantic=&#8221;h5&#8243; text_size=&#8221;h3&#8243; text_align=&#8221;text-center&#8221; text_serif=&#8221;yes&#8221;]<strong>Resultados &#8211; Produtos<\/strong>[\/vc_custom_heading][vc_column_text css=&#8221;.vc_custom_1618574529990{margin-top: 15px !important;}&#8221;]Os resultados concretos abranger\u00e3o aspectos pr\u00e1ticos, tais como: o aumento da participa\u00e7\u00e3o na vida social da comunidade estudantil (atrav\u00e9s da redescoberta e da valoriza\u00e7\u00e3o dos aspectos de valor do seu territ\u00f3rio, que constituem o substrato local da Cultura e valores europeus); maior sucesso no trabalho e no ambiente profissional, tamb\u00e9m por conta pr\u00f3pria (atrav\u00e9s do fortalecimento de compet\u00eancias cada vez mais solicitadas no mercado de trabalho tais como as de caracter lingu\u00edstico, tecnol\u00f3gico, resolu\u00e7\u00e3o de problemas); fortalecimento do sentido de comunidade europeia entre as novas gera\u00e7\u00f5es que contrasta com os fortes impulsos isolacionistas de alguns pa\u00edses;<\/p>\n<p>A abertura para o outro, tamb\u00e9m realizada atrav\u00e9s das oficinas de partilha dos documentos que permite, atrav\u00e9s da compreens\u00e3o m\u00fatua, uma contamina\u00e7\u00e3o cultural comum; a inova\u00e7\u00e3o com a utiliza\u00e7\u00e3o de novas tecnologias para combinar maior participa\u00e7\u00e3o ativa dos alunos com a redescoberta do passado e das ra\u00edzes.<\/p>\n<p>Elabora\u00e7\u00e3o de filmes que contam hist\u00f3rias da cultura e e aliam maquina\u00e7\u00e3o atual como smartfones, encena\u00e7\u00f5es com trajes que revisitam tradi\u00e7\u00f5es com os olhos postos no futuro do artesanato ou do turismo s\u00e3o produtos tang\u00edveis que mesmo assim nunca rivalizar\u00e3o com as compet\u00eancias desenvolvidas.[\/vc_column_text][vc_row_inner row_inner_height_percent=&#8221;0&#8243; overlay_alpha=&#8221;50&#8243; gutter_size=&#8221;3&#8243; shift_y=&#8221;0&#8243; z_index=&#8221;0&#8243; el_id=&#8221;ing&#8221;][vc_column_inner column_width_percent=&#8221;100&#8243; gutter_size=&#8221;3&#8243; overlay_alpha=&#8221;50&#8243; shift_x=&#8221;0&#8243; shift_y=&#8221;0&#8243; z_index=&#8221;0&#8243; medium_width=&#8221;0&#8243; mobile_width=&#8221;0&#8243; width=&#8221;1\/1&#8243;][vc_separator][\/vc_column_inner][\/vc_row_inner][vc_custom_heading heading_semantic=&#8221;h5&#8243; text_size=&#8221;h3&#8243; text_align=&#8221;text-center&#8221; text_serif=&#8221;yes&#8221;]<strong>Parceria<\/strong>[\/vc_custom_heading][vc_column_text css=&#8221;.vc_custom_1618574555696{margin-top: 15px !important;}&#8221;]<\/p>\n<ul>\n<li>CENTRO DE ESTUDIOS FOTOGR\u00c1FICOS DE CIUTAT SL, Espanha;<\/li>\n<li>Specialized Secondary school of Natural Sciences and Maths &#8221; Acad. Prof. Dr.Asen Zlatarov&#8221;, Bulg\u00e1ria;<\/li>\n<li>EK KAVALAS, Gr\u00e9cia;<\/li>\n<li>EPRALIMA_Escola Profissional do Alto Lima, Arcos de Valdevez, Portugal<\/li>\n<\/ul>\n<p>[\/vc_column_text][vc_row_inner row_inner_height_percent=&#8221;0&#8243; overlay_alpha=&#8221;50&#8243; gutter_size=&#8221;3&#8243; shift_y=&#8221;0&#8243; z_index=&#8221;0&#8243; el_id=&#8221;ing&#8221;][vc_column_inner column_width_percent=&#8221;100&#8243; gutter_size=&#8221;3&#8243; overlay_alpha=&#8221;50&#8243; shift_x=&#8221;0&#8243; shift_y=&#8221;0&#8243; z_index=&#8221;0&#8243; medium_width=&#8221;0&#8243; mobile_width=&#8221;0&#8243; width=&#8221;1\/1&#8243;][vc_separator][\/vc_column_inner][\/vc_row_inner][vc_custom_heading heading_semantic=&#8221;h5&#8243; text_size=&#8221;h3&#8243; text_align=&#8221;text-center&#8221; text_serif=&#8221;yes&#8221; el_class=&#8221;info&#8221;]<strong>Mais Informa\u00e7\u00f5es<\/strong>[\/vc_custom_heading][vc_column_text css=&#8221;.vc_custom_1618574606985{margin-top: 15px !important;}&#8221;]<a href=\"https:\/\/www.facebook.com\/groups\/817711295354060\/\">https:\/\/www.facebook.com\/groups\/817711295354060\/<br \/>\n<\/a><a href=\"https:\/\/sites.google.com\/view\/rediscovery-of-cultural-roots\/home?fbclid=IwAR0f6AkFp5ErnxE-f1yGV0dAtttDVorJxV1c2AkUhHdtfqAsB61knYKIBlA\">https:\/\/sites.google.com\/view\/rediscovery-of-cultural-roots\/home?fbclid=IwAR0f6AkFp5ErnxE-f1yGV0dAtttDVorJxV1c2AkUhHdtfqAsB61knYKIBlA<\/a>[\/vc_column_text][\/vc_column][\/vc_row]<\/p>\n<\/div>","protected":false},"excerpt":{"rendered":"<p>[vc_row row_height_percent=&#8221;0&#8243; override_padding=&#8221;yes&#8221; h_padding=&#8221;0&#8243; top_padding=&#8221;3&#8243; bottom_padding=&#8221;3&#8243; overlay_alpha=&#8221;0&#8243; gutter_size=&#8221;100&#8243; shift_y=&#8221;0&#8243; style=&#8221;inherited&#8221;][vc_column column_width_percent=&#8221;100&#8243; position_horizontal=&#8221;left&#8221; gutter_size=&#8221;4&#8243; style=&#8221;light&#8221; overlay_alpha=&#8221;100&#8243; shift_x=&#8221;0&#8243; shift_y=&#8221;0&#8243; z_index=&#8221;0&#8243; medium_width=&#8221;0&#8243; zoom_width=&#8221;0&#8243; [&hellip;]<\/p>\n","protected":false},"author":1,"featured_media":89785,"parent":0,"menu_order":0,"comment_status":"open","ping_status":"open","template":"","meta":{"_acf_changed":false,"om_disable_all_campaigns":false,"_monsterinsights_skip_tracking":false,"_monsterinsights_sitenote_active":false,"_monsterinsights_sitenote_note":"","_monsterinsights_sitenote_category":0,"_uf_show_specific_survey":0,"_uf_disable_surveys":false,"footnotes":""},"portfolio_category":[120],"class_list":["post-89784","portfolio","type-portfolio","status-publish","has-post-thumbnail","hentry","portfolio_category-projetos-internacionais"],"acf":[],"aioseo_notices":[],"_links":{"self":[{"href":"https:\/\/www.epralima.com\/website\/wp-json\/wp\/v2\/portfolio\/89784","targetHints":{"allow":["GET"]}}],"collection":[{"href":"https:\/\/www.epralima.com\/website\/wp-json\/wp\/v2\/portfolio"}],"about":[{"href":"https:\/\/www.epralima.com\/website\/wp-json\/wp\/v2\/types\/portfolio"}],"author":[{"embeddable":true,"href":"https:\/\/www.epralima.com\/website\/wp-json\/wp\/v2\/users\/1"}],"replies":[{"embeddable":true,"href":"https:\/\/www.epralima.com\/website\/wp-json\/wp\/v2\/comments?post=89784"}],"version-history":[{"count":2,"href":"https:\/\/www.epralima.com\/website\/wp-json\/wp\/v2\/portfolio\/89784\/revisions"}],"predecessor-version":[{"id":90103,"href":"https:\/\/www.epralima.com\/website\/wp-json\/wp\/v2\/portfolio\/89784\/revisions\/90103"}],"wp:featuredmedia":[{"embeddable":true,"href":"https:\/\/www.epralima.com\/website\/wp-json\/wp\/v2\/media\/89785"}],"wp:attachment":[{"href":"https:\/\/www.epralima.com\/website\/wp-json\/wp\/v2\/media?parent=89784"}],"wp:term":[{"taxonomy":"portfolio_category","embeddable":true,"href":"https:\/\/www.epralima.com\/website\/wp-json\/wp\/v2\/portfolio_category?post=89784"}],"curies":[{"name":"wp","href":"https:\/\/api.w.org\/{rel}","templated":true}]}}