{"id":89762,"date":"2021-03-16T09:20:53","date_gmt":"2021-03-16T09:20:53","guid":{"rendered":"http:\/\/epralima.com\/website\/?post_type=portfolio&#038;p=89762"},"modified":"2021-05-17T13:27:43","modified_gmt":"2021-05-17T13:27:43","slug":"eurspace","status":"publish","type":"portfolio","link":"https:\/\/www.epralima.com\/website\/portfolio\/eurspace\/","title":{"rendered":"EURspace"},"content":{"rendered":"<div class=\"wpb-content-wrapper\"><p>[vc_row row_height_percent=&#8221;0&#8243; override_padding=&#8221;yes&#8221; h_padding=&#8221;0&#8243; top_padding=&#8221;3&#8243; bottom_padding=&#8221;3&#8243; overlay_alpha=&#8221;0&#8243; gutter_size=&#8221;100&#8243; shift_y=&#8221;0&#8243; style=&#8221;inherited&#8221;][vc_column column_width_percent=&#8221;100&#8243; position_horizontal=&#8221;left&#8221; gutter_size=&#8221;4&#8243; style=&#8221;light&#8221; overlay_alpha=&#8221;100&#8243; shift_x=&#8221;0&#8243; shift_y=&#8221;0&#8243; z_index=&#8221;0&#8243; medium_width=&#8221;0&#8243; zoom_width=&#8221;0&#8243; zoom_height=&#8221;0&#8243; width=&#8221;1\/1&#8243;][vc_gallery el_id=&#8221;gallery-749185&#8243; type=&#8221;carousel&#8221; medias=&#8221;89763&#8243; carousel_lg=&#8221;1&#8243; carousel_md=&#8221;1&#8243; carousel_sm=&#8221;1&#8243; thumb_size=&#8221;sixteen-nine&#8221; gutter_size=&#8221;0&#8243; media_items=&#8221;media|nolink|original,icon&#8221; carousel_type=&#8221;fade&#8221; carousel_interval=&#8221;5000&#8243; carousel_navspeed=&#8221;1000&#8243; carousel_loop=&#8221;yes&#8221; carousel_nav=&#8221;yes&#8221; carousel_dots=&#8221;yes&#8221; carousel_dots_inside=&#8221;yes&#8221; carousel_dot_padding=&#8221;2&#8243; stage_padding=&#8221;0&#8243; single_overlay_opacity=&#8221;50&#8243; single_overlay_anim=&#8221;no&#8221; single_text_anim=&#8221;no&#8221; single_image_anim=&#8221;no&#8221; single_padding=&#8221;2&#8243; single_border=&#8221;yes&#8221;][vc_custom_heading heading_semantic=&#8221;h5&#8243; text_size=&#8221;h3&#8243; text_align=&#8221;text-center&#8221; text_serif=&#8221;yes&#8221;]<strong>Descri\u00e7\u00e3o Geral do Projeto<\/strong>[\/vc_custom_heading][vc_column_text css=&#8221;.vc_custom_1618564203633{margin-top: 15px !important;}&#8221;]<span lang=\"PT-BR\">O Projeto EURspace tem por objetivo geral contribuir para o desenvolvimento de uma \u00e1rea Europeia de compet\u00eancias e de qualifica\u00e7\u00f5es, atrav\u00e9s do desenvolvimento de uma Plataforma Europeia para apoiar e assegurar o reconhecimento, a valida\u00e7\u00e3o, a atribui\u00e7\u00e3o de cr\u00e9ditos e a certifica\u00e7\u00e3o de unidades de forma\u00e7\u00e3o no \u00e2mbito da FPI, realizadas noutros pa\u00edses Europeus, permitindo a combina\u00e7\u00e3o de abordagens te\u00f3ricas e pr\u00e1ticas, e alargando a \u2018vis\u00e3o\u2019 nacional \u00e0 \u2018vis\u00e3o\u2019 europeia, no contexto da qualifica\u00e7\u00e3o profissional inicial de jovens.<\/span><\/p>\n<p><span lang=\"PT-BR\">Este projeto tem subjacente a necessidade de valorizar, credibilizar, reconhecer e certificar as aprendizagens desenvolvidas em est\u00e1gios\/mobilidades na Europa, pela via do reconhecimento dessas compet\u00eancias no \u00e2mbito da qualifica\u00e7\u00e3o profissional inicial que os alunos est\u00e3o a frequentar.<\/span><\/p>\n<p><span lang=\"PT-BR\">O projeto tem interesse para entidades que promovem Educa\u00e7\u00e3o e Forma\u00e7\u00e3o Profissional ao n\u00edvel Europeu e tem forte potencial de apropria\u00e7\u00e3o e dissemina\u00e7\u00e3o para v\u00e1rias \u00e1reas de forma\u00e7\u00e3o, inclusive, a metodologia pode ser transfer\u00edvel a outros n\u00edveis de forma\u00e7\u00e3o.<\/span><\/p>\n<p><span lang=\"PT-BR\">O projeto tem subjacente o desenvolvimento de uma metodologia e de instrumentos pedag\u00f3gicos para apoiar os processos de avalia\u00e7\u00e3o, reconhecimento e valida\u00e7\u00e3o de resultados de aprendizagem desenvolvidos noutros pa\u00edses, em contextos formais de aprendizagem, culminando no desenvolvimento de uma Plataforma Digital Europeia para suportar estes processos.<\/span><\/p>\n<p><span lang=\"PT-BR\">Os procedimentos metodol\u00f3gicos ser\u00e3o implementados por refer\u00eancia \u00e0s recomenda\u00e7\u00f5es Europeias sobre o ECVET, o QEQ e o EQUAVET, tendo por referente a Recomenda\u00e7\u00e3o do Parlamento Europeu e do Conselho, de 18 de Junho de 2009.<\/span>[\/vc_column_text][vc_row_inner row_inner_height_percent=&#8221;0&#8243; overlay_alpha=&#8221;50&#8243; gutter_size=&#8221;3&#8243; shift_y=&#8221;0&#8243; z_index=&#8221;0&#8243; el_id=&#8221;ing&#8221;][vc_column_inner column_width_percent=&#8221;100&#8243; gutter_size=&#8221;3&#8243; overlay_alpha=&#8221;50&#8243; shift_x=&#8221;0&#8243; shift_y=&#8221;0&#8243; z_index=&#8221;0&#8243; medium_width=&#8221;0&#8243; mobile_width=&#8221;0&#8243; width=&#8221;1\/1&#8243;][vc_separator][\/vc_column_inner][\/vc_row_inner][vc_custom_heading heading_semantic=&#8221;h5&#8243; text_size=&#8221;h3&#8243; text_align=&#8221;text-center&#8221; text_serif=&#8221;yes&#8221;]<strong>Grupo-alvo<\/strong>[\/vc_custom_heading][vc_column_text css=&#8221;.vc_custom_1618564216576{margin-top: 15px !important;}&#8221;]<\/p>\n<ol>\n<li><span lang=\"PT-BR\">Profissionais que trabalham em Projetos de Mobilidade Europeia; Professores, Formadores e Profissionais de Educa\u00e7\u00e3o e Forma\u00e7\u00e3o Profissional Inicial;<\/span><\/li>\n<li><span lang=\"PT-BR\">Escolas Profissionais; Entidades \/ Centros que promovem Educa\u00e7\u00e3o e Forma\u00e7\u00e3o Profissional; Entidades envolvidas em Programas de Mobilidade Europeia para jovens em FPI (entidades de envio, entidades intermedi\u00e1rias, entidades de acolhimento, organiza\u00e7\u00f5es creditadas pelas entidades de acolhimento para realizar FCT para alunos em FPI);<\/span><\/li>\n<li><span lang=\"PT-BR\">Jovens em Forma\u00e7\u00e3o Profissional Inicial.<\/span><\/li>\n<\/ol>\n<p>[\/vc_column_text][vc_row_inner row_inner_height_percent=&#8221;0&#8243; overlay_alpha=&#8221;50&#8243; gutter_size=&#8221;3&#8243; shift_y=&#8221;0&#8243; z_index=&#8221;0&#8243; el_id=&#8221;ing&#8221;][vc_column_inner column_width_percent=&#8221;100&#8243; gutter_size=&#8221;3&#8243; overlay_alpha=&#8221;50&#8243; shift_x=&#8221;0&#8243; shift_y=&#8221;0&#8243; z_index=&#8221;0&#8243; medium_width=&#8221;0&#8243; mobile_width=&#8221;0&#8243; width=&#8221;1\/1&#8243;][vc_separator][\/vc_column_inner][\/vc_row_inner][vc_custom_heading heading_semantic=&#8221;h5&#8243; text_size=&#8221;h3&#8243; text_align=&#8221;text-center&#8221; text_serif=&#8221;yes&#8221;]<strong>Atividades<\/strong>[\/vc_custom_heading][vc_column_text css=&#8221;.vc_custom_1618564917870{margin-top: 15px !important;}&#8221;]<\/p>\n<ul>\n<li><span lang=\"PT-BR\">Desenvolver uma Plataforma Digital para apoiar e assegurar o reconhecimento, a valida\u00e7\u00e3o, a atribui\u00e7\u00e3o de cr\u00e9ditos e a certifica\u00e7\u00e3o de qualifica\u00e7\u00f5es e\/ou unidades de forma\u00e7\u00e3o, baseadas em resultados de aprendizagem, entre pa\u00edses europeus, no \u00e2mbito dos Cursos de FPI, por refer\u00eancia \u00e0s orienta\u00e7\u00f5es e recomenda\u00e7\u00f5es europeias (ECVET, QEQ, EQAVET);<\/span><\/li>\n<li><span lang=\"PT-BR\">Implementar um Projeto Piloto para o m\u00fatuo reconhecimento, valida\u00e7\u00e3o e certifica\u00e7\u00e3o de qualifica\u00e7\u00f5es e\/ou de unidades de aprendizagem, entre pa\u00edses europeus, na \u00e1rea de Hotelaria e Restaura\u00e7\u00e3o, especificamente, da componente t\u00e9cnica dos Cursos T\u00e9cnicos de Restaura\u00e7\u00e3o, sa\u00eddas profissionais T\u00e9c. de Cozinha-Pastelaria e T\u00e9c. de Restaurante-Bar;<\/span><\/li>\n<li><span lang=\"PT-BR\">Elaborar matrizes de correspond\u00eancia entre os planos curriculares dos v\u00e1rios pa\u00edses;<\/span><\/li>\n<li><span lang=\"PT-BR\">Conceber um Kit Pedag\u00f3gico EURspace, constitu\u00eddo por um Guia Metodol\u00f3gico para Profissionais (guia descritivo da metodologia seguida);<\/span><\/li>\n<li><span lang=\"PT-BR\">Elaborar um Guia de Apoio \u00e0 Compreens\u00e3o do ECVET para Jovens em FPI \u2013 EURspace for Youths in IVT;<\/span><\/li>\n<li><span lang=\"PT-BR\">Atividade de Forma\u00e7\u00e3o de Curta Dura\u00e7\u00e3o sobre os recursos do projeto, a realizar em Portugal, dirigida a profissionais de educa\u00e7\u00e3o e forma\u00e7\u00e3o profissional;<\/span><\/li>\n<li><span lang=\"PT-BR\">Workshops, intitulado \u201cInstrumentos Sustent\u00e1veis no \u00e2mbito do Ensino e Forma\u00e7\u00e3o Profissional Inicial para um Espa\u00e7o Europeu de Compet\u00eancias e Qualifica\u00e7\u00f5es\u201d, a realizar nos pa\u00edses que comp\u00f5em a parceria,com o objetivo de apresentar e disseminar os principais resultados e outputs do Projeto EURspace: Plataforma Europeia de Apoio \u00e0 Credita\u00e7\u00e3o, Reconhecimento, Valida\u00e7\u00e3o e Certifica\u00e7\u00e3o no \u00e2mbito da Forma\u00e7\u00e3o Profissional Inicial; Kit Pedag\u00f3gico EURspace; Guia de Apoio \u00e0 Compreens\u00e3o do ECVET para Jovens em FPI;<\/span><\/li>\n<\/ul>\n<p>[\/vc_column_text][vc_row_inner row_inner_height_percent=&#8221;0&#8243; overlay_alpha=&#8221;50&#8243; gutter_size=&#8221;3&#8243; shift_y=&#8221;0&#8243; z_index=&#8221;0&#8243; el_id=&#8221;ing&#8221;][vc_column_inner column_width_percent=&#8221;100&#8243; gutter_size=&#8221;3&#8243; overlay_alpha=&#8221;50&#8243; shift_x=&#8221;0&#8243; shift_y=&#8221;0&#8243; z_index=&#8221;0&#8243; medium_width=&#8221;0&#8243; mobile_width=&#8221;0&#8243; width=&#8221;1\/1&#8243;][vc_separator][\/vc_column_inner][\/vc_row_inner][vc_custom_heading heading_semantic=&#8221;h5&#8243; text_size=&#8221;h3&#8243; text_align=&#8221;text-center&#8221; text_serif=&#8221;yes&#8221;]<strong>Parceria<\/strong>[\/vc_custom_heading][vc_column_text css=&#8221;.vc_custom_1618564248946{margin-top: 15px !important;}&#8221;]<span lang=\"PT-BR\">A parceria \u00e9 constitu\u00edda por 8 entidades de 7 pa\u00edses Europeus:<\/span><\/p>\n<ul>\n<li><span lang=\"EN-US\">Vilnius Tourism and Commerce School (Litu\u00e2nia);<\/span><\/li>\n<li><span lang=\"EN-US\">Colegiul Tehnic Gheorghe Cartianu (Rom\u00e9nia);<\/span><\/li>\n<li><span lang=\"EN-US\">Heziketa Teknikoko Elkartea (Espanha);<\/span><\/li>\n<li><span lang=\"EN-US\">Zeynep Mehmet D\u00f6nmez Mesleki ve Teknik Anadolu Lisesi (Turquia);<\/span><\/li>\n<li><span lang=\"EN-US\">Sustainable Develoment Management Institute (Fran\u00e7a);<\/span><\/li>\n<li><span lang=\"PT-BR\">Associazone CNOS FAP Regione Umbria (It\u00e1lia);<\/span><\/li>\n<li><span lang=\"PT-BR\">Inercia Digital S.L. (Espanha).<\/span><\/li>\n<\/ul>\n<p>[\/vc_column_text][vc_row_inner row_inner_height_percent=&#8221;0&#8243; overlay_alpha=&#8221;50&#8243; gutter_size=&#8221;3&#8243; shift_y=&#8221;0&#8243; z_index=&#8221;0&#8243; el_id=&#8221;ing&#8221;][vc_column_inner column_width_percent=&#8221;100&#8243; gutter_size=&#8221;3&#8243; overlay_alpha=&#8221;50&#8243; shift_x=&#8221;0&#8243; shift_y=&#8221;0&#8243; z_index=&#8221;0&#8243; medium_width=&#8221;0&#8243; mobile_width=&#8221;0&#8243; width=&#8221;1\/1&#8243;][vc_separator][\/vc_column_inner][\/vc_row_inner][vc_custom_heading heading_semantic=&#8221;h5&#8243; text_size=&#8221;h3&#8243; text_align=&#8221;text-center&#8221; text_serif=&#8221;yes&#8221; el_class=&#8221;info&#8221;]<strong>Mais Informa\u00e7\u00f5es<\/strong>[\/vc_custom_heading][vc_column_text css=&#8221;.vc_custom_1621258058658{margin-top: 15px !important;}&#8221;]<a href=\"http:\/\/www.eurspace.eu\">http:\/\/www.eurspace.eu<\/a>[\/vc_column_text][\/vc_column][\/vc_row]<\/p>\n<\/div>","protected":false},"excerpt":{"rendered":"<p>[vc_row row_height_percent=&#8221;0&#8243; override_padding=&#8221;yes&#8221; h_padding=&#8221;0&#8243; top_padding=&#8221;3&#8243; bottom_padding=&#8221;3&#8243; overlay_alpha=&#8221;0&#8243; gutter_size=&#8221;100&#8243; shift_y=&#8221;0&#8243; style=&#8221;inherited&#8221;][vc_column column_width_percent=&#8221;100&#8243; position_horizontal=&#8221;left&#8221; gutter_size=&#8221;4&#8243; style=&#8221;light&#8221; overlay_alpha=&#8221;100&#8243; shift_x=&#8221;0&#8243; shift_y=&#8221;0&#8243; z_index=&#8221;0&#8243; medium_width=&#8221;0&#8243; zoom_width=&#8221;0&#8243; [&hellip;]<\/p>\n","protected":false},"author":1,"featured_media":89763,"parent":0,"menu_order":0,"comment_status":"open","ping_status":"open","template":"","meta":{"_acf_changed":false,"om_disable_all_campaigns":false,"_monsterinsights_skip_tracking":false,"_monsterinsights_sitenote_active":false,"_monsterinsights_sitenote_note":"","_monsterinsights_sitenote_category":0,"_uf_show_specific_survey":0,"_uf_disable_surveys":false,"footnotes":""},"portfolio_category":[120],"class_list":["post-89762","portfolio","type-portfolio","status-publish","has-post-thumbnail","hentry","portfolio_category-projetos-internacionais"],"acf":[],"aioseo_notices":[],"_links":{"self":[{"href":"https:\/\/www.epralima.com\/website\/wp-json\/wp\/v2\/portfolio\/89762","targetHints":{"allow":["GET"]}}],"collection":[{"href":"https:\/\/www.epralima.com\/website\/wp-json\/wp\/v2\/portfolio"}],"about":[{"href":"https:\/\/www.epralima.com\/website\/wp-json\/wp\/v2\/types\/portfolio"}],"author":[{"embeddable":true,"href":"https:\/\/www.epralima.com\/website\/wp-json\/wp\/v2\/users\/1"}],"replies":[{"embeddable":true,"href":"https:\/\/www.epralima.com\/website\/wp-json\/wp\/v2\/comments?post=89762"}],"version-history":[{"count":4,"href":"https:\/\/www.epralima.com\/website\/wp-json\/wp\/v2\/portfolio\/89762\/revisions"}],"predecessor-version":[{"id":90695,"href":"https:\/\/www.epralima.com\/website\/wp-json\/wp\/v2\/portfolio\/89762\/revisions\/90695"}],"wp:featuredmedia":[{"embeddable":true,"href":"https:\/\/www.epralima.com\/website\/wp-json\/wp\/v2\/media\/89763"}],"wp:attachment":[{"href":"https:\/\/www.epralima.com\/website\/wp-json\/wp\/v2\/media?parent=89762"}],"wp:term":[{"taxonomy":"portfolio_category","embeddable":true,"href":"https:\/\/www.epralima.com\/website\/wp-json\/wp\/v2\/portfolio_category?post=89762"}],"curies":[{"name":"wp","href":"https:\/\/api.w.org\/{rel}","templated":true}]}}