{"id":89751,"date":"2021-03-15T16:02:42","date_gmt":"2021-03-15T16:02:42","guid":{"rendered":"http:\/\/epralima.com\/website\/?post_type=portfolio&#038;p=89751"},"modified":"2021-04-26T11:54:37","modified_gmt":"2021-04-26T11:54:37","slug":"epralima-in-action","status":"publish","type":"portfolio","link":"https:\/\/www.epralima.com\/website\/portfolio\/epralima-in-action\/","title":{"rendered":"Epralima in Action"},"content":{"rendered":"<div class=\"wpb-content-wrapper\"><p>[vc_row row_height_percent=&#8221;0&#8243; override_padding=&#8221;yes&#8221; h_padding=&#8221;0&#8243; top_padding=&#8221;3&#8243; bottom_padding=&#8221;3&#8243; overlay_alpha=&#8221;0&#8243; gutter_size=&#8221;100&#8243; shift_y=&#8221;0&#8243; style=&#8221;inherited&#8221;][vc_column column_width_percent=&#8221;100&#8243; position_horizontal=&#8221;left&#8221; gutter_size=&#8221;4&#8243; style=&#8221;light&#8221; overlay_alpha=&#8221;100&#8243; shift_x=&#8221;0&#8243; shift_y=&#8221;0&#8243; z_index=&#8221;0&#8243; medium_width=&#8221;0&#8243; zoom_width=&#8221;0&#8243; zoom_height=&#8221;0&#8243; width=&#8221;1\/1&#8243;][vc_gallery el_id=&#8221;gallery-749185&#8243; type=&#8221;carousel&#8221; medias=&#8221;89752&#8243; carousel_lg=&#8221;1&#8243; carousel_md=&#8221;1&#8243; carousel_sm=&#8221;1&#8243; thumb_size=&#8221;sixteen-nine&#8221; gutter_size=&#8221;0&#8243; media_items=&#8221;media|nolink|original,icon&#8221; carousel_type=&#8221;fade&#8221; carousel_interval=&#8221;5000&#8243; carousel_navspeed=&#8221;1000&#8243; carousel_loop=&#8221;yes&#8221; carousel_nav=&#8221;yes&#8221; carousel_dots=&#8221;yes&#8221; carousel_dots_inside=&#8221;yes&#8221; carousel_dot_padding=&#8221;2&#8243; stage_padding=&#8221;0&#8243; single_overlay_opacity=&#8221;50&#8243; single_overlay_anim=&#8221;no&#8221; single_text_anim=&#8221;no&#8221; single_image_anim=&#8221;no&#8221; single_padding=&#8221;2&#8243; single_border=&#8221;yes&#8221;][vc_custom_heading heading_semantic=&#8221;h5&#8243; text_size=&#8221;h3&#8243; text_align=&#8221;text-center&#8221; text_serif=&#8221;yes&#8221;]<strong>Descri\u00e7\u00e3o Geral do Projeto<\/strong>[\/vc_custom_heading][vc_column_text css=&#8221;.vc_custom_1618502947719{margin-top: 15px !important;}&#8221;]A solidariedade \u00e9 um trajeto para a transforma\u00e7\u00e3o cultural indispens\u00e1vel em muitas tem\u00e1ticas com as quais lidamos\/trabalhamos todos os dias. Cada um de n\u00f3s, de acordo com a sua experi\u00eancia, conhecimento e sabedoria ter\u00e1 algo a dizer quando questionado com a quest\u00e3o \u201cComo desenvolver a solidariedade?\u201d e sugest\u00f5es de atividades\/iniciativas para a concretiza\u00e7\u00e3o de objetivos a que se prop\u00f5em.<\/p>\n<p>A solidariedade \u00e9 um dos princ\u00edpios b\u00e1sicos da democracia e exige a colabora\u00e7\u00e3o das pessoas e entre as pessoas. Acreditamos que a escola \u00e9 um ambiente privilegiado para a prepara\u00e7\u00e3o, organiza\u00e7\u00e3o e implementa\u00e7\u00e3o de Projetos Solid\u00e1rios. A escola, atrav\u00e9s dos seus volunt\u00e1rios implementar\u00e1 o desenvolvimento de uma educa\u00e7\u00e3o voltada para o respeito \u00e0 vida e ao pr\u00f3ximo (promo\u00e7\u00e3o da sa\u00fade e bem-estar, conserva\u00e7\u00e3o do meio ambiente), para a promo\u00e7\u00e3o de valores como o amor, partilha, dignidade, coopera\u00e7\u00e3o e igualdade de oportunidades. Procurar-se-\u00e1 fomentar uma educa\u00e7\u00e3o baseada nas rela\u00e7\u00f5es de reciprocidade, de respeito e compreens\u00e3o e n\u00e3o na competi\u00e7\u00e3o, no individualismo e no egocentrismo.[\/vc_column_text][vc_row_inner row_inner_height_percent=&#8221;0&#8243; overlay_alpha=&#8221;50&#8243; gutter_size=&#8221;3&#8243; shift_y=&#8221;0&#8243; z_index=&#8221;0&#8243; el_id=&#8221;ing&#8221;][vc_column_inner column_width_percent=&#8221;100&#8243; gutter_size=&#8221;3&#8243; overlay_alpha=&#8221;50&#8243; shift_x=&#8221;0&#8243; shift_y=&#8221;0&#8243; z_index=&#8221;0&#8243; medium_width=&#8221;0&#8243; mobile_width=&#8221;0&#8243; width=&#8221;1\/1&#8243;][vc_separator][\/vc_column_inner][\/vc_row_inner][vc_custom_heading heading_semantic=&#8221;h5&#8243; text_size=&#8221;h3&#8243; text_align=&#8221;text-center&#8221; text_serif=&#8221;yes&#8221;]<strong>Grupo-alvo<\/strong>[\/vc_custom_heading][vc_column_text css=&#8221;.vc_custom_1618502282918{margin-top: 15px !important;}&#8221;]O projeto ter\u00e1 a dura\u00e7\u00e3o de 12 meses e vai ser um projeto liderado por um grupo de 5 volunt\u00e1rios da escola, no sentido de levar a cabo uma s\u00e9rie de atividades e iniciativas em benef\u00edcio da comunidade local. Ser\u00e3o desenvolvidas atividades e iniciativas que demonstrem solidariedade e respeito perante a comunidade local com o objetivo de introduzir mudan\u00e7a positiva.<\/p>\n<p>Toda a planifica\u00e7\u00e3o est\u00e1 articulada com a escola e seus parceiros estrat\u00e9gicos (autoridades locais, tecido empresarial, institui\u00e7\u00f5es de apoio social, associa\u00e7\u00f5es, entre outras coletividades) para a realiza\u00e7\u00e3o de atividades junto da comunidade local.<\/p>\n<p>O projeto visa alcan\u00e7ar tr\u00eas tipos de p\u00fablico-alvo: os jovens, a comunidade local e o tecido empresarial.<\/p>\n<p>Os primeiros, atrav\u00e9s do voluntariado, ter\u00e3o oportunidade de se tornarem cidad\u00e3os globais e agentes da mudan\u00e7a. Tornam-se agentes de transforma\u00e7\u00e3o e v\u00e3o doar tempo, conhecimento no sentido de produzir mudan\u00e7as positivas e diminuir diferen\u00e7as sociais. Ir\u00e3o sensibilizar, atrav\u00e9s do\u00a0<em>peer to peer<\/em>, outros jovens demonstrando a oportunidade de vivenciar s\u00e9rios problemas sociais, de conviverem com uma realidade diferente da sua e transporem para a pr\u00e1tica as li\u00e7\u00f5es de cidadania e responsabilidade social aprendidas em sala de aula. Acreditamos que desta forma, os jovens em geral se tornem mais respons\u00e1veis, solid\u00e1rios, conscientes dos problemas da sociedade e comprometidos com a transforma\u00e7\u00e3o positiva da sua comunidade.<\/p>\n<p>A comunidade local tamb\u00e9m beneficia com a implementa\u00e7\u00e3o do projeto na medida em que v\u00ea a \u201csua vida\u201d modificada pelas a\u00e7\u00f5es do projeto. Vivemos num mundo global que nos desafia constantemente e p\u00f5e \u00e0 prova as nossas capacidades, os nossos conhecimentos, a estrutura e o entendimento da realidade que nos cerca. Vivemos em tempos de crise, de mudan\u00e7a constante, de intera\u00e7\u00f5es permanentes que nos obrigam\/desafiam a questionar as nossas atitudes e comportamentos, a nossa \u00e9tica, a nossa solidariedade, a nossa colabora\u00e7\u00e3o\/partilha, entre muitas outras coisas. Vivenciando e participando nas atividades desenvolvidas pelo projeto, a comunidade ficar\u00e1 sensibilizada e motivada a alterar alguns comportamentos, pensamentos e at\u00e9 mais ativa a participar em atividades de benef\u00edcio comum.<\/p>\n<p>Por \u00faltimo, todas as organiza\u00e7\u00f5es, tecido empresarial e institui\u00e7\u00f5es locais ser\u00e3o beneficiadas porque ir\u00e3o inserir ou promover valores de responsabilidade individual e social no ambiente de trabalho, atrav\u00e9s da promo\u00e7\u00e3o e incentivo de uma cultura de cidadania, assim como, a valoriza\u00e7\u00e3o do compromisso \u00e9tico, de rela\u00e7\u00f5es duradoras e de confian\u00e7a com a sociedade.<\/p>\n<p><strong>As tr\u00eas grandes \u00e1reas a trabalhar no projeto s\u00e3o:<\/strong><\/p>\n<ol>\n<li>A\u00e7\u00e3o clim\u00e1tica, meio ambiente e prote\u00e7\u00e3o da natureza;<\/li>\n<li>Sa\u00fade e bem-estar;<\/li>\n<li>Educa\u00e7\u00e3o f\u00edsica e desporto.<\/li>\n<\/ol>\n<p>[\/vc_column_text][vc_row_inner row_inner_height_percent=&#8221;0&#8243; overlay_alpha=&#8221;50&#8243; gutter_size=&#8221;3&#8243; shift_y=&#8221;0&#8243; z_index=&#8221;0&#8243; el_id=&#8221;ing&#8221;][vc_column_inner column_width_percent=&#8221;100&#8243; gutter_size=&#8221;3&#8243; overlay_alpha=&#8221;50&#8243; shift_x=&#8221;0&#8243; shift_y=&#8221;0&#8243; z_index=&#8221;0&#8243; medium_width=&#8221;0&#8243; mobile_width=&#8221;0&#8243; width=&#8221;1\/1&#8243;][vc_separator][\/vc_column_inner][\/vc_row_inner][vc_custom_heading heading_semantic=&#8221;h5&#8243; text_size=&#8221;h3&#8243; text_align=&#8221;text-center&#8221; text_serif=&#8221;yes&#8221;]<strong>Atividades<\/strong>[\/vc_custom_heading][vc_column_text css=&#8221;.vc_custom_1618502301130{margin-top: 15px !important;}&#8221;]O projeto ir\u00e1 ser executado pelos 5 volunt\u00e1rios, em articula\u00e7\u00e3o com o\u00a0<em>Coach<\/em>, com a Dire\u00e7\u00e3o Pedag\u00f3gica e com os Diretores de Turma da escola numa primeira fase e, em articula\u00e7\u00e3o com a rede de parceiros da escola, C\u00e2mara Municipal de Arcos de Valdevez, Juntas de Freguesia, Delega\u00e7\u00e3o local da Cruz Vermelha Portuguesa, associa\u00e7\u00f5es\/coletividades do munic\u00edpio e institui\u00e7\u00f5es de apoio social aquando da organiza\u00e7\u00e3o e implementa\u00e7\u00e3o das atividades na comunidade local.<\/p>\n<p>A escola \u00e9 consciente do seu poder enquanto centro de atividade local, com profunda interven\u00e7\u00e3o pessoal e social e o presente projeto visa promover atividades e iniciativas que visem trabalhar para uma cidadania ativa\/democr\u00e1tica como fator de coes\u00e3o social, compreens\u00e3o m\u00fatua, di\u00e1logo intercultural, reflex\u00e3o cr\u00edtica, promo\u00e7\u00e3o da igualdade de g\u00e9nero\/oportunidades, estabelecimento de rela\u00e7\u00f5es harmoniosas e pac\u00edficas nas pessoas e entre as pessoas, sensibiliza\u00e7\u00e3o para a a\u00e7\u00e3o clim\u00e1tica e prote\u00e7\u00e3o do meio ambiente, promo\u00e7\u00e3o da sa\u00fade e bem-estar e promo\u00e7\u00e3o da atividade f\u00edsica. Pretende-se, no fundo, que as pessoas se desenvolvam enquanto cidad\u00e3os ativos e cr\u00edticos face ao mundo que os rodeia.<\/p>\n<p>Para isso, ser\u00e3o realizadas v\u00e1rias atividades quer na escola quer na pr\u00f3pria comunidade que ir\u00e3o ao encontro \u00e0s seguintes tem\u00e1ticas: a promo\u00e7\u00e3o do Voluntariado; Direitos Humanos; Igualdade de G\u00e9nero e de Oportunidades; Educa\u00e7\u00e3o Ambiental \/ Desenvolvimento Sustent\u00e1vel; Educa\u00e7\u00e3o para Estilos de Vida Saud\u00e1veis \/ Educa\u00e7\u00e3o para a Sa\u00fade e Bem-estar; Educa\u00e7\u00e3o Rodovi\u00e1ria.[\/vc_column_text][vc_row_inner row_inner_height_percent=&#8221;0&#8243; overlay_alpha=&#8221;50&#8243; gutter_size=&#8221;3&#8243; shift_y=&#8221;0&#8243; z_index=&#8221;0&#8243; el_id=&#8221;ing&#8221;][vc_column_inner column_width_percent=&#8221;100&#8243; gutter_size=&#8221;3&#8243; overlay_alpha=&#8221;50&#8243; shift_x=&#8221;0&#8243; shift_y=&#8221;0&#8243; z_index=&#8221;0&#8243; medium_width=&#8221;0&#8243; mobile_width=&#8221;0&#8243; width=&#8221;1\/1&#8243;][vc_separator][\/vc_column_inner][\/vc_row_inner][vc_custom_heading heading_semantic=&#8221;h5&#8243; text_size=&#8221;h3&#8243; text_align=&#8221;text-center&#8221; text_serif=&#8221;yes&#8221;]<strong>Resultados &#8211; Produtos<\/strong>[\/vc_custom_heading][vc_column_text css=&#8221;.vc_custom_1618502316800{margin-top: 15px !important;}&#8221;]A ambi\u00e7\u00e3o deste projeto \u00e9 conseguir envolver um grande n\u00famero de jovens e a comunidade local nas diversas atividades a realizar, assim como, contribuir para a altera\u00e7\u00e3o de comportamentos e atitudes de forma a introduzir mudan\u00e7as positivas e significativas nas vidas de cada um e da sociedade em geral. Pretende-se que a informa\u00e7\u00e3o seja de f\u00e1cil acesso e que ajude a consciencializar para a pr\u00e1tica de uma cidadania ativa, participativa, reflexiva e proactiva.[\/vc_column_text][\/vc_column][\/vc_row]<\/p>\n<\/div>","protected":false},"excerpt":{"rendered":"<p>[vc_row row_height_percent=&#8221;0&#8243; override_padding=&#8221;yes&#8221; h_padding=&#8221;0&#8243; top_padding=&#8221;3&#8243; bottom_padding=&#8221;3&#8243; overlay_alpha=&#8221;0&#8243; gutter_size=&#8221;100&#8243; shift_y=&#8221;0&#8243; style=&#8221;inherited&#8221;][vc_column column_width_percent=&#8221;100&#8243; position_horizontal=&#8221;left&#8221; gutter_size=&#8221;4&#8243; style=&#8221;light&#8221; overlay_alpha=&#8221;100&#8243; shift_x=&#8221;0&#8243; shift_y=&#8221;0&#8243; z_index=&#8221;0&#8243; medium_width=&#8221;0&#8243; zoom_width=&#8221;0&#8243; [&hellip;]<\/p>\n","protected":false},"author":1,"featured_media":89752,"parent":0,"menu_order":0,"comment_status":"open","ping_status":"open","template":"","meta":{"_acf_changed":false,"om_disable_all_campaigns":false,"_monsterinsights_skip_tracking":false,"_monsterinsights_sitenote_active":false,"_monsterinsights_sitenote_note":"","_monsterinsights_sitenote_category":0,"_uf_show_specific_survey":0,"_uf_disable_surveys":false,"footnotes":""},"portfolio_category":[120],"class_list":["post-89751","portfolio","type-portfolio","status-publish","has-post-thumbnail","hentry","portfolio_category-projetos-internacionais"],"acf":[],"aioseo_notices":[],"_links":{"self":[{"href":"https:\/\/www.epralima.com\/website\/wp-json\/wp\/v2\/portfolio\/89751","targetHints":{"allow":["GET"]}}],"collection":[{"href":"https:\/\/www.epralima.com\/website\/wp-json\/wp\/v2\/portfolio"}],"about":[{"href":"https:\/\/www.epralima.com\/website\/wp-json\/wp\/v2\/types\/portfolio"}],"author":[{"embeddable":true,"href":"https:\/\/www.epralima.com\/website\/wp-json\/wp\/v2\/users\/1"}],"replies":[{"embeddable":true,"href":"https:\/\/www.epralima.com\/website\/wp-json\/wp\/v2\/comments?post=89751"}],"version-history":[{"count":4,"href":"https:\/\/www.epralima.com\/website\/wp-json\/wp\/v2\/portfolio\/89751\/revisions"}],"predecessor-version":[{"id":90115,"href":"https:\/\/www.epralima.com\/website\/wp-json\/wp\/v2\/portfolio\/89751\/revisions\/90115"}],"wp:featuredmedia":[{"embeddable":true,"href":"https:\/\/www.epralima.com\/website\/wp-json\/wp\/v2\/media\/89752"}],"wp:attachment":[{"href":"https:\/\/www.epralima.com\/website\/wp-json\/wp\/v2\/media?parent=89751"}],"wp:term":[{"taxonomy":"portfolio_category","embeddable":true,"href":"https:\/\/www.epralima.com\/website\/wp-json\/wp\/v2\/portfolio_category?post=89751"}],"curies":[{"name":"wp","href":"https:\/\/api.w.org\/{rel}","templated":true}]}}