{"id":89743,"date":"2021-03-15T14:35:12","date_gmt":"2021-03-15T14:35:12","guid":{"rendered":"http:\/\/epralima.com\/website\/?post_type=portfolio&#038;p=89743"},"modified":"2021-04-26T11:54:58","modified_gmt":"2021-04-26T11:54:58","slug":"digi4social","status":"publish","type":"portfolio","link":"https:\/\/www.epralima.com\/website\/portfolio\/digi4social\/","title":{"rendered":"DIGI4SOCIAL"},"content":{"rendered":"<div class=\"wpb-content-wrapper\"><p>[vc_row row_height_percent=&#8221;0&#8243; override_padding=&#8221;yes&#8221; h_padding=&#8221;0&#8243; top_padding=&#8221;3&#8243; bottom_padding=&#8221;3&#8243; overlay_alpha=&#8221;0&#8243; gutter_size=&#8221;100&#8243; shift_y=&#8221;0&#8243; style=&#8221;inherited&#8221;][vc_column column_width_percent=&#8221;100&#8243; position_horizontal=&#8221;left&#8221; gutter_size=&#8221;4&#8243; style=&#8221;light&#8221; overlay_alpha=&#8221;100&#8243; shift_x=&#8221;0&#8243; shift_y=&#8221;0&#8243; z_index=&#8221;0&#8243; medium_width=&#8221;0&#8243; zoom_width=&#8221;0&#8243; zoom_height=&#8221;0&#8243; width=&#8221;1\/1&#8243;][vc_gallery el_id=&#8221;gallery-749185&#8243; type=&#8221;carousel&#8221; medias=&#8221;89744&#8243; carousel_lg=&#8221;1&#8243; carousel_md=&#8221;1&#8243; carousel_sm=&#8221;1&#8243; thumb_size=&#8221;sixteen-nine&#8221; gutter_size=&#8221;0&#8243; media_items=&#8221;media|nolink|original,icon&#8221; carousel_type=&#8221;fade&#8221; carousel_interval=&#8221;5000&#8243; carousel_navspeed=&#8221;1000&#8243; carousel_loop=&#8221;yes&#8221; carousel_nav=&#8221;yes&#8221; carousel_dots=&#8221;yes&#8221; carousel_dots_inside=&#8221;yes&#8221; carousel_dot_padding=&#8221;2&#8243; stage_padding=&#8221;0&#8243; single_overlay_opacity=&#8221;50&#8243; single_overlay_anim=&#8221;no&#8221; single_text_anim=&#8221;no&#8221; single_image_anim=&#8221;no&#8221; single_padding=&#8221;2&#8243; single_border=&#8221;yes&#8221;][vc_custom_heading heading_semantic=&#8221;h5&#8243; text_size=&#8221;h3&#8243; text_align=&#8221;text-center&#8221; text_serif=&#8221;yes&#8221;]<strong>Descri\u00e7\u00e3o Geral do Projeto<\/strong>[\/vc_custom_heading][vc_column_text css=&#8221;.vc_custom_1618488251541{margin-top: 15px !important;}&#8221;]Por que \u00e9 que um(a) aluno(a) assedia outro(a) numa escola? Na maioria dos casos, a resposta \u00e9 &#8220;n\u00e3o sei&#8221; seguido por: &#8220;Foi uma piada.&#8221;. \u00c9 o que refere o relat\u00f3rio do \u201cSave the Children\u201d sobre o ass\u00e9dio e o cyberbullying em Espanha. Um em cada 10 estudantes foi v\u00edtima de ass\u00e9dio, um ter\u00e7o reconhece ter agredido fisicamente outro parceiro nos \u00faltimos dois meses e metade admite insultar. Na maioria dos casos, os que assediam garantem que foram movidos por obsess\u00e3o ou devido \u00e0 apar\u00eancia f\u00edsica.<\/p>\n<p>As responsabilidades da escola tem sofrido mudan\u00e7as radicais e as expectativas sociais em rela\u00e7\u00e3o \u00e0 escola aumentaram significativamente, podendo mesmo se afirmar que a seguran\u00e7a nacional poder\u00e1 depender do sucesso da fun\u00e7\u00e3o educativa.<\/p>\n<p>A escola dever\u00e1 ser considerada um dos primeiros contextos de socializa\u00e7\u00e3o dos indiv\u00edduos pelo que estamos conscientes sobre a import\u00e2ncia de prevenir tais comportamentos dos estudantes ao n\u00edvel da toler\u00e2ncia, empatia e assertividade, no sentido de desenvolver as compet\u00eancias sociais dos cidad\u00e3os europeus, os quais est\u00e3o cada vez mais globalizados em ambientes multiculturais. Isso \u00e9 importante para este projeto transnacional.[\/vc_column_text][vc_row_inner row_inner_height_percent=&#8221;0&#8243; overlay_alpha=&#8221;50&#8243; gutter_size=&#8221;3&#8243; shift_y=&#8221;0&#8243; z_index=&#8221;0&#8243; el_id=&#8221;ing&#8221;][vc_column_inner column_width_percent=&#8221;100&#8243; gutter_size=&#8221;3&#8243; overlay_alpha=&#8221;50&#8243; shift_x=&#8221;0&#8243; shift_y=&#8221;0&#8243; z_index=&#8221;0&#8243; medium_width=&#8221;0&#8243; mobile_width=&#8221;0&#8243; width=&#8221;1\/1&#8243;][vc_separator][\/vc_column_inner][\/vc_row_inner][vc_custom_heading heading_semantic=&#8221;h5&#8243; text_size=&#8221;h3&#8243; text_align=&#8221;text-center&#8221; text_serif=&#8221;yes&#8221;]<strong>Grupo-alvo<\/strong>[\/vc_custom_heading][vc_column_text css=&#8221;.vc_custom_1618495330901{margin-top: 15px !important;}&#8221;]O nosso grupo-alvo s\u00e3o jovens do ensino profissional de n\u00edvel secund\u00e1rio que estejam perto do mercado. Com este projeto, eles ir\u00e3o aumentar as suas compet\u00eancias digitais atrav\u00e9s da aquisi\u00e7\u00e3o de novos conhecimentos atrav\u00e9s das ferramentas das TIC\u2019s.[\/vc_column_text][vc_row_inner row_inner_height_percent=&#8221;0&#8243; overlay_alpha=&#8221;50&#8243; gutter_size=&#8221;3&#8243; shift_y=&#8221;0&#8243; z_index=&#8221;0&#8243; el_id=&#8221;ing&#8221;][vc_column_inner column_width_percent=&#8221;100&#8243; gutter_size=&#8221;3&#8243; overlay_alpha=&#8221;50&#8243; shift_x=&#8221;0&#8243; shift_y=&#8221;0&#8243; z_index=&#8221;0&#8243; medium_width=&#8221;0&#8243; mobile_width=&#8221;0&#8243; width=&#8221;1\/1&#8243;][vc_separator][\/vc_column_inner][\/vc_row_inner][vc_custom_heading heading_semantic=&#8221;h5&#8243; text_size=&#8221;h3&#8243; text_align=&#8221;text-center&#8221; text_serif=&#8221;yes&#8221;]<strong>Objetivos<\/strong>[\/vc_custom_heading][vc_column_text css=&#8221;.vc_custom_1618495411381{margin-top: 15px !important;}&#8221;]<\/p>\n<ul>\n<li>Os alunos ir\u00e3o adquirir compet\u00eancias e conhecimentos sobre as ferramentas de TIC\u2019s abertas (software\/hardware aberto como por ex. Blender, Arduino, Unity 3D,\u2026) para desenvolver a realidade aumentada, realidade virtual, desenho e anima\u00e7\u00e3o 2D\/3D, videojogos, APPs,\u2026<\/li>\n<li>Estrutura de trabalho de projeto colaborativo para o desenvolvimento de conte\u00fados digitais (2D, 3D, bots, anima\u00e7\u00f5es, apps,&#8230;) para facilitar e complementar o trabalho dos tutores para elencarem a sensibiliza\u00e7\u00e3o sobre as quest\u00f5es sociais (ass\u00e9dio, toler\u00e2ncia, integra\u00e7\u00e3o, inclus\u00e3o, empatia, assertividade\u2026).<\/li>\n<li>O envolvimento de alunos das TIC\u2019s dos cursos profissionais ir\u00e1 criar formas diversas de sensibiliza\u00e7\u00e3o que se fossem desenvolvidos pelos professores. Em conex\u00f5es entre pares \u00e9 mais interessante observar como \u00e9 que as iniciativas sociais est\u00e3o a decorrer.<\/li>\n<li>Obter proveito e tamb\u00e9m capturar a aten\u00e7\u00e3o dos alunos atrav\u00e9s de ambientes multim\u00e9dia;<\/li>\n<li>Como os alunos est\u00e3o pr\u00f3ximos do mercado, ensinar os nossos alunos sobre as iniciativas de empreendedorismo, para criarem o seu pr\u00f3prio neg\u00f3cio e oportunidades de mercado.<\/li>\n<\/ul>\n<p>[\/vc_column_text][vc_row_inner row_inner_height_percent=&#8221;0&#8243; overlay_alpha=&#8221;50&#8243; gutter_size=&#8221;3&#8243; shift_y=&#8221;0&#8243; z_index=&#8221;0&#8243; el_id=&#8221;ing&#8221;][vc_column_inner column_width_percent=&#8221;100&#8243; gutter_size=&#8221;3&#8243; overlay_alpha=&#8221;50&#8243; shift_x=&#8221;0&#8243; shift_y=&#8221;0&#8243; z_index=&#8221;0&#8243; medium_width=&#8221;0&#8243; mobile_width=&#8221;0&#8243; width=&#8221;1\/1&#8243;][vc_separator][\/vc_column_inner][\/vc_row_inner][vc_custom_heading heading_semantic=&#8221;h5&#8243; text_size=&#8221;h3&#8243; text_align=&#8221;text-center&#8221; text_serif=&#8221;yes&#8221;]<strong>Outputs<\/strong>[\/vc_custom_heading][vc_column_text css=&#8221;.vc_custom_1618495516096{margin-top: 15px !important;}&#8221;]Durante o desenvolvimento do projeto, a parceria ir\u00e1 desenvolver 2 produtos intelectuais, a saber: Ferramentas Digi4Social (Output 1) e base de dados \u00a0Digi4Social (Output 2).<\/p>\n<p>Ferramentas Digi4Social: S\u00e3o ferramentas abertas que permitem o desenvolvimento de conte\u00fados digitais. Estas ferramentas incluem v\u00eddeos, plano de atividades, tutoriais, etc, sobre o software e hardware abertos e que desenvolvem o melhor ambiente que explique como implementar no mundo educativo. Todas as ferramentas est\u00e3o dispon\u00edveis atrav\u00e9s da plataforma elearning.<\/p>\n<p>A base de dados Digi4Social Database \u00e9 uma OER que re\u00fane as experi\u00eancias e o conhecimento adquirido durante a implementa\u00e7\u00e3o das ferramentas no output n\u00ba 1 no ambiente social. A base de dados ser\u00e1 um instrumento para localizar os utilizadores do DIGI4Social, para partilharem ideias e conte\u00fados assim como para desenvolver novos planos de atividades durante o ano escolar.<\/p>\n<p>Para desenvolver este projeto, iremos tentar empregar uma metodologia colaborativa em que cada parceiro ir\u00e1 adicionar um conhecimento espec\u00edfico para partilhar com os outros.<\/p>\n<p>Para aumentar o impacto, iremos desenvolver contar atrav\u00e9s do facebook, twiter, e youtbe. Todos os parceiros ir\u00e3o preparar uma brochura e flyers na sua l\u00edngua e um rollup em ingl\u00eas.[\/vc_column_text][vc_row_inner row_inner_height_percent=&#8221;0&#8243; overlay_alpha=&#8221;50&#8243; gutter_size=&#8221;3&#8243; shift_y=&#8221;0&#8243; z_index=&#8221;0&#8243; el_id=&#8221;ing&#8221;][vc_column_inner column_width_percent=&#8221;100&#8243; gutter_size=&#8221;3&#8243; overlay_alpha=&#8221;50&#8243; shift_x=&#8221;0&#8243; shift_y=&#8221;0&#8243; z_index=&#8221;0&#8243; medium_width=&#8221;0&#8243; mobile_width=&#8221;0&#8243; width=&#8221;1\/1&#8243;][vc_separator][\/vc_column_inner][\/vc_row_inner][vc_custom_heading heading_semantic=&#8221;h5&#8243; text_size=&#8221;h3&#8243; text_align=&#8221;text-center&#8221; text_serif=&#8221;yes&#8221;]<strong>Atividades<\/strong>[\/vc_custom_heading][vc_column_text css=&#8221;.vc_custom_1618495580157{margin-top: 15px !important;}&#8221;]As atividades do projeto consistir\u00e3o em:<\/p>\n<p><strong>A1 &#8211; Webpage<\/strong><\/p>\n<ul>\n<li>Design do WebSite<\/li>\n<li>Desenvolvimento do WebSite<\/li>\n<li>Aquisi\u00e7\u00e3o e sele\u00e7\u00e3o do dom\u00ednio<\/li>\n<li>Alojamento da sele\u00e7\u00e3o para os outputs e s\u00edtio do projeto.<\/li>\n<\/ul>\n<p><strong>A2 \u2013 Perfis de Dissemina\u00e7\u00e3o<br \/>\n<\/strong>Cria\u00e7\u00e3o dos perfis de Dissemina\u00e7\u00e3o:<\/p>\n<ul>\n<li>Conta do Facebook<\/li>\n<li>Conta do canal do Youtube<\/li>\n<li>Conta do Google Drive<\/li>\n<li>Conta Twitter<\/li>\n<\/ul>\n<p><strong>A3 \u2013 Atividades de Dissemina\u00e7\u00e3o<br \/>\n<\/strong>Atualiza\u00e7\u00f5es cont\u00ednuas no:<\/p>\n<ul>\n<li>Conta do Facebook<\/li>\n<li>Conta do canal do Youtube<\/li>\n<li>Conta do Google Drive<\/li>\n<li>Conta Twitter<\/li>\n<li>Website<\/li>\n<\/ul>\n<p><strong>A4 \u2013 Concursos sociais:<\/strong><\/p>\n<ul>\n<li><strong>A4.1<\/strong>\u00a0Concurso Logo para selecionar o logo do projeto<\/li>\n<li><strong>A4.2<\/strong>\u00a0Concurso de Slogan para a sensibiliza\u00e7\u00e3o social<\/li>\n<li><strong>A4.3<\/strong>\u00a0Concurso Design 2D<\/li>\n<li><strong>A4.4<\/strong>\u00a0Concurso Design 3D<\/li>\n<li><strong>A4.5<\/strong>\u00a0Concurso Anima\u00e7\u00e3o 2D<\/li>\n<li><strong>A4.6<\/strong>\u00a0Concurso Anima\u00e7\u00e3o 3D<\/li>\n<li><strong>A4.7<\/strong>\u00a0Concurso BOT social \u00a0Arduino<\/li>\n<li><strong>A4.8<\/strong>\u00a0Concurso App Social App<\/li>\n<\/ul>\n<p>Cada escola ir\u00e1 selecionar (mediante o calend\u00e1rio escolar), Dias de Actividade que poder\u00e1 ter impacto nos produtos intelectuais do projeto.[\/vc_column_text][vc_row_inner row_inner_height_percent=&#8221;0&#8243; overlay_alpha=&#8221;50&#8243; gutter_size=&#8221;3&#8243; shift_y=&#8221;0&#8243; z_index=&#8221;0&#8243; el_id=&#8221;ing&#8221;][vc_column_inner column_width_percent=&#8221;100&#8243; gutter_size=&#8221;3&#8243; overlay_alpha=&#8221;50&#8243; shift_x=&#8221;0&#8243; shift_y=&#8221;0&#8243; z_index=&#8221;0&#8243; medium_width=&#8221;0&#8243; mobile_width=&#8221;0&#8243; width=&#8221;1\/1&#8243;][vc_separator][\/vc_column_inner][\/vc_row_inner][vc_custom_heading heading_semantic=&#8221;h5&#8243; text_size=&#8221;h3&#8243; text_align=&#8221;text-center&#8221; text_serif=&#8221;yes&#8221;]<strong>Reuni\u00f5es de projeto<\/strong>[\/vc_custom_heading][vc_column_text css=&#8221;.vc_custom_1618496667236{margin-top: 15px !important;}&#8221;]<\/p>\n<ul>\n<li><span lang=\"EN-US\"><strong>Kickoff meeting<\/strong> &#8211; In Alcoy (Spain), Novembro 2016<\/span><\/li>\n<li><strong>Segunda reuni\u00e3o<\/strong> &#8211; Eslov\u00e9nia, 10 de Maio, 2017<\/li>\n<li><strong>Terceira reuni\u00e3o<\/strong> &#8211; Portugal, Novembro, 2017<\/li>\n<li><strong>Quarta Reuni\u00e3o<\/strong> &#8211; Bursa, Abril, 2018<\/li>\n<li><strong>Quinta Reuni\u00e3o<\/strong> &#8211; Ibi (Espanha), Outubro, 2018<\/li>\n<li><strong>Short-term joint staff training events:<\/strong> Ibi Espanha<\/li>\n<\/ul>\n<p>[\/vc_column_text][vc_row_inner row_inner_height_percent=&#8221;0&#8243; overlay_alpha=&#8221;50&#8243; gutter_size=&#8221;3&#8243; shift_y=&#8221;0&#8243; z_index=&#8221;0&#8243; el_id=&#8221;ing&#8221;][vc_column_inner column_width_percent=&#8221;100&#8243; gutter_size=&#8221;3&#8243; overlay_alpha=&#8221;50&#8243; shift_x=&#8221;0&#8243; shift_y=&#8221;0&#8243; z_index=&#8221;0&#8243; medium_width=&#8221;0&#8243; mobile_width=&#8221;0&#8243; width=&#8221;1\/1&#8243;][vc_separator][\/vc_column_inner][\/vc_row_inner][vc_custom_heading heading_semantic=&#8221;h5&#8243; text_size=&#8221;h3&#8243; text_align=&#8221;text-center&#8221; text_serif=&#8221;yes&#8221;]<strong>Indicadores quantitativos de realiza\u00e7\u00e3o<\/strong>[\/vc_custom_heading][vc_column_text css=&#8221;.vc_custom_1618495716801{margin-top: 15px !important;}&#8221;]<\/p>\n<ul>\n<li>Cria\u00e7\u00e3o de um programa de forma\u00e7\u00e3o para formadores.<\/li>\n<li>N\u00ba de formadores que ir\u00e3o participar na forma\u00e7\u00e3o: 15 (3 formadores\/parceiro)<\/li>\n<li>Evento Multiplicador: Pelo menos 120 participantes ser\u00e3o envolvidos nos eventos durante o projeto (30\/parceiro)<\/li>\n<li>Utiliza\u00e7\u00e3o das ferramente (output1): Pelo menos 120 alunos (40 alunos\/parceiro)<\/li>\n<li>Utiliza\u00e7\u00e3o da base de dados (output 2): Pelo menos, 120 professores (30\/parceiro)<\/li>\n<li>Atividades de dissemina\u00e7\u00e3o: 300 seguidores nas redes sociais<\/li>\n<li>Plataforma \u2013 A plataforma dever\u00e1 conter tos os materiais criados durante os pr\u00f3ximos 5 anos ap\u00f3s o termo do projeto.<\/li>\n<li>Newsletter: 3000 utilizadores<\/li>\n<li>Imprensa, Radio, Tv \u2013 depois dos eventos \u2013 por todos os pa\u00edses parceiros;<\/li>\n<li>Revistas especializadas \u2013 Depois dos resultados &#8211; por todos os pa\u00edses parceiros.<\/li>\n<\/ul>\n<p>[\/vc_column_text][vc_row_inner row_inner_height_percent=&#8221;0&#8243; overlay_alpha=&#8221;50&#8243; gutter_size=&#8221;3&#8243; shift_y=&#8221;0&#8243; z_index=&#8221;0&#8243; el_id=&#8221;ing&#8221;][vc_column_inner column_width_percent=&#8221;100&#8243; gutter_size=&#8221;3&#8243; overlay_alpha=&#8221;50&#8243; shift_x=&#8221;0&#8243; shift_y=&#8221;0&#8243; z_index=&#8221;0&#8243; medium_width=&#8221;0&#8243; mobile_width=&#8221;0&#8243; width=&#8221;1\/1&#8243;][vc_separator][\/vc_column_inner][\/vc_row_inner][vc_custom_heading heading_semantic=&#8221;h5&#8243; text_size=&#8221;h3&#8243; text_align=&#8221;text-center&#8221; text_serif=&#8221;yes&#8221;]<strong>Parceria<\/strong>[\/vc_custom_heading][vc_column_text css=&#8221;.vc_custom_1618495817052{margin-top: 15px !important;}&#8221;]<\/p>\n<ul>\n<li>EPRALIMA_Escola Profissional do Alto Lima, Arcos de Valdevez( Portugal)<\/li>\n<li>Col-legi Sant Roc (Espanha);<\/li>\n<li>OTOMOT\u0130V END\u00dcSTR\u0130S\u0130 \u0130HRACAT\u00c7ILAR B\u0130RL\u0130\u011e\u0130 MESLEK\u0130 VE TEKN\u0130K ANADOLU L\u0130SES\u0130 (Turquia);<\/li>\n<li>SOLSKI CENTER NOVO MESTO (Eslov\u00e9nia);<\/li>\n<li>ASOCIACION DE INVESTIGACION DE LA INDUSTRIA DEL JUGUETE, CONEXAS Y AFINES (Espanha);<\/li>\n<\/ul>\n<p>[\/vc_column_text][vc_row_inner row_inner_height_percent=&#8221;0&#8243; overlay_alpha=&#8221;50&#8243; gutter_size=&#8221;3&#8243; shift_y=&#8221;0&#8243; z_index=&#8221;0&#8243; el_id=&#8221;ing&#8221;][vc_column_inner column_width_percent=&#8221;100&#8243; gutter_size=&#8221;3&#8243; overlay_alpha=&#8221;50&#8243; shift_x=&#8221;0&#8243; shift_y=&#8221;0&#8243; z_index=&#8221;0&#8243; medium_width=&#8221;0&#8243; mobile_width=&#8221;0&#8243; width=&#8221;1\/1&#8243;][vc_separator][\/vc_column_inner][\/vc_row_inner][vc_custom_heading heading_semantic=&#8221;h5&#8243; text_size=&#8221;h3&#8243; text_align=&#8221;text-center&#8221; text_serif=&#8221;yes&#8221; el_class=&#8221;info&#8221;]<strong>Mais Informa\u00e7\u00f5es<\/strong>[\/vc_custom_heading][vc_column_text css=&#8221;.vc_custom_1618495990850{margin-top: 15px !important;}&#8221;]<a href=\"https:\/\/www.digi4social.eu\/\">www.digi4social.eu\/<\/a>[\/vc_column_text][\/vc_column][\/vc_row]<\/p>\n<\/div>","protected":false},"excerpt":{"rendered":"<p>[vc_row row_height_percent=&#8221;0&#8243; override_padding=&#8221;yes&#8221; h_padding=&#8221;0&#8243; top_padding=&#8221;3&#8243; bottom_padding=&#8221;3&#8243; overlay_alpha=&#8221;0&#8243; gutter_size=&#8221;100&#8243; shift_y=&#8221;0&#8243; style=&#8221;inherited&#8221;][vc_column column_width_percent=&#8221;100&#8243; position_horizontal=&#8221;left&#8221; gutter_size=&#8221;4&#8243; style=&#8221;light&#8221; overlay_alpha=&#8221;100&#8243; shift_x=&#8221;0&#8243; shift_y=&#8221;0&#8243; z_index=&#8221;0&#8243; medium_width=&#8221;0&#8243; zoom_width=&#8221;0&#8243; [&hellip;]<\/p>\n","protected":false},"author":1,"featured_media":89744,"parent":0,"menu_order":0,"comment_status":"open","ping_status":"open","template":"","meta":{"_acf_changed":false,"om_disable_all_campaigns":false,"_monsterinsights_skip_tracking":false,"_monsterinsights_sitenote_active":false,"_monsterinsights_sitenote_note":"","_monsterinsights_sitenote_category":0,"_uf_show_specific_survey":0,"_uf_disable_surveys":false,"footnotes":""},"portfolio_category":[120],"class_list":["post-89743","portfolio","type-portfolio","status-publish","has-post-thumbnail","hentry","portfolio_category-projetos-internacionais"],"acf":[],"aioseo_notices":[],"_links":{"self":[{"href":"https:\/\/www.epralima.com\/website\/wp-json\/wp\/v2\/portfolio\/89743","targetHints":{"allow":["GET"]}}],"collection":[{"href":"https:\/\/www.epralima.com\/website\/wp-json\/wp\/v2\/portfolio"}],"about":[{"href":"https:\/\/www.epralima.com\/website\/wp-json\/wp\/v2\/types\/portfolio"}],"author":[{"embeddable":true,"href":"https:\/\/www.epralima.com\/website\/wp-json\/wp\/v2\/users\/1"}],"replies":[{"embeddable":true,"href":"https:\/\/www.epralima.com\/website\/wp-json\/wp\/v2\/comments?post=89743"}],"version-history":[{"count":2,"href":"https:\/\/www.epralima.com\/website\/wp-json\/wp\/v2\/portfolio\/89743\/revisions"}],"predecessor-version":[{"id":90116,"href":"https:\/\/www.epralima.com\/website\/wp-json\/wp\/v2\/portfolio\/89743\/revisions\/90116"}],"wp:featuredmedia":[{"embeddable":true,"href":"https:\/\/www.epralima.com\/website\/wp-json\/wp\/v2\/media\/89744"}],"wp:attachment":[{"href":"https:\/\/www.epralima.com\/website\/wp-json\/wp\/v2\/media?parent=89743"}],"wp:term":[{"taxonomy":"portfolio_category","embeddable":true,"href":"https:\/\/www.epralima.com\/website\/wp-json\/wp\/v2\/portfolio_category?post=89743"}],"curies":[{"name":"wp","href":"https:\/\/api.w.org\/{rel}","templated":true}]}}