{"id":89720,"date":"2021-03-14T16:41:15","date_gmt":"2021-03-14T16:41:15","guid":{"rendered":"http:\/\/epralima.com\/website\/?post_type=portfolio&#038;p=89720"},"modified":"2021-04-26T11:59:06","modified_gmt":"2021-04-26T11:59:06","slug":"connect-share-and-get-enlighted","status":"publish","type":"portfolio","link":"https:\/\/www.epralima.com\/website\/portfolio\/connect-share-and-get-enlighted\/","title":{"rendered":"Connect, Share and Get Enlighted"},"content":{"rendered":"<div class=\"wpb-content-wrapper\"><p>[vc_row row_height_percent=&#8221;0&#8243; override_padding=&#8221;yes&#8221; h_padding=&#8221;0&#8243; top_padding=&#8221;3&#8243; bottom_padding=&#8221;3&#8243; overlay_alpha=&#8221;0&#8243; gutter_size=&#8221;100&#8243; shift_y=&#8221;0&#8243; style=&#8221;inherited&#8221;][vc_column column_width_percent=&#8221;100&#8243; position_horizontal=&#8221;left&#8221; gutter_size=&#8221;4&#8243; style=&#8221;light&#8221; overlay_alpha=&#8221;100&#8243; shift_x=&#8221;0&#8243; shift_y=&#8221;0&#8243; z_index=&#8221;0&#8243; medium_width=&#8221;0&#8243; zoom_width=&#8221;0&#8243; zoom_height=&#8221;0&#8243; width=&#8221;1\/1&#8243;][vc_gallery el_id=&#8221;gallery-749185&#8243; type=&#8221;carousel&#8221; medias=&#8221;89626&#8243; carousel_lg=&#8221;1&#8243; carousel_md=&#8221;1&#8243; carousel_sm=&#8221;1&#8243; thumb_size=&#8221;sixteen-nine&#8221; gutter_size=&#8221;0&#8243; media_items=&#8221;media|nolink|original,icon&#8221; carousel_type=&#8221;fade&#8221; carousel_interval=&#8221;5000&#8243; carousel_navspeed=&#8221;1000&#8243; carousel_loop=&#8221;yes&#8221; carousel_nav=&#8221;yes&#8221; carousel_dots=&#8221;yes&#8221; carousel_dots_inside=&#8221;yes&#8221; carousel_dot_padding=&#8221;2&#8243; stage_padding=&#8221;0&#8243; single_overlay_opacity=&#8221;50&#8243; single_overlay_anim=&#8221;no&#8221; single_text_anim=&#8221;no&#8221; single_image_anim=&#8221;no&#8221; single_padding=&#8221;2&#8243; single_border=&#8221;yes&#8221;][vc_custom_heading heading_semantic=&#8221;h5&#8243; text_size=&#8221;h3&#8243; text_align=&#8221;text-center&#8221; text_serif=&#8221;yes&#8221;]<strong>Descri\u00e7\u00e3o Geral do Projeto<\/strong>[\/vc_custom_heading][vc_column_text css=&#8221;.vc_custom_1618418239516{margin-top: 15px !important;}&#8221;]O contexto do projeto \u00e9 tentar analisar o efeito da media sobre os alunos e descobrir se a mesma distorce ou n\u00e3o as perce\u00e7\u00f5es dos alunos. Ser\u00e1 explorado os efeitos positivos e negativos dos meios de comunica\u00e7\u00e3o sobre a sa\u00fade f\u00edsica e mental dos jovens. No decorrer do projeto ser\u00e1 verificado que medidas s\u00e3o os professores capazes de assumir para influenciar os alunos a utilizar apenas o lado positivo da media, pois os adolescentes devem ter um equil\u00edbrio saud\u00e1vel entre a exposi\u00e7\u00e3o \u00e0 media e outros, estimulando, intelectualmente e fisicamente atividades.<\/p>\n<p>A media desempenha um grande papel na vida dos adolescentes, uma vez que o acesso a todos os tipos de meios de comunica\u00e7\u00e3o como televis\u00e3o, filmes, m\u00fasica, jogos, sites e publicidade \u00e9 muito comum entre eles.[\/vc_column_text][vc_row_inner row_inner_height_percent=&#8221;0&#8243; overlay_alpha=&#8221;50&#8243; gutter_size=&#8221;3&#8243; shift_y=&#8221;0&#8243; z_index=&#8221;0&#8243; el_id=&#8221;ing&#8221;][vc_column_inner column_width_percent=&#8221;100&#8243; gutter_size=&#8221;3&#8243; overlay_alpha=&#8221;50&#8243; shift_x=&#8221;0&#8243; shift_y=&#8221;0&#8243; z_index=&#8221;0&#8243; medium_width=&#8221;0&#8243; mobile_width=&#8221;0&#8243; width=&#8221;1\/1&#8243;][vc_separator][\/vc_column_inner][\/vc_row_inner][vc_custom_heading heading_semantic=&#8221;h5&#8243; text_size=&#8221;h3&#8243; text_align=&#8221;text-center&#8221; text_serif=&#8221;yes&#8221;]<strong>Grupo-alvo<\/strong>[\/vc_custom_heading][vc_column_text css=&#8221;.vc_custom_1618418251912{margin-top: 15px !important;}&#8221;]Alunos (adolescentes entre os 14 e 18 anos de idade)[\/vc_column_text][vc_row_inner row_inner_height_percent=&#8221;0&#8243; overlay_alpha=&#8221;50&#8243; gutter_size=&#8221;3&#8243; shift_y=&#8221;0&#8243; z_index=&#8221;0&#8243; el_id=&#8221;ing&#8221;][vc_column_inner column_width_percent=&#8221;100&#8243; gutter_size=&#8221;3&#8243; overlay_alpha=&#8221;50&#8243; shift_x=&#8221;0&#8243; shift_y=&#8221;0&#8243; z_index=&#8221;0&#8243; medium_width=&#8221;0&#8243; mobile_width=&#8221;0&#8243; width=&#8221;1\/1&#8243;][vc_separator][\/vc_column_inner][\/vc_row_inner][vc_custom_heading heading_semantic=&#8221;h5&#8243; text_size=&#8221;h3&#8243; text_align=&#8221;text-center&#8221; text_serif=&#8221;yes&#8221;]<strong>Atividades<\/strong>[\/vc_custom_heading][vc_column_text css=&#8221;.vc_custom_1618418316844{margin-top: 15px !important;}&#8221;]<\/p>\n<ul>\n<li>\n<div><strong>&#8220;ERASMUS + NOTICEBOARD&#8221;<\/strong> &#8211; Cada parceiro projeta no quadro de informa\u00e7\u00e3o, cartazes sobre os pa\u00edses parceiros. Cada escola parceira ir\u00e1 estabelecer um Clube social de media.<\/div>\n<\/li>\n<li>\n<div>Panfleto &#8211; Cada parceiro vai preparar um panfleto dando informa\u00e7\u00f5es sobre a sua escola, pa\u00eds e cultura.<\/div>\n<\/li>\n<li>\n<div><strong>PLATAFORMA INTERNET<\/strong> (e-Twinning) para facilitar a comunica\u00e7\u00e3o r\u00e1pida, envio de documentos e permitir uma vis\u00e3o sobre o trabalho do projeto de parceiros participantes (e-twinning, facebook, p\u00e1gina web do projeto). Pacote de informa\u00e7\u00e3o sobre as escolas para a primeira visita_ mobilidade. Informa\u00e7\u00f5es, incluindo localiza\u00e7\u00e3o geogr\u00e1fica, edif\u00edcios, rotinas, normas curriculares, atividades extra-curriculares &#8211; fotografias, arte, elabora\u00e7\u00e3o de relat\u00f3rios \/ cartas de alunos.<\/div>\n<\/li>\n<li>\n<div><strong>MEU LOGO<\/strong> -Todos os estudantes ir\u00e3o participar na competi\u00e7\u00e3o do logotipo do projeto.<\/div>\n<\/li>\n<li>\n<div><strong>CALEND\u00c1RIO 2016<\/strong>\u00a0&#8211; Vai contemplar as l\u00ednguas de todos os pa\u00edses parceiros: calend\u00e1rio em formato DIN A3, a introdu\u00e7\u00e3o da regi\u00e3o e escola;<\/div>\n<\/li>\n<li>\n<div><strong>QUESTION\u00c1RIO<\/strong> para os alunos, professores e pais sobre a taxa de uso e frequ\u00eancia nas redes sociais.<\/div>\n<\/li>\n<li>\n<div><strong>Os \u201cFakebook\u201d<\/strong> &#8211; Professores e alunos ir\u00e3o criar p\u00e1ginas de perfil \/ personagem imagin\u00e1rio e ficcional para fins de estudo.<\/div>\n<\/li>\n<li>\n<div><strong>P\u00d4R EM PR\u00c1TICA O INGL\u00caS<\/strong> &#8211; Os alunos ir\u00e3o praticar em Ingl\u00eas uns com os outros por meio de grupos no Facebook, Twitter e no Skype.<\/div>\n<\/li>\n<li>\n<div><strong>RESULTADOS QUESTIONNAIRE <\/strong>&#8211; Dar a conhecer os resultados da aplica\u00e7\u00e3o do question\u00e1rio;<\/div>\n<\/li>\n<li>\n<div><strong>LET&#8217;S FUN <\/strong>&#8211; Os alunos ir\u00e3o prepara, em v\u00eddeo, piadas e partilhar uns com os outros na media.<\/div>\n<\/li>\n<li>\n<div><strong>CARICATURAS<\/strong>\u00a0&#8211; Os alunos ir\u00e3o preparar caricaturas relevantes para atualizar not\u00edcias e manchetes interessantes sobre os seus pa\u00edses.<\/div>\n<\/li>\n<li>\n<div><strong>CALEND\u00c1RIO 2017<\/strong>&#8211; O calend\u00e1rio ser\u00e1 composto de CARICATURAS sobre as redes sociais.<\/div>\n<\/li>\n<li>\n<div><strong>JORNALISMO<\/strong> &#8211; Os alunos utilizar\u00e3o o Twitter para reportar not\u00edcias e praticar a comunica\u00e7\u00e3o de informa\u00e7\u00e3o importante.<\/div>\n<\/li>\n<\/ul>\n<p>[\/vc_column_text][vc_row_inner row_inner_height_percent=&#8221;0&#8243; overlay_alpha=&#8221;50&#8243; gutter_size=&#8221;3&#8243; shift_y=&#8221;0&#8243; z_index=&#8221;0&#8243; el_id=&#8221;ing&#8221;][vc_column_inner column_width_percent=&#8221;100&#8243; gutter_size=&#8221;3&#8243; overlay_alpha=&#8221;50&#8243; shift_x=&#8221;0&#8243; shift_y=&#8221;0&#8243; z_index=&#8221;0&#8243; medium_width=&#8221;0&#8243; mobile_width=&#8221;0&#8243; width=&#8221;1\/1&#8243;][vc_separator][\/vc_column_inner][\/vc_row_inner][vc_custom_heading heading_semantic=&#8221;h5&#8243; text_size=&#8221;h3&#8243; text_align=&#8221;text-center&#8221; text_serif=&#8221;yes&#8221;]<strong>Parceria<\/strong>[\/vc_custom_heading][vc_column_text css=&#8221;.vc_custom_1618418336379{margin-top: 15px !important;}&#8221;]<\/p>\n<ul>\n<li>\n<div>Gospodarska \u0161kola_Cro\u00e1cia;<\/div>\n<\/li>\n<li>\n<div>Stredna odborna skola elektrotechnicka_Eslov\u00e1quia;<\/div>\n<\/li>\n<li>\n<div>Istituto Tecnico Economico e Tecnologico Dante Alighieri_It\u00e1lia;<\/div>\n<\/li>\n<li>\n<div>Zespol Szkol w Zychlinie_Pol\u00f3nia;<\/div>\n<\/li>\n<li>\n<div>Savo Savov High School_Bulg\u00e1ria;<\/div>\n<\/li>\n<li>\n<div>EPRALIMA &#8211; Escola Profissional do Alto Lima, C.I.P.R.L._Portugal<\/div>\n<\/li>\n<\/ul>\n<p>[\/vc_column_text][\/vc_column][\/vc_row]<\/p>\n<\/div>","protected":false},"excerpt":{"rendered":"<p>[vc_row row_height_percent=&#8221;0&#8243; override_padding=&#8221;yes&#8221; h_padding=&#8221;0&#8243; top_padding=&#8221;3&#8243; bottom_padding=&#8221;3&#8243; overlay_alpha=&#8221;0&#8243; gutter_size=&#8221;100&#8243; shift_y=&#8221;0&#8243; style=&#8221;inherited&#8221;][vc_column column_width_percent=&#8221;100&#8243; position_horizontal=&#8221;left&#8221; gutter_size=&#8221;4&#8243; style=&#8221;light&#8221; overlay_alpha=&#8221;100&#8243; shift_x=&#8221;0&#8243; shift_y=&#8221;0&#8243; z_index=&#8221;0&#8243; medium_width=&#8221;0&#8243; zoom_width=&#8221;0&#8243; [&hellip;]<\/p>\n","protected":false},"author":1,"featured_media":89626,"parent":0,"menu_order":0,"comment_status":"open","ping_status":"open","template":"","meta":{"_acf_changed":false,"om_disable_all_campaigns":false,"_monsterinsights_skip_tracking":false,"_monsterinsights_sitenote_active":false,"_monsterinsights_sitenote_note":"","_monsterinsights_sitenote_category":0,"_uf_show_specific_survey":0,"_uf_disable_surveys":false,"footnotes":""},"portfolio_category":[120],"class_list":["post-89720","portfolio","type-portfolio","status-publish","has-post-thumbnail","hentry","portfolio_category-projetos-internacionais"],"acf":[],"aioseo_notices":[],"_links":{"self":[{"href":"https:\/\/www.epralima.com\/website\/wp-json\/wp\/v2\/portfolio\/89720","targetHints":{"allow":["GET"]}}],"collection":[{"href":"https:\/\/www.epralima.com\/website\/wp-json\/wp\/v2\/portfolio"}],"about":[{"href":"https:\/\/www.epralima.com\/website\/wp-json\/wp\/v2\/types\/portfolio"}],"author":[{"embeddable":true,"href":"https:\/\/www.epralima.com\/website\/wp-json\/wp\/v2\/users\/1"}],"replies":[{"embeddable":true,"href":"https:\/\/www.epralima.com\/website\/wp-json\/wp\/v2\/comments?post=89720"}],"version-history":[{"count":3,"href":"https:\/\/www.epralima.com\/website\/wp-json\/wp\/v2\/portfolio\/89720\/revisions"}],"predecessor-version":[{"id":90122,"href":"https:\/\/www.epralima.com\/website\/wp-json\/wp\/v2\/portfolio\/89720\/revisions\/90122"}],"wp:featuredmedia":[{"embeddable":true,"href":"https:\/\/www.epralima.com\/website\/wp-json\/wp\/v2\/media\/89626"}],"wp:attachment":[{"href":"https:\/\/www.epralima.com\/website\/wp-json\/wp\/v2\/media?parent=89720"}],"wp:term":[{"taxonomy":"portfolio_category","embeddable":true,"href":"https:\/\/www.epralima.com\/website\/wp-json\/wp\/v2\/portfolio_category?post=89720"}],"curies":[{"name":"wp","href":"https:\/\/api.w.org\/{rel}","templated":true}]}}