{"id":89694,"date":"2021-04-13T16:44:42","date_gmt":"2021-04-13T16:44:42","guid":{"rendered":"http:\/\/epralima.com\/website\/?post_type=portfolio&#038;p=89694"},"modified":"2021-12-10T15:28:20","modified_gmt":"2021-12-10T15:28:20","slug":"re-m-i-d-a","status":"publish","type":"portfolio","link":"https:\/\/www.epralima.com\/website\/portfolio\/re-m-i-d-a\/","title":{"rendered":"Re.M.I.D.A"},"content":{"rendered":"<div class=\"wpb-content-wrapper\"><p>[vc_row row_height_percent=&#8221;0&#8243; override_padding=&#8221;yes&#8221; h_padding=&#8221;0&#8243; top_padding=&#8221;3&#8243; bottom_padding=&#8221;3&#8243; overlay_alpha=&#8221;0&#8243; gutter_size=&#8221;100&#8243; shift_y=&#8221;0&#8243; style=&#8221;inherited&#8221;][vc_column column_width_percent=&#8221;100&#8243; position_horizontal=&#8221;left&#8221; gutter_size=&#8221;4&#8243; style=&#8221;light&#8221; overlay_alpha=&#8221;100&#8243; shift_x=&#8221;0&#8243; shift_y=&#8221;0&#8243; z_index=&#8221;0&#8243; medium_width=&#8221;0&#8243; zoom_width=&#8221;0&#8243; zoom_height=&#8221;0&#8243; width=&#8221;1\/1&#8243;][vc_gallery el_id=&#8221;gallery-749185&#8243; type=&#8221;carousel&#8221; medias=&#8221;89626&#8243; carousel_lg=&#8221;1&#8243; carousel_md=&#8221;1&#8243; carousel_sm=&#8221;1&#8243; thumb_size=&#8221;sixteen-nine&#8221; gutter_size=&#8221;0&#8243; media_items=&#8221;media|nolink|original,icon&#8221; carousel_type=&#8221;fade&#8221; carousel_interval=&#8221;5000&#8243; carousel_navspeed=&#8221;1000&#8243; carousel_loop=&#8221;yes&#8221; carousel_nav=&#8221;yes&#8221; carousel_dots=&#8221;yes&#8221; carousel_dots_inside=&#8221;yes&#8221; carousel_dot_padding=&#8221;2&#8243; stage_padding=&#8221;0&#8243; single_overlay_opacity=&#8221;50&#8243; single_overlay_anim=&#8221;no&#8221; single_text_anim=&#8221;no&#8221; single_image_anim=&#8221;no&#8221; single_padding=&#8221;2&#8243; single_border=&#8221;yes&#8221;][vc_custom_heading heading_semantic=&#8221;h5&#8243; text_size=&#8221;h3&#8243; text_align=&#8221;text-center&#8221; text_serif=&#8221;yes&#8221;]<strong>Descri\u00e7\u00e3o Geral do Projeto<\/strong>[\/vc_custom_heading][vc_column_text css=&#8221;.vc_custom_1618332010943{margin-top: 15px !important;}&#8221;]Este projeto pretende contribuir para combater o problema da exclus\u00e3o s\u00f3cio-ocupacional de adultos (acima de 45 anos) que se encontrem em situa\u00e7\u00e3o de desvantagem. Hoje, mais do que nunca, o desemprego na faixa et\u00e1ria mais adulta \u00e9 vis\u00edvel e est\u00e1 \u00e0 baixa escolaridade, baixa qualifica\u00e7\u00e3o profissional ou com qualifica\u00e7\u00f5es e habilidades desatualizadas.<\/p>\n<p>O objetivo geral do projeto alinha-se com as pol\u00edticas europeias em vigor no \u00a0sentido de combater o problema da exclus\u00e3o s\u00f3cio-profissional de adultos acima de 45 anos que se encontrem em situa\u00e7\u00e3o de exclus\u00e3o social ou em risco de exclus\u00e3o social.\u00a0<strong>Para isso ser\u00e1 necess\u00e1rio:<\/strong><\/p>\n<ol>\n<li>Definir um modelo inovador de interven\u00e7\u00e3o para aplicar junto de adultos acima de 45 anos com o objetivo de capacitar\/qualificar com ferramentas fundamentais para a (re)inser\u00e7\u00e3o no mercado de trabalho, atrav\u00e9s do reconhecimento de habilidades\/compet\u00eancias informais e\/ou n\u00e3o formais;<\/li>\n<li>Qualificar os profissionais que trabalham ou poder\u00e3o trabalhar na Educa\u00e7\u00e3o e Forma\u00e7\u00e3o de Adultos para a aplica\u00e7\u00e3o do modelo de interven\u00e7\u00e3o junto dos adultos.<\/li>\n<\/ol>\n<p>[\/vc_column_text][vc_row_inner row_inner_height_percent=&#8221;0&#8243; overlay_alpha=&#8221;50&#8243; gutter_size=&#8221;3&#8243; shift_y=&#8221;0&#8243; z_index=&#8221;0&#8243; el_id=&#8221;ing&#8221;][vc_column_inner column_width_percent=&#8221;100&#8243; gutter_size=&#8221;3&#8243; overlay_alpha=&#8221;50&#8243; shift_x=&#8221;0&#8243; shift_y=&#8221;0&#8243; z_index=&#8221;0&#8243; medium_width=&#8221;0&#8243; mobile_width=&#8221;0&#8243; width=&#8221;1\/1&#8243;][vc_separator][\/vc_column_inner][\/vc_row_inner][vc_custom_heading heading_semantic=&#8221;h5&#8243; text_size=&#8221;h3&#8243; text_align=&#8221;text-center&#8221; text_serif=&#8221;yes&#8221;]<strong>Grupo-alvo<\/strong>[\/vc_custom_heading][vc_column_text css=&#8221;.vc_custom_1618332026286{margin-top: 15px !important;}&#8221;]<\/p>\n<ul>\n<li>Profissionais que trabalham ou poder\u00e3o trabalhar na Educa\u00e7\u00e3o e Forma\u00e7\u00e3o de Adultos atrav\u00e9s do desenvolvimento de atividades de inclus\u00e3o social e (re)inser\u00e7\u00e3o no mercado de trabalho<\/li>\n<li>Adultos com mais de 45 anos de idade que se encontrem exclu\u00eddos socialmente ou em risco de exclus\u00e3o social<\/li>\n<li>Representantes de organiza\u00e7\u00f5es de educa\u00e7\u00e3o, orienta\u00e7\u00e3o e apoio a adultos<\/li>\n<li>Especialistas\/pesquisadores no campo das metodologias de educa\u00e7\u00e3o de adultos<\/li>\n<li>Representantes de administra\u00e7\u00f5es p\u00fablicas<\/li>\n<\/ul>\n<p>[\/vc_column_text][vc_row_inner row_inner_height_percent=&#8221;0&#8243; overlay_alpha=&#8221;50&#8243; gutter_size=&#8221;3&#8243; shift_y=&#8221;0&#8243; z_index=&#8221;0&#8243; el_id=&#8221;ing&#8221;][vc_column_inner column_width_percent=&#8221;100&#8243; gutter_size=&#8221;3&#8243; overlay_alpha=&#8221;50&#8243; shift_x=&#8221;0&#8243; shift_y=&#8221;0&#8243; z_index=&#8221;0&#8243; medium_width=&#8221;0&#8243; mobile_width=&#8221;0&#8243; width=&#8221;1\/1&#8243;][vc_separator][\/vc_column_inner][\/vc_row_inner][vc_custom_heading heading_semantic=&#8221;h5&#8243; text_size=&#8221;h3&#8243; text_align=&#8221;text-center&#8221; text_serif=&#8221;yes&#8221;]<strong>Atividades<\/strong>[\/vc_custom_heading][vc_column_text css=&#8221;.vc_custom_1618332048589{margin-top: 15px !important;}&#8221;]<\/p>\n<ul>\n<li>Defini\u00e7\u00e3o e teste de um novo modelo de interven\u00e7\u00e3o para inclus\u00e3o social e profissional de adultos acima de 45 anos em situa\u00e7\u00e3o de exclus\u00e3o social ou em risco de exclus\u00e3osocial<\/li>\n<li>Evento de forma\u00e7\u00e3o para profissionais que trabalham com a educa\u00e7\u00e3o de adulltos<\/li>\n<li>Atividades de divulga\u00e7\u00e3o e 8 eventos multiplicadores nos pa\u00edses parceiros do projeto<\/li>\n<\/ul>\n<p>A metodologia proposta \u00e9 o resultado da uni\u00e3o, dentro de uma estrutura pedag\u00f3gica para educa\u00e7\u00e3o de adultos, entre o modelo Lego Serius Play, adaptado ao p\u00fablico-alvo e as metodologias estabelecidas para avalia\u00e7\u00e3o e orienta\u00e7\u00e3o de adultos.[\/vc_column_text][vc_row_inner row_inner_height_percent=&#8221;0&#8243; overlay_alpha=&#8221;50&#8243; gutter_size=&#8221;3&#8243; shift_y=&#8221;0&#8243; z_index=&#8221;0&#8243; el_id=&#8221;ing&#8221;][vc_column_inner column_width_percent=&#8221;100&#8243; gutter_size=&#8221;3&#8243; overlay_alpha=&#8221;50&#8243; shift_x=&#8221;0&#8243; shift_y=&#8221;0&#8243; z_index=&#8221;0&#8243; medium_width=&#8221;0&#8243; mobile_width=&#8221;0&#8243; width=&#8221;1\/1&#8243;][vc_separator][\/vc_column_inner][\/vc_row_inner][vc_custom_heading heading_semantic=&#8221;h5&#8243; text_size=&#8221;h3&#8243; text_align=&#8221;text-center&#8221; text_serif=&#8221;yes&#8221;]<strong>Resultados &#8211; Produtos<\/strong>[\/vc_custom_heading][vc_column_text css=&#8221;.vc_custom_1618332069617{margin-top: 15px !important;}&#8221;]<strong>Os principais resultados intang\u00edveis s\u00e3o:<br \/>\n<\/strong><\/p>\n<ol>\n<li>Aquisi\u00e7\u00e3o, por estruturas de educa\u00e7\u00e3o e forma\u00e7\u00e3o de adultos, de uma metodologia inovadora para capacitar e orientar o trabalho de adultos com mais de 45 anos em risco de exclus\u00e3o s\u00f3cio-profissional;<\/li>\n<li>Melhorar as habilidades\/compet\u00eancias dos profissionais que trabalham com \u00a0adultos;<\/li>\n<li>Desenvolvimento de processos europeus para melhorar e reconhecer as habilidades\/compet\u00eancias informais e\/ou n\u00e3o formais de adultos.<\/li>\n<\/ol>\n<p><strong>Os principais resultados tang\u00edveis s\u00e3o:<\/strong><\/p>\n<ol>\n<li>Vers\u00e3o final do modelo de interven\u00e7\u00e3o a aplicar junto de adultos;<\/li>\n<li>Diretrizes \/ guias metodol\u00f3gicos;<\/li>\n<li>Estrutura\/design macro e micro da a\u00e7\u00e3o de forma\u00e7\u00e3o;<\/li>\n<li>Ambiente para aprendizagem on-line;<\/li>\n<li>Estudos piloto locais;<\/li>\n<li>Estudos de caso;<\/li>\n<li>A\u00e7\u00e3o de forma\u00e7\u00e3o para os profissionais que trabalham com os adultos.<\/li>\n<\/ol>\n<p>Este projeto ter\u00e1 um impacto significativo nas organiza\u00e7\u00f5es parceiras e nos operadores participantes, partes interessadas e principais intervenientes a n\u00edvel local, nacional e da Uni\u00e3o Europeia No cerne dos objetivos do projeto, por\u00e9m, est\u00e1 o impacto esperado nos adultos em situa\u00e7\u00e3o de desvantagem: aumentar suas oportunidades de inclus\u00e3o social e no trabalho, (re)inclus\u00e3o em processos de participa\u00e7\u00e3o ativa e no mercado de trabalho, melhorando suas experi\u00eancias de vida, aumentando a auto-estima, a consci\u00eancia e proatividade nas atividades di\u00e1rias.[\/vc_column_text][vc_row_inner row_inner_height_percent=&#8221;0&#8243; overlay_alpha=&#8221;50&#8243; gutter_size=&#8221;3&#8243; shift_y=&#8221;0&#8243; z_index=&#8221;0&#8243; el_id=&#8221;ing&#8221;][vc_column_inner column_width_percent=&#8221;100&#8243; gutter_size=&#8221;3&#8243; overlay_alpha=&#8221;50&#8243; shift_x=&#8221;0&#8243; shift_y=&#8221;0&#8243; z_index=&#8221;0&#8243; medium_width=&#8221;0&#8243; mobile_width=&#8221;0&#8243; width=&#8221;1\/1&#8243;][vc_separator][\/vc_column_inner][\/vc_row_inner][vc_custom_heading heading_semantic=&#8221;h5&#8243; text_size=&#8221;h3&#8243; text_align=&#8221;text-center&#8221; text_serif=&#8221;yes&#8221;]<strong>Parceria<\/strong>[\/vc_custom_heading][vc_column_text css=&#8221;.vc_custom_1618332083567{margin-top: 15px !important;}&#8221;]<\/p>\n<ul>\n<li>Consorzio Ro.Ma. | N\u00e1poles, It\u00e1lia<\/li>\n<li>Agenfap Societ\u00e0 Cooperativa | Roma, It\u00e1lia<\/li>\n<li>Balgarska Agentsiya za Razvitie \u2013 BDA | Sofia, Bulg\u00e1ria<\/li>\n<li>Inercia Digital SL | Aljaraque, Espanha<\/li>\n<li>Razvojno Izobrazevalni Center Novomesto \u2013 RIC | Novo Mesto, Eslov\u00e9nia<\/li>\n<li>Centrum Ksztalcenia Ustawicznego nr 2 w Lublinie \u2013 CKU2 | Lublin, Pol\u00f3nia<\/li>\n<li>Asociatia Centrul European pentru Integrare Socioprofesionala \u2013 ACTA | Oradea, Rom\u00e9nia<\/li>\n<li>EPRALIMA \u2013 Escola Profissional do Alto Lima, CIPRL | Arcos de Valdevez, Portugal<\/li>\n<li>Hellenic Open University \u2013 HOU | Patras, Gr\u00e9cia<\/li>\n<\/ul>\n<p>[\/vc_column_text][vc_row_inner row_inner_height_percent=&#8221;0&#8243; overlay_alpha=&#8221;50&#8243; gutter_size=&#8221;3&#8243; shift_y=&#8221;0&#8243; z_index=&#8221;0&#8243; el_id=&#8221;ing&#8221;][vc_column_inner column_width_percent=&#8221;100&#8243; gutter_size=&#8221;3&#8243; overlay_alpha=&#8221;50&#8243; shift_x=&#8221;0&#8243; shift_y=&#8221;0&#8243; z_index=&#8221;0&#8243; medium_width=&#8221;0&#8243; mobile_width=&#8221;0&#8243; width=&#8221;1\/1&#8243;][vc_separator][\/vc_column_inner][\/vc_row_inner][vc_custom_heading heading_semantic=&#8221;h5&#8243; text_size=&#8221;h3&#8243; text_align=&#8221;text-center&#8221; text_serif=&#8221;yes&#8221; el_class=&#8221;info&#8221;]<strong>Mais Informa\u00e7\u00f5es<\/strong>[\/vc_custom_heading][vc_column_text css=&#8221;.vc_custom_1618332177245{margin-top: 15px !important;}&#8221;]<a href=\"https:\/\/www.epralima.pt\">www.epralima.pt<\/a>[\/vc_column_text][\/vc_column][\/vc_row]<\/p>\n<\/div>","protected":false},"excerpt":{"rendered":"<p>[vc_row row_height_percent=&#8221;0&#8243; override_padding=&#8221;yes&#8221; h_padding=&#8221;0&#8243; top_padding=&#8221;3&#8243; bottom_padding=&#8221;3&#8243; overlay_alpha=&#8221;0&#8243; gutter_size=&#8221;100&#8243; shift_y=&#8221;0&#8243; style=&#8221;inherited&#8221;][vc_column column_width_percent=&#8221;100&#8243; position_horizontal=&#8221;left&#8221; gutter_size=&#8221;4&#8243; style=&#8221;light&#8221; overlay_alpha=&#8221;100&#8243; shift_x=&#8221;0&#8243; shift_y=&#8221;0&#8243; z_index=&#8221;0&#8243; medium_width=&#8221;0&#8243; zoom_width=&#8221;0&#8243; [&hellip;]<\/p>\n","protected":false},"author":1,"featured_media":91377,"parent":0,"menu_order":0,"comment_status":"open","ping_status":"open","template":"","meta":{"_acf_changed":false,"om_disable_all_campaigns":false,"_monsterinsights_skip_tracking":false,"_monsterinsights_sitenote_active":false,"_monsterinsights_sitenote_note":"","_monsterinsights_sitenote_category":0,"_uf_show_specific_survey":0,"_uf_disable_surveys":false,"footnotes":""},"portfolio_category":[120],"class_list":["post-89694","portfolio","type-portfolio","status-publish","has-post-thumbnail","hentry","portfolio_category-projetos-internacionais"],"acf":[],"aioseo_notices":[],"_links":{"self":[{"href":"https:\/\/www.epralima.com\/website\/wp-json\/wp\/v2\/portfolio\/89694","targetHints":{"allow":["GET"]}}],"collection":[{"href":"https:\/\/www.epralima.com\/website\/wp-json\/wp\/v2\/portfolio"}],"about":[{"href":"https:\/\/www.epralima.com\/website\/wp-json\/wp\/v2\/types\/portfolio"}],"author":[{"embeddable":true,"href":"https:\/\/www.epralima.com\/website\/wp-json\/wp\/v2\/users\/1"}],"replies":[{"embeddable":true,"href":"https:\/\/www.epralima.com\/website\/wp-json\/wp\/v2\/comments?post=89694"}],"version-history":[{"count":2,"href":"https:\/\/www.epralima.com\/website\/wp-json\/wp\/v2\/portfolio\/89694\/revisions"}],"predecessor-version":[{"id":91378,"href":"https:\/\/www.epralima.com\/website\/wp-json\/wp\/v2\/portfolio\/89694\/revisions\/91378"}],"wp:featuredmedia":[{"embeddable":true,"href":"https:\/\/www.epralima.com\/website\/wp-json\/wp\/v2\/media\/91377"}],"wp:attachment":[{"href":"https:\/\/www.epralima.com\/website\/wp-json\/wp\/v2\/media?parent=89694"}],"wp:term":[{"taxonomy":"portfolio_category","embeddable":true,"href":"https:\/\/www.epralima.com\/website\/wp-json\/wp\/v2\/portfolio_category?post=89694"}],"curies":[{"name":"wp","href":"https:\/\/api.w.org\/{rel}","templated":true}]}}