{"id":89691,"date":"2021-04-13T16:29:34","date_gmt":"2021-04-13T16:29:34","guid":{"rendered":"http:\/\/epralima.com\/website\/?post_type=portfolio&#038;p=89691"},"modified":"2021-04-23T15:06:16","modified_gmt":"2021-04-23T15:06:16","slug":"qualifying-differences","status":"publish","type":"portfolio","link":"https:\/\/www.epralima.com\/website\/portfolio\/qualifying-differences\/","title":{"rendered":"Qualifying Differences"},"content":{"rendered":"<div class=\"wpb-content-wrapper\"><p>[vc_row row_height_percent=&#8221;0&#8243; override_padding=&#8221;yes&#8221; h_padding=&#8221;0&#8243; top_padding=&#8221;3&#8243; bottom_padding=&#8221;3&#8243; overlay_alpha=&#8221;0&#8243; gutter_size=&#8221;100&#8243; shift_y=&#8221;0&#8243; style=&#8221;inherited&#8221;][vc_column column_width_percent=&#8221;100&#8243; position_horizontal=&#8221;left&#8221; gutter_size=&#8221;4&#8243; style=&#8221;light&#8221; overlay_alpha=&#8221;100&#8243; shift_x=&#8221;0&#8243; shift_y=&#8221;0&#8243; z_index=&#8221;0&#8243; medium_width=&#8221;0&#8243; zoom_width=&#8221;0&#8243; zoom_height=&#8221;0&#8243; width=&#8221;1\/1&#8243;][vc_gallery el_id=&#8221;gallery-749185&#8243; type=&#8221;carousel&#8221; medias=&#8221;89692&#8243; carousel_lg=&#8221;1&#8243; carousel_md=&#8221;1&#8243; carousel_sm=&#8221;1&#8243; thumb_size=&#8221;sixteen-nine&#8221; gutter_size=&#8221;0&#8243; media_items=&#8221;media|nolink|original,icon&#8221; carousel_type=&#8221;fade&#8221; carousel_interval=&#8221;5000&#8243; carousel_navspeed=&#8221;1000&#8243; carousel_loop=&#8221;yes&#8221; carousel_nav=&#8221;yes&#8221; carousel_dots=&#8221;yes&#8221; carousel_dots_inside=&#8221;yes&#8221; carousel_dot_padding=&#8221;2&#8243; stage_padding=&#8221;0&#8243; single_overlay_opacity=&#8221;50&#8243; single_overlay_anim=&#8221;no&#8221; single_text_anim=&#8221;no&#8221; single_image_anim=&#8221;no&#8221; single_padding=&#8221;2&#8243; single_border=&#8221;yes&#8221;][vc_custom_heading heading_semantic=&#8221;h5&#8243; text_size=&#8221;h3&#8243; text_align=&#8221;text-center&#8221; text_serif=&#8221;yes&#8221;]<strong>Descri\u00e7\u00e3o Geral do Projeto<\/strong>[\/vc_custom_heading][vc_column_text css=&#8221;.vc_custom_1618330552607{margin-top: 15px !important;}&#8221;]O Projeto \u201cQualifying Differences\u201d \u00e9 desenvolvido por uma parceria europeia constitu\u00edda por 6 entidades de 6 pa\u00edses europeus: Portugal, Fran\u00e7a, Espanha, Gr\u00e9cia, Rep\u00fablica Checa e It\u00e1lia. Tem por objetivo geral contribuir para o desenvolvimento de uma \u00e1rea Europeia de Compet\u00eancias, atrav\u00e9s do desenvolvimento de uma Plataforma Europeia para apoiar e assegurar o reconhecimento, a valida\u00e7\u00e3o e a certifica\u00e7\u00e3o de compet\u00eancias dos adultos com defici\u00eancia, realizadas noutros pa\u00edses Europeus, permitindo a combina\u00e7\u00e3o de abordagens te\u00f3ricas e pr\u00e1ticas, e alargando a \u2018vis\u00e3o\u2019 nacional \u00e0 \u2018vis\u00e3o\u2019 europeia, no contexto da Educa\u00e7\u00e3o e Forma\u00e7\u00e3o de Adultos.[\/vc_column_text][vc_row_inner row_inner_height_percent=&#8221;0&#8243; overlay_alpha=&#8221;50&#8243; gutter_size=&#8221;3&#8243; shift_y=&#8221;0&#8243; z_index=&#8221;0&#8243; el_id=&#8221;ing&#8221;][vc_column_inner column_width_percent=&#8221;100&#8243; gutter_size=&#8221;3&#8243; overlay_alpha=&#8221;50&#8243; shift_x=&#8221;0&#8243; shift_y=&#8221;0&#8243; z_index=&#8221;0&#8243; medium_width=&#8221;0&#8243; mobile_width=&#8221;0&#8243; width=&#8221;1\/1&#8243;][vc_separator][\/vc_column_inner][\/vc_row_inner][vc_custom_heading heading_semantic=&#8221;h5&#8243; text_size=&#8221;h3&#8243; text_align=&#8221;text-center&#8221; text_serif=&#8221;yes&#8221;]<strong>Grupo-alvo<\/strong>[\/vc_custom_heading][vc_column_text css=&#8221;.vc_custom_1618330687298{margin-top: 15px !important;}&#8221;]<\/p>\n<ul>\n<li>Coordenadores dos Centros de Reconhecimento, Valida\u00e7\u00e3o, e Certifica\u00e7\u00e3o de Compet\u00eancias;<\/li>\n<li>T\u00e9cnicos de Orienta\u00e7\u00e3o, Reconhecimento e Valida\u00e7\u00e3o de Compet\u00eancias;<\/li>\n<li>Formadores das diversas \u00e1reas de Compet\u00eancia-chave;<\/li>\n<li>Representantes de outras institui\u00e7\u00f5es de educa\u00e7\u00e3o e forma\u00e7\u00e3o de adultos;<\/li>\n<li>Institui\u00e7\u00f5es de apoio aos cidad\u00e3os com defici\u00eancia;<\/li>\n<li>Empregadores;<\/li>\n<li>Comunidade em geral.<\/li>\n<\/ul>\n<p>[\/vc_column_text][vc_row_inner row_inner_height_percent=&#8221;0&#8243; overlay_alpha=&#8221;50&#8243; gutter_size=&#8221;3&#8243; shift_y=&#8221;0&#8243; z_index=&#8221;0&#8243; el_id=&#8221;ing&#8221;][vc_column_inner column_width_percent=&#8221;100&#8243; gutter_size=&#8221;3&#8243; overlay_alpha=&#8221;50&#8243; shift_x=&#8221;0&#8243; shift_y=&#8221;0&#8243; z_index=&#8221;0&#8243; medium_width=&#8221;0&#8243; mobile_width=&#8221;0&#8243; width=&#8221;1\/1&#8243;][vc_separator][\/vc_column_inner][\/vc_row_inner][vc_custom_heading heading_semantic=&#8221;h5&#8243; text_size=&#8221;h3&#8243; text_align=&#8221;text-center&#8221; text_serif=&#8221;yes&#8221;]<strong>Atividades<\/strong>[\/vc_custom_heading][vc_column_text css=&#8221;.vc_custom_1618331179904{margin-top: 15px !important;}&#8221;]O projeto abranger\u00e1 \u00a0as atividades transversais de gest\u00e3o, dissemina\u00e7\u00e3o e avalia\u00e7\u00e3o.Relativamente \u00e0 gest\u00e3o e monitoriza\u00e7\u00e3o ser\u00e3o realizadas 6 Reuni\u00f5es Transnacionais:<\/p>\n<ul>\n<li><strong>1\u00aa Reuni\u00e3o<\/strong> \u2013 Arcos de Valdevez, Portugal;<\/li>\n<li><strong>2\u00aa Reuni\u00e3o<\/strong> \u2013 M\u00e1laga, Espanha<\/li>\n<li><strong>3\u00aa Reuni\u00e3o<\/strong> \u2013 Paris; Fran\u00e7a<\/li>\n<li><strong>4\u00aa Reuni\u00e3o<\/strong> \u2013 Dytiki Achaia, Gr\u00e9cia<\/li>\n<li><strong>5\u00aa Reuni\u00e3<\/strong>o \u2013 Saviano, It\u00e1lia<\/li>\n<li><strong>6\u00aa reuni\u00e3o<\/strong> \u2013 BRNO, Rep\u00fablica Checa<\/li>\n<\/ul>\n<p>Onde todo o trabalho desenvolvido ser\u00e1 monitorizado e avaliado, fazendo-se as adapta\u00e7\u00f5es\/altera\u00e7\u00f5es necess\u00e1rias para o bom desenvolvimento do mesmo.<br \/>\nNo que toca \u00e0 dissemina\u00e7\u00e3o ser\u00e3o realizados 6 eventos multiplicadores durante o m\u00eas de Fevereiro de 2020.<\/p>\n<p><strong>Evento 1 \u2013 Portugal <\/strong>| 25 Participantes<\/p>\n<p><strong>Evento 2 \u2013 Fran\u00e7a <\/strong>|23 participantes<\/p>\n<p><strong>Evento 3 \u2013 Espanha <\/strong>| 23 participantes<\/p>\n<p><strong>Evento 4 \u2013 Rep\u00fablica Checa<\/strong> | 23 participantes<\/p>\n<p><strong>Evento 5 \u2013 Gr\u00e9cia<\/strong> | 23 participantes<\/p>\n<p><strong>Evento 6 \u2013 It\u00e1lia<\/strong> | 23 participantes<\/p>\n<p>A parceria desenvolver\u00e1, ainda, um conjunto de atividades estruturadas, protagonizadas por todas as entidades parceiras, com o objetivo de:<\/p>\n<ul>\n<li>divulgar os diferentes resultados alcan\u00e7ados pelo projeto;<\/li>\n<li>transferir para outras entidades solu\u00e7\u00f5es\/resultados, ao n\u00edvel das boas pr\u00e1ticas na gest\u00e3o dos processos de avalia\u00e7\u00e3o, no reconhecimento, valida\u00e7\u00e3o e certifica\u00e7\u00e3o de compet\u00eancias desenvolvidas em adultos com defici\u00eancia;<\/li>\n<li>dar continuidade sustentada aos resultados.<\/li>\n<\/ul>\n<p>As metodologias, os ensinamentos, os resultados e os produtos ser\u00e3o alvo de publica\u00e7\u00f5es por cada entidade parceira junto da comunidade envolvente dos pa\u00edses.<br \/>\nRelativamente ao desenvolvimento dos Produtos Intelectuais a parceria tem um conjunto de atividades a desenvolver que se prendem sobretudo com a pesquisa e recolha de informa\u00e7\u00e3o\/ experi\u00eanca existente nos pa\u00edses parceiros.<\/p>\n<p><strong>Booklet \u201c Entender a Defici\u00eancia\u201d<\/strong><\/p>\n<ol>\n<li>Recolha dos tipos de defici\u00eancia e suas carater\u00edsticas, a n\u00edvel nacional por cada pa\u00eds parceiro;<\/li>\n<li>Recolha da legisla\u00e7\u00e3o que apoia\/suporta os adultos com defici\u00eancia no que toca \u00e0 salvaguarda dos seus Direitos, a n\u00edvel nacional por cada pa\u00eds parceiro;<\/li>\n<li>Recolha das Entidades e Servi\u00e7os de Apoio aos adultos com defici\u00eancia;<\/li>\n<li>Recolha da legisla\u00e7\u00e3o que apoia\/suporta os Empregadores no que toca aos seus Direitos e Deveres enquanto empregadores de profissionais com defici\u00eancia.<\/li>\n<\/ol>\n<p><strong>Manual Metodol\u00f3gico<\/strong><\/p>\n<ol>\n<li>Sinaliza\u00e7\u00e3o da equipa a envolver para a valida\u00e7\u00e3o da metodologia<\/li>\n<li>Sele\u00e7\u00e3o das metodologias demonstrativas de experi\u00eancia pessoal e profissional do adulto<\/li>\n<li>Planeamento dos processos e metas de trabalho entre as equipas;<\/li>\n<li>Apresenta\u00e7\u00e3o da proposta da abordagem e metodologia a aplicar;<\/li>\n<li>Realiza\u00e7\u00e3o do prot\u00f3tipo do manual e sua valida\u00e7\u00e3o;<\/li>\n<\/ol>\n<p><strong>Plataforma Digital<\/strong><\/p>\n<ol>\n<li>Defini\u00e7\u00e3o das especifica\u00e7\u00f5es t\u00e9cnicas da plataforma<\/li>\n<li>Desenvolvimento t\u00e9cnico da plataforma<\/li>\n<li>Defini\u00e7\u00e3o de conte\u00fado;<\/li>\n<li>Desenvolvimento de cursos e-learning;<\/li>\n<\/ol>\n<p>[\/vc_column_text][vc_row_inner row_inner_height_percent=&#8221;0&#8243; overlay_alpha=&#8221;50&#8243; gutter_size=&#8221;3&#8243; shift_y=&#8221;0&#8243; z_index=&#8221;0&#8243; el_id=&#8221;ing&#8221;][vc_column_inner column_width_percent=&#8221;100&#8243; gutter_size=&#8221;3&#8243; overlay_alpha=&#8221;50&#8243; shift_x=&#8221;0&#8243; shift_y=&#8221;0&#8243; z_index=&#8221;0&#8243; medium_width=&#8221;0&#8243; mobile_width=&#8221;0&#8243; width=&#8221;1\/1&#8243;][vc_separator][\/vc_column_inner][\/vc_row_inner][vc_custom_heading heading_semantic=&#8221;h5&#8243; text_size=&#8221;h3&#8243; text_align=&#8221;text-center&#8221; text_serif=&#8221;yes&#8221;]<strong>Resultados &#8211; Produtos<\/strong>[\/vc_custom_heading][vc_column_text css=&#8221;.vc_custom_1618331341685{margin-top: 15px !important;}&#8221;]O projeto prev\u00ea um conjunto de atividades estruturadas, co-partilhadas pela parceria, ao longo de 30 meses, de forma a desenvolver os seguintes produtos:<\/p>\n<ol>\n<li><strong>\u00a0Desenvolver um Booklet para empregadores e adultos com defici\u00eancia<\/strong>. Este abordar\u00e1 os v\u00e1rios tipos de defici\u00eancia e suas carater\u00edsticas, assim como, a legisla\u00e7\u00e3o que apoia os cidad\u00e3os com defici\u00eancia e os empregadores de cidad\u00e3os com defici\u00eancia.<\/li>\n<li><strong style=\"font-family: -apple-system, BlinkMacSystemFont, 'Segoe UI', Roboto, Oxygen-Sans, Ubuntu, Cantarell, 'Helvetica Neue', sans-serif;\">Elaborar matrizes de correspond\u00eancia<\/strong><span style=\"font-family: -apple-system, BlinkMacSystemFont, 'Segoe UI', Roboto, Oxygen-Sans, Ubuntu, Cantarell, 'Helvetica Neue', sans-serif;\"> entre as pr\u00e1ticas das entidades dos v\u00e1rios pa\u00edses, no que respeita \u00e0s metodologias reconhecidas e com car\u00e1ter inovador no reconhecimento, valida\u00e7\u00e3o e certifica\u00e7\u00e3o de compet\u00eancias;<\/span><\/li>\n<li><strong style=\"font-family: -apple-system, BlinkMacSystemFont, 'Segoe UI', Roboto, Oxygen-Sans, Ubuntu, Cantarell, 'Helvetica Neue', sans-serif;\">Conceber o manual &#8220;Balan\u00e7o de Compet\u00eancias-Chave para a Certifica\u00e7\u00e3o Escolar Universal&#8221;<\/strong><span style=\"font-family: -apple-system, BlinkMacSystemFont, 'Segoe UI', Roboto, Oxygen-Sans, Ubuntu, Cantarell, 'Helvetica Neue', sans-serif;\"> composto por guia metodol\u00f3gico para profissionais (guia descritivo da metodologia seguida) e bateria de ferramentas das v\u00e1rias etapas e subetapas do trabalho envolvido no processo de diagn\u00f3stico, reconhecimento, valida\u00e7\u00e3o e certifica\u00e7\u00e3o de compet\u00eancias dos adultos com defici\u00eancia. Este produto resulta da car\u00eancia encontrada a n\u00edvel nacional e internacional uma vez que cada entidade utiliza a sua pr\u00f3pria metodologia;<\/span><\/li>\n<li><strong style=\"font-family: -apple-system, BlinkMacSystemFont, 'Segoe UI', Roboto, Oxygen-Sans, Ubuntu, Cantarell, 'Helvetica Neue', sans-serif;\">Desenvolver uma Plataforma Digital Europeia inclusiva<\/strong><span style=\"font-family: -apple-system, BlinkMacSystemFont, 'Segoe UI', Roboto, Oxygen-Sans, Ubuntu, Cantarell, 'Helvetica Neue', sans-serif;\">\u00a0para apoiar e assegurar o reconhecimento, a valida\u00e7\u00e3o e a certifica\u00e7\u00e3o de compet\u00eancias a n\u00edvel europeu. A plataforma ter\u00e1 integrada toda a metodologia desenvolvida no ponto anterior;\u00a0<\/span><\/li>\n<\/ol>\n<p>[\/vc_column_text][vc_row_inner row_inner_height_percent=&#8221;0&#8243; overlay_alpha=&#8221;50&#8243; gutter_size=&#8221;3&#8243; shift_y=&#8221;0&#8243; z_index=&#8221;0&#8243; el_id=&#8221;ing&#8221;][vc_column_inner column_width_percent=&#8221;100&#8243; gutter_size=&#8221;3&#8243; overlay_alpha=&#8221;50&#8243; shift_x=&#8221;0&#8243; shift_y=&#8221;0&#8243; z_index=&#8221;0&#8243; medium_width=&#8221;0&#8243; mobile_width=&#8221;0&#8243; width=&#8221;1\/1&#8243;][vc_separator][\/vc_column_inner][\/vc_row_inner][vc_custom_heading heading_semantic=&#8221;h5&#8243; text_size=&#8221;h3&#8243; text_align=&#8221;text-center&#8221; text_serif=&#8221;yes&#8221;]<strong>Parceria<\/strong>[\/vc_custom_heading][vc_column_text css=&#8221;.vc_custom_1618331356717{margin-top: 15px !important;}&#8221;]<\/p>\n<div class=\"item-page projetos\">\n<div class=\"content item-content\">\n<ul>\n<li>EPRALIMA-Escola Profissional do Alto Lima_C.I.P.R.L &#8211; Portugal<\/li>\n<li>DAFNI KENTRO EPAGGELMATIKIS KATARTISIS \u2013 Gr\u00e9cia<\/li>\n<li>Unione Italiana Lotta alla Distrofia Muscolare &#8211; sezione di Saviano &#8211; It\u00e1lia<\/li>\n<li>E-SENIORS: INITIATION DES SENIORS AUX NTIC ASSOCIATION \u2013 Fran\u00e7a<\/li>\n<li>CENTRO SUPERIOR DE FORMACION EUROPA SUR \u2013 Espanha<\/li>\n<li>Masarykova univerzita \u2013 Rep\u00fablica Checa<\/li>\n<\/ul>\n<\/div>\n<\/div>\n<p>[\/vc_column_text][\/vc_column][\/vc_row]<\/p>\n<\/div>","protected":false},"excerpt":{"rendered":"<p>[vc_row row_height_percent=&#8221;0&#8243; override_padding=&#8221;yes&#8221; h_padding=&#8221;0&#8243; top_padding=&#8221;3&#8243; bottom_padding=&#8221;3&#8243; overlay_alpha=&#8221;0&#8243; gutter_size=&#8221;100&#8243; shift_y=&#8221;0&#8243; style=&#8221;inherited&#8221;][vc_column column_width_percent=&#8221;100&#8243; position_horizontal=&#8221;left&#8221; gutter_size=&#8221;4&#8243; style=&#8221;light&#8221; overlay_alpha=&#8221;100&#8243; shift_x=&#8221;0&#8243; shift_y=&#8221;0&#8243; z_index=&#8221;0&#8243; medium_width=&#8221;0&#8243; zoom_width=&#8221;0&#8243; [&hellip;]<\/p>\n","protected":false},"author":1,"featured_media":89692,"parent":0,"menu_order":0,"comment_status":"open","ping_status":"open","template":"","meta":{"_acf_changed":false,"om_disable_all_campaigns":false,"_monsterinsights_skip_tracking":false,"_monsterinsights_sitenote_active":false,"_monsterinsights_sitenote_note":"","_monsterinsights_sitenote_category":0,"_uf_show_specific_survey":0,"_uf_disable_surveys":false,"footnotes":""},"portfolio_category":[120],"class_list":["post-89691","portfolio","type-portfolio","status-publish","has-post-thumbnail","hentry","portfolio_category-projetos-internacionais"],"acf":[],"aioseo_notices":[],"_links":{"self":[{"href":"https:\/\/www.epralima.com\/website\/wp-json\/wp\/v2\/portfolio\/89691","targetHints":{"allow":["GET"]}}],"collection":[{"href":"https:\/\/www.epralima.com\/website\/wp-json\/wp\/v2\/portfolio"}],"about":[{"href":"https:\/\/www.epralima.com\/website\/wp-json\/wp\/v2\/types\/portfolio"}],"author":[{"embeddable":true,"href":"https:\/\/www.epralima.com\/website\/wp-json\/wp\/v2\/users\/1"}],"replies":[{"embeddable":true,"href":"https:\/\/www.epralima.com\/website\/wp-json\/wp\/v2\/comments?post=89691"}],"version-history":[{"count":1,"href":"https:\/\/www.epralima.com\/website\/wp-json\/wp\/v2\/portfolio\/89691\/revisions"}],"predecessor-version":[{"id":89693,"href":"https:\/\/www.epralima.com\/website\/wp-json\/wp\/v2\/portfolio\/89691\/revisions\/89693"}],"wp:featuredmedia":[{"embeddable":true,"href":"https:\/\/www.epralima.com\/website\/wp-json\/wp\/v2\/media\/89692"}],"wp:attachment":[{"href":"https:\/\/www.epralima.com\/website\/wp-json\/wp\/v2\/media?parent=89691"}],"wp:term":[{"taxonomy":"portfolio_category","embeddable":true,"href":"https:\/\/www.epralima.com\/website\/wp-json\/wp\/v2\/portfolio_category?post=89691"}],"curies":[{"name":"wp","href":"https:\/\/api.w.org\/{rel}","templated":true}]}}