{"id":169387,"date":"2025-09-08T13:31:48","date_gmt":"2025-09-08T13:31:48","guid":{"rendered":"https:\/\/www.epralima.com\/website\/?post_type=portfolio&#038;p=169387"},"modified":"2025-09-09T08:51:01","modified_gmt":"2025-09-09T08:51:01","slug":"educacao-e-formacao-de-adultos-efa","status":"publish","type":"portfolio","link":"https:\/\/www.epralima.com\/website\/portfolio\/educacao-e-formacao-de-adultos-efa\/","title":{"rendered":"Educa\u00e7\u00e3o e Forma\u00e7\u00e3o de Adultos EFA"},"content":{"rendered":"<div class=\"wpb-content-wrapper\"><p>[vc_row row_height_percent=&#8221;0&#8243; override_padding=&#8221;yes&#8221; h_padding=&#8221;0&#8243; top_padding=&#8221;3&#8243; bottom_padding=&#8221;3&#8243; overlay_alpha=&#8221;0&#8243; gutter_size=&#8221;100&#8243; shift_y=&#8221;0&#8243; style=&#8221;inherited&#8221;][vc_column column_width_percent=&#8221;100&#8243; position_horizontal=&#8221;left&#8221; gutter_size=&#8221;4&#8243; style=&#8221;light&#8221; overlay_alpha=&#8221;100&#8243; shift_x=&#8221;0&#8243; shift_y=&#8221;0&#8243; z_index=&#8221;0&#8243; medium_width=&#8221;0&#8243; zoom_width=&#8221;0&#8243; zoom_height=&#8221;0&#8243; width=&#8221;1\/1&#8243;][vc_gallery el_id=&#8221;gallery-749185&#8243; type=&#8221;carousel&#8221; medias=&#8221;91400&#8243; carousel_lg=&#8221;1&#8243; carousel_md=&#8221;1&#8243; carousel_sm=&#8221;1&#8243; gutter_size=&#8221;0&#8243; media_items=&#8221;media|nolink|original,icon&#8221; carousel_type=&#8221;fade&#8221; carousel_interval=&#8221;5000&#8243; carousel_navspeed=&#8221;1000&#8243; carousel_loop=&#8221;yes&#8221; carousel_nav=&#8221;yes&#8221; carousel_dots=&#8221;yes&#8221; carousel_dots_inside=&#8221;yes&#8221; carousel_dot_padding=&#8221;2&#8243; stage_padding=&#8221;0&#8243; single_overlay_opacity=&#8221;50&#8243; single_overlay_anim=&#8221;no&#8221; single_text_anim=&#8221;no&#8221; single_image_anim=&#8221;no&#8221; single_padding=&#8221;2&#8243; single_border=&#8221;yes&#8221;][vc_custom_heading heading_semantic=&#8221;h5&#8243; text_size=&#8221;h3&#8243; text_align=&#8221;text-center&#8221; text_serif=&#8221;yes&#8221;]Agora vou formar-me em&#8230;[\/vc_custom_heading][vc_row_inner row_inner_height_percent=&#8221;0&#8243; overlay_alpha=&#8221;100&#8243; gutter_size=&#8221;3&#8243; shift_y=&#8221;0&#8243;][vc_column_inner column_width_percent=&#8221;100&#8243; align_horizontal=&#8221;align_center&#8221; gutter_size=&#8221;3&#8243; overlay_alpha=&#8221;100&#8243; shift_x=&#8221;0&#8243; shift_y=&#8221;0&#8243; shift_y_down=&#8221;0&#8243; z_index=&#8221;0&#8243; medium_width=&#8221;3&#8243; mobile_visibility=&#8221;yes&#8221; mobile_width=&#8221;0&#8243; zoom_width=&#8221;0&#8243; zoom_height=&#8221;0&#8243; width=&#8221;1\/4&#8243;][vc_custom_heading heading_semantic=&#8221;h3&#8243; text_size=&#8221;h5&#8243; sub_reduced=&#8221;yes&#8221; el_id=&#8221;dpp&#8221;]<strong>Cursos de N\u00edvel II:<\/strong>[\/vc_custom_heading][\/vc_column_inner][vc_column_inner column_width_percent=&#8221;100&#8243; align_horizontal=&#8221;align_center&#8221; gutter_size=&#8221;3&#8243; overlay_alpha=&#8221;100&#8243; shift_x=&#8221;0&#8243; shift_y=&#8221;0&#8243; shift_y_down=&#8221;0&#8243; z_index=&#8221;0&#8243; medium_width=&#8221;3&#8243; mobile_width=&#8221;0&#8243; zoom_width=&#8221;0&#8243; zoom_height=&#8221;0&#8243; width=&#8221;1\/4&#8243;][vc_icon display=&#8221;inline&#8221; icon_image=&#8221;90061&#8243; icon_color=&#8221;accent&#8221; text_font=&#8221;font-762333&#8243; text_size=&#8221;h5&#8243; text_weight=&#8221;600&#8243; text_height=&#8221;fontheight-179065&#8243; text_space=&#8221;fontspace-781688&#8243; align=&#8221;left&#8221; title=&#8221;Cozinheiro\/a&#8221; el_class=&#8221;gilroy&#8221; el_id=&#8221;gilroy&#8221;][\/vc_icon][\/vc_column_inner][vc_column_inner column_width_percent=&#8221;100&#8243; align_horizontal=&#8221;align_center&#8221; gutter_size=&#8221;3&#8243; overlay_alpha=&#8221;50&#8243; shift_x=&#8221;0&#8243; shift_y=&#8221;0&#8243; shift_y_down=&#8221;0&#8243; z_index=&#8221;0&#8243; medium_width=&#8221;0&#8243; mobile_width=&#8221;0&#8243; width=&#8221;1\/4&#8243;][vc_icon display=&#8221;inline&#8221; icon_image=&#8221;91330&#8243; icon_color=&#8221;accent&#8221; text_font=&#8221;font-762333&#8243; text_size=&#8221;h5&#8243; text_weight=&#8221;600&#8243; text_height=&#8221;fontheight-179065&#8243; text_space=&#8221;fontspace-781688&#8243; align=&#8221;left&#8221; title=&#8221;Assistente Familiar e Apoio \u00e0 Comunidade&#8221; el_class=&#8221;gilroy&#8221; el_id=&#8221;gilroy&#8221;][\/vc_icon][\/vc_column_inner][vc_column_inner width=&#8221;1\/4&#8243;][\/vc_column_inner][\/vc_row_inner][vc_row_inner row_inner_height_percent=&#8221;0&#8243; overlay_alpha=&#8221;100&#8243; gutter_size=&#8221;3&#8243; shift_y=&#8221;0&#8243;][vc_column_inner column_width_percent=&#8221;100&#8243; align_horizontal=&#8221;align_center&#8221; gutter_size=&#8221;3&#8243; overlay_alpha=&#8221;100&#8243; shift_x=&#8221;0&#8243; shift_y=&#8221;0&#8243; shift_y_down=&#8221;0&#8243; z_index=&#8221;0&#8243; medium_width=&#8221;3&#8243; mobile_visibility=&#8221;yes&#8221; mobile_width=&#8221;0&#8243; zoom_width=&#8221;0&#8243; zoom_height=&#8221;0&#8243; width=&#8221;1\/4&#8243;][vc_custom_heading heading_semantic=&#8221;h3&#8243; text_size=&#8221;h5&#8243; sub_reduced=&#8221;yes&#8221; el_id=&#8221;dpp&#8221;]<strong>Cursos de N\u00edvel IV:<\/strong>[\/vc_custom_heading][\/vc_column_inner][vc_column_inner column_width_percent=&#8221;100&#8243; align_horizontal=&#8221;align_center&#8221; gutter_size=&#8221;3&#8243; overlay_alpha=&#8221;100&#8243; shift_x=&#8221;0&#8243; shift_y=&#8221;0&#8243; shift_y_down=&#8221;0&#8243; z_index=&#8221;0&#8243; medium_width=&#8221;3&#8243; mobile_width=&#8221;0&#8243; zoom_width=&#8221;0&#8243; zoom_height=&#8221;0&#8243; width=&#8221;1\/4&#8243;][vc_icon display=&#8221;inline&#8221; icon_image=&#8221;91290&#8243; icon_color=&#8221;accent&#8221; text_font=&#8221;font-762333&#8243; text_size=&#8221;h5&#8243; text_weight=&#8221;600&#8243; text_height=&#8221;fontheight-179065&#8243; text_space=&#8221;fontspace-781688&#8243; align=&#8221;left&#8221; title=&#8221;T\u00e9cnico de Multim\u00e9dia&#8221; el_class=&#8221;gilroy&#8221; el_id=&#8221;gilroy&#8221;][\/vc_icon][\/vc_column_inner][vc_column_inner column_width_percent=&#8221;100&#8243; align_horizontal=&#8221;align_center&#8221; gutter_size=&#8221;3&#8243; overlay_alpha=&#8221;50&#8243; shift_x=&#8221;0&#8243; shift_y=&#8221;0&#8243; shift_y_down=&#8221;0&#8243; z_index=&#8221;0&#8243; medium_width=&#8221;0&#8243; mobile_width=&#8221;0&#8243; width=&#8221;1\/4&#8243;][vc_icon display=&#8221;inline&#8221; icon_image=&#8221;90061&#8243; icon_color=&#8221;accent&#8221; text_font=&#8221;font-762333&#8243; text_size=&#8221;h5&#8243; text_weight=&#8221;600&#8243; text_height=&#8221;fontheight-179065&#8243; text_space=&#8221;fontspace-781688&#8243; align=&#8221;left&#8221; title=&#8221;T\u00e9cnico\/a de Cozinha e Pastelaria&#8221; el_class=&#8221;gilroy&#8221; el_id=&#8221;gilroy&#8221;][\/vc_icon][\/vc_column_inner][vc_column_inner width=&#8221;1\/4&#8243;][vc_icon display=&#8221;inline&#8221; icon_image=&#8221;88754&#8243; icon_color=&#8221;accent&#8221; text_font=&#8221;font-762333&#8243; text_size=&#8221;h5&#8243; text_weight=&#8221;600&#8243; text_height=&#8221;fontheight-179065&#8243; text_space=&#8221;fontspace-781688&#8243; align=&#8221;left&#8221; title=&#8221;T\u00e9cnico\/a de Apoio \u00e0 Gest\u00e3o&#8221; el_class=&#8221;gilroy&#8221; el_id=&#8221;gilroy&#8221;][\/vc_icon][\/vc_column_inner][\/vc_row_inner][vc_row_inner row_inner_height_percent=&#8221;0&#8243; overlay_alpha=&#8221;50&#8243; gutter_size=&#8221;3&#8243; shift_y=&#8221;0&#8243; z_index=&#8221;0&#8243;][vc_column_inner column_width_percent=&#8221;100&#8243; gutter_size=&#8221;3&#8243; overlay_alpha=&#8221;50&#8243; shift_x=&#8221;0&#8243; shift_y=&#8221;0&#8243; z_index=&#8221;0&#8243; medium_width=&#8221;0&#8243; mobile_width=&#8221;0&#8243; width=&#8221;1\/1&#8243;][vc_separator][\/vc_column_inner][\/vc_row_inner][\/vc_column][\/vc_row][vc_row row_height_percent=&#8221;0&#8243; override_padding=&#8221;yes&#8221; h_padding=&#8221;0&#8243; top_padding=&#8221;3&#8243; bottom_padding=&#8221;3&#8243; overlay_alpha=&#8221;0&#8243; gutter_size=&#8221;100&#8243; shift_y=&#8221;0&#8243; style=&#8221;inherited&#8221;][vc_column column_width_percent=&#8221;100&#8243; position_horizontal=&#8221;left&#8221; gutter_size=&#8221;4&#8243; style=&#8221;light&#8221; overlay_alpha=&#8221;100&#8243; shift_x=&#8221;0&#8243; shift_y=&#8221;0&#8243; z_index=&#8221;0&#8243; medium_width=&#8221;0&#8243; zoom_width=&#8221;0&#8243; zoom_height=&#8221;0&#8243; width=&#8221;1\/1&#8243;][vc_custom_heading heading_semantic=&#8221;h5&#8243; text_size=&#8221;h3&#8243; text_align=&#8221;text-center&#8221; text_serif=&#8221;yes&#8221;]Forma\u00e7\u00e3o a decorrer em <strong>Arcos de Valdevez<\/strong>[\/vc_custom_heading][vc_row_inner row_inner_height_percent=&#8221;0&#8243; overlay_alpha=&#8221;50&#8243; gutter_size=&#8221;0&#8243; shift_y=&#8221;0&#8243; z_index=&#8221;0&#8243; css=&#8221;.vc_custom_1757338356662{margin-top: 0px !important;margin-bottom: -70px !important;}&#8221;][vc_column_inner column_width_percent=&#8221;100&#8243; gutter_size=&#8221;2&#8243; override_padding=&#8221;yes&#8221; column_padding=&#8221;2&#8243; overlay_alpha=&#8221;50&#8243; shift_x=&#8221;0&#8243; shift_y=&#8221;0&#8243; shift_y_down=&#8221;0&#8243; z_index=&#8221;0&#8243; medium_width=&#8221;6&#8243; mobile_width=&#8221;5&#8243; width=&#8221;9\/12&#8243;][vc_custom_heading heading_semantic=&#8221;h3&#8243; text_size=&#8221;h4&#8243; sub_reduced=&#8221;yes&#8221; el_id=&#8221;dpp&#8221;]<strong>Cozinheiro\/a<\/strong>[\/vc_custom_heading][vc_column_text]<\/p>\n<ul>\n<li>N\u00edvel <strong>II<\/strong><\/li>\n<li><strong>Descri\u00e7\u00e3o da Qualifica\u00e7\u00e3o: <\/strong>Organizar, preparar, cozinhar e empratar alimentos, respeitando as normas de higiene e seguran\u00e7a, em unidades de produ\u00e7\u00e3o, estabelecimentos de restaura\u00e7\u00e3o e bebidas, integrados ou n\u00e3o em unidades hoteleiras, com vista a garantir um servi\u00e7o de qualidade e satisfa\u00e7\u00e3o do cliente.<\/li>\n<\/ul>\n<p>[\/vc_column_text][vc_accordion][vc_accordion_tab gutter_size=&#8221;2&#8243; column_padding=&#8221;2&#8243; title=&#8221;Plano Curricular:&#8221; tab_id=&#8221;1757338437-1-9117573392776821757339342647&#8243; slug=&#8221;1&#8243;][vc_column_text]<span style=\"font-size: 12pt;\"><strong>UC Componente Escolar<\/strong><\/span><\/p>\n<ul>\n<li>Interpretar e produzir discursos orais adequados a diferentes contextos, fundamentando opini\u00f5es <strong>50h<\/strong><\/li>\n<li>Interpretar textos de car\u00e1cter informativo \u2013 reflexivo, argumentativo e liter\u00e1rio <strong>50h<\/strong><\/li>\n<li>Compreender e usar oralmente e por escrito, frases e express\u00f5es frequentes relacionadas com o mundo de trabalho <strong>50h<\/strong><\/li>\n<li>Analisar, organizar e recuperar conte\u00fados digitais <strong>50h<\/strong><\/li>\n<li>Criar e editar conte\u00fados digitais em diferentes formatos <strong>50h<\/strong><\/li>\n<li>Executar c\u00e1lculos com n\u00fameros reais em diversos contextos <strong>50h<\/strong><\/li>\n<li>Utilizar conex\u00f5es matem\u00e1ticas e cient\u00edficas para resolver problemas em contexto de vida <strong>50h<\/strong><\/li>\n<li>Identificar e promover os direitos e deveres fundamentais dos cidad\u00e3os <strong>50h<\/strong><\/li>\n<li>Planear, implementar e monitorizar projetos pessoais, profissionais e sociais <strong>50h<\/strong><\/li>\n<li>Agir com Autonomia <strong>25h<\/strong><\/li>\n<li>Interagir com os outros <strong>25h<\/strong><\/li>\n<li><strong>Dura\u00e7\u00e3o Componente Escolar 500h<\/strong><\/li>\n<\/ul>\n<p>&nbsp;<\/p>\n<p><span style=\"font-size: 12pt;\"><strong>UFCD Componente Tecnol\u00f3gica<\/strong><\/span><\/p>\n<ul>\n<li>Cozinha &#8211; organiza\u00e7\u00e3o e funcionamento <strong>50h<\/strong><\/li>\n<li>Cozinha internacional <strong>50h<\/strong><\/li>\n<li>Do\u00e7aria internacional de sobremesa <strong>50h<\/strong><\/li>\n<li>Higiene e seguran\u00e7a no trabalho na restaura\u00e7\u00e3o <strong>25h<\/strong><\/li>\n<li>Higiene e seguran\u00e7a alimentar na restaura\u00e7\u00e3o <strong>25h<\/strong><\/li>\n<li>Opera\u00e7\u00f5es de c\u00e1lculo e unidades de medida <strong>25h<\/strong><\/li>\n<li>Conduta profissional na restaura\u00e7\u00e3o <strong>25h<\/strong><\/li>\n<li>Servi\u00e7o de restaurante\/bar \u2013 organiza\u00e7\u00e3o e funcionamento <strong>50h<\/strong><\/li>\n<li>L\u00edngua inglesa \u2013 servi\u00e7o de cozinha <strong>25h<\/strong><\/li>\n<li>Mat\u00e9rias-primas alimentares <strong>50h<\/strong><\/li>\n<li>Fundos de cozinha e molhos base <strong>50h<\/strong><\/li>\n<li>Sopas, cremes e aveludados <strong>25h<\/strong><\/li>\n<li>Confe\u00e7\u00f5es b\u00e1sicas de pastelaria <strong>25h<\/strong><\/li>\n<li>Do\u00e7aria tradicional portuguesa <strong>50h<\/strong><\/li>\n<li>Entradas s\u00f3lidas <strong>50h<\/strong><\/li>\n<li>Peixes e mariscos <strong>50h<\/strong><\/li>\n<li>Carnes, aves e ca\u00e7a <strong>50h<\/strong><\/li>\n<li>Cozinha tradicional portuguesa <strong>50h<\/strong><\/li>\n<li>Nutri\u00e7\u00e3o e diet\u00e9tica <strong>25h<\/strong><\/li>\n<li>L\u00edngua inglesa &#8211; informa\u00e7\u00e3o tur\u00edstica da regi\u00e3o <strong>25h<\/strong><\/li>\n<li>L\u00edngua francesa \u2013 servi\u00e7o de cozinha <strong>25h<\/strong><\/li>\n<li>Desenvolvimento pessoal e t\u00e9cnicas de procura de emprego <strong>25h<\/strong><\/li>\n<li>Forma\u00e7\u00e3o em Contexto de Trabalho <strong>120h<\/strong><\/li>\n<li><strong>Dura\u00e7\u00e3o Componente Tecnol\u00f3gica 945h<\/strong><\/li>\n<\/ul>\n<p>[\/vc_column_text][\/vc_accordion_tab][\/vc_accordion][\/vc_column_inner][vc_column_inner column_width_percent=&#8221;100&#8243; align_horizontal=&#8221;align_right&#8221; gutter_size=&#8221;3&#8243; override_padding=&#8221;yes&#8221; column_padding=&#8221;2&#8243; overlay_alpha=&#8221;50&#8243; shift_x=&#8221;0&#8243; shift_y=&#8221;0&#8243; shift_y_down=&#8221;0&#8243; z_index=&#8221;0&#8243; medium_width=&#8221;2&#8243; mobile_width=&#8221;3&#8243; width=&#8221;3\/12&#8243;][vc_custom_heading heading_semantic=&#8221;h6&#8243; text_size=&#8221;h4&#8243;]<strong>1445h<\/strong>[\/vc_custom_heading][\/vc_column_inner][\/vc_row_inner][vc_row_inner row_inner_height_percent=&#8221;0&#8243; overlay_alpha=&#8221;50&#8243; gutter_size=&#8221;3&#8243; shift_y=&#8221;0&#8243; z_index=&#8221;0&#8243;][vc_column_inner column_width_percent=&#8221;100&#8243; gutter_size=&#8221;3&#8243; overlay_alpha=&#8221;50&#8243; shift_x=&#8221;0&#8243; shift_y=&#8221;0&#8243; z_index=&#8221;0&#8243; medium_width=&#8221;0&#8243; mobile_width=&#8221;0&#8243; width=&#8221;1\/1&#8243;][vc_separator][\/vc_column_inner][\/vc_row_inner][vc_row_inner row_inner_height_percent=&#8221;0&#8243; overlay_alpha=&#8221;50&#8243; gutter_size=&#8221;0&#8243; shift_y=&#8221;0&#8243; z_index=&#8221;0&#8243; css=&#8221;.vc_custom_1757338356662{margin-top: 0px !important;margin-bottom: -70px !important;}&#8221;][vc_column_inner column_width_percent=&#8221;100&#8243; gutter_size=&#8221;2&#8243; override_padding=&#8221;yes&#8221; column_padding=&#8221;2&#8243; overlay_alpha=&#8221;50&#8243; shift_x=&#8221;0&#8243; shift_y=&#8221;0&#8243; shift_y_down=&#8221;0&#8243; z_index=&#8221;0&#8243; medium_width=&#8221;6&#8243; mobile_width=&#8221;5&#8243; width=&#8221;9\/12&#8243;][vc_custom_heading heading_semantic=&#8221;h3&#8243; text_size=&#8221;h4&#8243; sub_reduced=&#8221;yes&#8221; el_id=&#8221;dpp&#8221;]<strong>Assistente Familiar e Apoio \u00e0 Comunidade<\/strong>[\/vc_custom_heading][vc_column_text]<\/p>\n<ul>\n<li>N\u00edvel <strong>II<\/strong><\/li>\n<li><strong>Descri\u00e7\u00e3o da Qualifica\u00e7\u00e3o:<\/strong>Prestar cuidados humanos e de sa\u00fade b\u00e1sicos a utentes e\/ou clientes em condi\u00e7\u00e3o de debilidade, em contexto domicili\u00e1rio, institucional ou no \u00e2mbito da presta\u00e7\u00e3o de cuidados pessoais e \u00e0 comunidade enquadrados em servi\u00e7os de apoio social, tendo em conta as indica\u00e7\u00f5es t\u00e9cnicas e os princ\u00edpios \u00e9ticos e deontol\u00f3gicos.<\/li>\n<\/ul>\n<p>[\/vc_column_text][vc_accordion][vc_accordion_tab gutter_size=&#8221;2&#8243; column_padding=&#8221;2&#8243; title=&#8221;Plano Curricular:&#8221; tab_id=&#8221;1757338437-1-9117573392776821757339342647&#8243; slug=&#8221;2&#8243;][vc_column_text]<span style=\"font-size: 12pt;\"><strong>UC Componente Escolar<\/strong><\/span><\/p>\n<ul>\n<li>Interpretar e produzir discursos orais adequados a diferentes contextos, fundamentando opini\u00f5es <strong>50h<\/strong><\/li>\n<li>Compreender e usar oralmente e por escrito, frases e express\u00f5es frequentes relacionadas com o mundo de trabalho <strong>50h<\/strong><\/li>\n<li>Compreender e usar oralmente e por escrito, frases e express\u00f5es frequentes relacionadas com atividades de lazer <strong>50h<\/strong><\/li>\n<li>Analisar, organizar e recuperar conte\u00fados digitais <strong>50h<\/strong><\/li>\n<li>Comunicar e colaborar atrav\u00e9s de tecnologias digitais <strong>50h<\/strong><\/li>\n<li>Executar c\u00e1lculos com n\u00fameros reais em diversos contextos <strong>50h<\/strong><\/li>\n<li>Utilizar conex\u00f5es matem\u00e1ticas e cient\u00edficas para resolver problemas em contexto de vida <strong>50h<\/strong><\/li>\n<li>Identificar e promover os direitos e deveres fundamentais dos cidad\u00e3os <strong>50h<\/strong><\/li>\n<li>Reconhecer servi\u00e7os e organiza\u00e7\u00f5es europeias na defesa dos direitos e deveres econ\u00f3micos do cidad\u00e3o <strong>50h<\/strong><\/li>\n<li>Agir com Autonomia <strong>25h<\/strong><\/li>\n<li>Interagir com os outros <strong>25h<\/strong><\/li>\n<li><strong>Dura\u00e7\u00e3o Componente Escolar: 500h<\/strong><\/li>\n<\/ul>\n<p>&nbsp;<\/p>\n<p><span style=\"font-size: 12pt;\"><strong>UFCD Componente Tecnol\u00f3gica<\/strong><\/span><\/p>\n<ul>\n<li>Ambiente, Seguran\u00e7a, Higiene e Sa\u00fade no Trabalho &#8211; conceitos b\u00e1sicos <strong>25h<\/strong><\/li>\n<li>Comunica\u00e7\u00e3o interpessoal &#8211; comunica\u00e7\u00e3o assertiva <strong>50h<\/strong><\/li>\n<li>Organiza\u00e7\u00e3o pessoal e gest\u00e3o do tempo <strong>25h<\/strong><\/li>\n<li>Cozinha &#8211; organiza\u00e7\u00e3o e funcionamento <strong>50h<\/strong><\/li>\n<li>Institui\u00e7\u00f5es de apoio familiar e \u00e0 comunidade <strong>50h<\/strong><\/li>\n<li>Higieniza\u00e7\u00e3o de espa\u00e7os e equipamentos <strong>50h<\/strong><\/li>\n<li>Lavandaria e tratamento de roupa <strong>50h<\/strong><\/li>\n<li>Diet\u00e9tica e confe\u00e7\u00e3o dos alimentos <strong>50h<\/strong><\/li>\n<li>Acompanhamento personalizado no Apoio \u00e0 Comunidade <strong>50h<\/strong><\/li>\n<li>Rece\u00e7\u00e3o e acompanhamento no apoio \u00e0 comunidade <strong>50h<\/strong><\/li>\n<li>Anima\u00e7\u00e3o e lazer <strong>50h<\/strong><\/li>\n<li>Deontologia e \u00e9tica profissional no apoio \u00e0 comunidade <strong>25h<\/strong><\/li>\n<li>Primeiros socorros <strong>25h<\/strong><\/li>\n<li>T\u00e9cnicas de posicionamento, mobiliza\u00e7\u00e3o, transfer\u00eancia e transporte <strong>50h<\/strong><\/li>\n<li>Preven\u00e7\u00e3o e controlo na infe\u00e7\u00e3o na presta\u00e7\u00e3o de cuidados pessoais e \u00e0 comunidade <strong>50h<\/strong><\/li>\n<li>Abordagem biol\u00f3gica, psicol\u00f3gica, social e cognitiva do envelhecimento <strong>50h<\/strong><\/li>\n<li>Estado de sa\u00fade &#8211; abordagem geral em contexto domicili\u00e1rio <strong>25h<\/strong><\/li>\n<li>Tipologia dos utentes e\/ou clientes na presta\u00e7\u00e3o de cuidados pessoais e \u00e0 comunidade <strong>50h<\/strong><\/li>\n<li>Pr\u00e1tica profissional na presta\u00e7\u00e3o de cuidados pessoais em contexto domicili\u00e1rio, hospitalar e institucional <strong>50h<\/strong><\/li>\n<li>Presta\u00e7\u00e3o de cuidados humanos b\u00e1sicos &#8211; higiene e apresenta\u00e7\u00e3o pessoal <strong>50h<\/strong><\/li>\n<li>Presta\u00e7\u00e3o de cuidados humanos b\u00e1sicos &#8211; alimenta\u00e7\u00e3o <strong>25h<\/strong><\/li>\n<li>Forma\u00e7\u00e3o em Contexto de Trabalho <strong>120h<\/strong><\/li>\n<li><strong>Dura\u00e7\u00e3o Componente Tecnol\u00f3gica: 1020h<\/strong><\/li>\n<\/ul>\n<p>[\/vc_column_text][\/vc_accordion_tab][\/vc_accordion][\/vc_column_inner][vc_column_inner column_width_percent=&#8221;100&#8243; align_horizontal=&#8221;align_right&#8221; gutter_size=&#8221;3&#8243; override_padding=&#8221;yes&#8221; column_padding=&#8221;2&#8243; overlay_alpha=&#8221;50&#8243; shift_x=&#8221;0&#8243; shift_y=&#8221;0&#8243; shift_y_down=&#8221;0&#8243; z_index=&#8221;0&#8243; medium_width=&#8221;2&#8243; mobile_width=&#8221;3&#8243; width=&#8221;3\/12&#8243;][vc_custom_heading heading_semantic=&#8221;h6&#8243; text_size=&#8221;h4&#8243;]<strong>1520h<\/strong>[\/vc_custom_heading][\/vc_column_inner][\/vc_row_inner][vc_row_inner row_inner_height_percent=&#8221;0&#8243; overlay_alpha=&#8221;50&#8243; gutter_size=&#8221;3&#8243; shift_y=&#8221;0&#8243; z_index=&#8221;0&#8243;][vc_column_inner column_width_percent=&#8221;100&#8243; gutter_size=&#8221;3&#8243; overlay_alpha=&#8221;50&#8243; shift_x=&#8221;0&#8243; shift_y=&#8221;0&#8243; z_index=&#8221;0&#8243; medium_width=&#8221;0&#8243; mobile_width=&#8221;0&#8243; width=&#8221;1\/1&#8243;][vc_separator][\/vc_column_inner][\/vc_row_inner][vc_row_inner row_inner_height_percent=&#8221;0&#8243; overlay_alpha=&#8221;50&#8243; gutter_size=&#8221;0&#8243; shift_y=&#8221;0&#8243; z_index=&#8221;0&#8243; css=&#8221;.vc_custom_1757338356662{margin-top: 0px !important;margin-bottom: -70px !important;}&#8221;][vc_column_inner column_width_percent=&#8221;100&#8243; gutter_size=&#8221;2&#8243; override_padding=&#8221;yes&#8221; column_padding=&#8221;2&#8243; overlay_alpha=&#8221;50&#8243; shift_x=&#8221;0&#8243; shift_y=&#8221;0&#8243; shift_y_down=&#8221;0&#8243; z_index=&#8221;0&#8243; medium_width=&#8221;6&#8243; mobile_width=&#8221;5&#8243; width=&#8221;9\/12&#8243;][vc_custom_heading heading_semantic=&#8221;h3&#8243; text_size=&#8221;h4&#8243; sub_reduced=&#8221;yes&#8221; el_id=&#8221;dpp&#8221;]<strong>T\u00e9cnico\/a de Cozinha\/Pastelaria<\/strong>[\/vc_custom_heading][vc_column_text]<\/p>\n<ul>\n<li>N\u00edvel <strong>IV<\/strong><\/li>\n<li><strong>Descri\u00e7\u00e3o da Qualifica\u00e7\u00e3o: <\/strong>Planear, coordenar e executar as atividades de cozinha-pastelaria, respeitando as normas de higiene e seguran\u00e7a, em estabelecimentos de restaura\u00e7\u00e3o e bebidas, integrados ou n\u00e3o em unidades hoteleiras, com vista a garantir um servi\u00e7o de qualidade e satisfa\u00e7\u00e3o do cliente.<\/li>\n<\/ul>\n<p>[\/vc_column_text][vc_accordion][vc_accordion_tab gutter_size=&#8221;2&#8243; column_padding=&#8221;2&#8243; title=&#8221;Plano Curricular:&#8221; tab_id=&#8221;1757338437-1-9117573392776821757339342647&#8243; slug=&#8221;3&#8243;][vc_column_text]<span style=\"font-size: 12pt;\"><strong>UC Componente Escolar<\/strong><\/span><\/p>\n<ul>\n<li>Liberdade e responsabilidade democr\u00e1ticas <strong>50h<\/strong><\/li>\n<li>Processos identit\u00e1rios <strong>50h<\/strong><\/li>\n<li>Deontologia e princ\u00edpios \u00e9ticos <strong>50h<\/strong><\/li>\n<li>Redes de informa\u00e7\u00e3o e comunica\u00e7\u00e3o <strong>50h<\/strong><\/li>\n<li>Modelos de urbanismo e mobilidade <strong>50h<\/strong><\/li>\n<li>Sociedade, tecnologia e ci\u00eancia &#8211; fundamentos <strong>50h<\/strong><\/li>\n<li>Cultura, comunica\u00e7\u00e3o e m\u00e9dia <strong>50h<\/strong><\/li>\n<li>Culturas de urbanismo e mobilidade <strong>50h<\/strong><\/li>\n<li>Fundamentos de cultura l\u00edngua e comunica\u00e7\u00e3o <strong>50h<\/strong><\/li>\n<li>Reflex\u00e3o e critica <strong>50h<\/strong><\/li>\n<li>Constru\u00e7\u00e3o de projectos pessoais e sociais <strong>50h<\/strong><\/li>\n<li><strong>Dura\u00e7\u00e3o Componente Escolar<\/strong> <strong>550h<\/strong><\/li>\n<\/ul>\n<p>&nbsp;<\/p>\n<p><span style=\"font-size: 12pt;\"><strong>UFCD Componente Tecnol\u00f3gica<\/strong><\/span><\/p>\n<ul>\n<li>Gest\u00e3o de equipas <strong>25h<\/strong><\/li>\n<li>Prepara\u00e7\u00e3o e confe\u00e7\u00e3o de sopas <strong>25h<\/strong><\/li>\n<li>L\u00edngua inglesa \u2013 cozinha\/pastelaria <strong>25h<\/strong><\/li>\n<li>Alimenta\u00e7\u00e3o racional, nutri\u00e7\u00e3o e diet\u00e9tica <strong>50h<\/strong><\/li>\n<li>Prepara\u00e7\u00e3o e confe\u00e7\u00e3o de molhos e fundos de cozinha <strong>25h<\/strong><\/li>\n<li>Prepara\u00e7\u00e3o e confe\u00e7\u00e3o de acepipes e entradas <strong>50h<\/strong><\/li>\n<li>Prepara\u00e7\u00e3o e confe\u00e7\u00e3o de cozinha tradicional portuguesa <strong>50h<\/strong><\/li>\n<li>Cozinhas do mundo <strong>50h<\/strong><\/li>\n<li>Higiene e seguran\u00e7a alimentar na restaura\u00e7\u00e3o <strong>25h<\/strong><\/li>\n<li>Higiene e seguran\u00e7a no trabalho na restaura\u00e7\u00e3o <strong>25h<\/strong><\/li>\n<li>Mat\u00e9rias-primas alimentares <strong>50h<\/strong><\/li>\n<li>Comunica\u00e7\u00e3o, vendas e reclama\u00e7\u00f5es na restaura\u00e7\u00e3o <strong>50h<\/strong><\/li>\n<li>Organiza\u00e7\u00e3o da cozinha <strong>25h<\/strong><\/li>\n<li>Prepara\u00e7\u00e3o e confe\u00e7\u00e3o de massas base de cozinha <strong>25h<\/strong><\/li>\n<li>Prepara\u00e7\u00e3o e confe\u00e7\u00e3o de massas base, recheios, cremes e molhos de pastelaria <strong>50h<\/strong><\/li>\n<li>Controlo de custos na restaura\u00e7\u00e3o <strong>50h<\/strong><\/li>\n<li>Capita\u00e7\u00f5es, fichas t\u00e9cnicas, cartas e ementas <strong>25h<\/strong><\/li>\n<li>Servi\u00e7o de restaurante\/bar \u2013 mise-en-place e t\u00e9cnicas de servi\u00e7o <strong>50h<\/strong><\/li>\n<li>Cozinha\/pastelaria \u2013 planeamento da produ\u00e7\u00e3o e mise-en-place <strong>25h<\/strong><\/li>\n<li>Cozinha\/pastelaria \u2013 aprovisionamento <strong>50h<\/strong><\/li>\n<li>Prepara\u00e7\u00e3o e confe\u00e7\u00e3o de peixes e mariscos <strong>50h<\/strong><\/li>\n<li>Prepara\u00e7\u00e3o e confe\u00e7\u00e3o de carnes, aves e ca\u00e7a <strong>50h<\/strong><\/li>\n<li>Prepara\u00e7\u00e3o e confe\u00e7\u00e3o de do\u00e7aria tradicional portuguesa <strong>50h<\/strong><\/li>\n<li>Prepara\u00e7\u00e3o e confe\u00e7\u00e3o de pastelaria de sobremesa <strong>50h<\/strong><\/li>\n<li>Prepara\u00e7\u00e3o e confe\u00e7\u00e3o de pastelaria internacional <strong>50h<\/strong><\/li>\n<li>Cozinha\/Pastelaria \u2013 servi\u00e7os especiais <strong>25h<\/strong><\/li>\n<li>Prepara\u00e7\u00f5es e confe\u00e7\u00f5es b\u00e1sicas de cozinha <strong>50h<\/strong><\/li>\n<li>Cozinha criativa <strong>25h<\/strong><\/li>\n<li>L\u00edngua francesa \u2013 cozinha\/pastelaria <strong>25h<\/strong><\/li>\n<li>Confe\u00e7\u00e3o e decora\u00e7\u00e3o de bolos art\u00edsticos <strong>50h<\/strong><\/li>\n<li>L\u00edngua espanhola \u2013 turismo e hotelaria na regi\u00e3o <strong>25h<\/strong><\/li>\n<li>Forma\u00e7\u00e3o em Contexto de Trabalho <strong>210h<\/strong><\/li>\n<li>PRA &#8211; Portef\u00f3lio Reflexivo de Aprendizagens\u00a0 <strong>85h<\/strong><\/li>\n<li><strong>Dura\u00e7\u00e3o Componente Tecnol\u00f3gica:<\/strong> <strong>1495h<\/strong><\/li>\n<\/ul>\n<p>[\/vc_column_text][\/vc_accordion_tab][\/vc_accordion][\/vc_column_inner][vc_column_inner column_width_percent=&#8221;100&#8243; align_horizontal=&#8221;align_right&#8221; gutter_size=&#8221;3&#8243; override_padding=&#8221;yes&#8221; column_padding=&#8221;2&#8243; overlay_alpha=&#8221;50&#8243; shift_x=&#8221;0&#8243; shift_y=&#8221;0&#8243; shift_y_down=&#8221;0&#8243; z_index=&#8221;0&#8243; medium_width=&#8221;2&#8243; mobile_width=&#8221;3&#8243; width=&#8221;3\/12&#8243;][vc_custom_heading heading_semantic=&#8221;h6&#8243; text_size=&#8221;h4&#8243;]<strong>2045h<\/strong>[\/vc_custom_heading][\/vc_column_inner][\/vc_row_inner][vc_row_inner row_inner_height_percent=&#8221;0&#8243; overlay_alpha=&#8221;50&#8243; gutter_size=&#8221;3&#8243; shift_y=&#8221;0&#8243; z_index=&#8221;0&#8243;][vc_column_inner column_width_percent=&#8221;100&#8243; gutter_size=&#8221;3&#8243; overlay_alpha=&#8221;50&#8243; shift_x=&#8221;0&#8243; shift_y=&#8221;0&#8243; z_index=&#8221;0&#8243; medium_width=&#8221;0&#8243; mobile_width=&#8221;0&#8243; width=&#8221;1\/1&#8243;][vc_separator][\/vc_column_inner][\/vc_row_inner][vc_row_inner row_inner_height_percent=&#8221;0&#8243; overlay_alpha=&#8221;50&#8243; gutter_size=&#8221;0&#8243; shift_y=&#8221;0&#8243; z_index=&#8221;0&#8243; css=&#8221;.vc_custom_1757338356662{margin-top: 0px !important;margin-bottom: -70px !important;}&#8221;][vc_column_inner column_width_percent=&#8221;100&#8243; gutter_size=&#8221;2&#8243; override_padding=&#8221;yes&#8221; column_padding=&#8221;2&#8243; overlay_alpha=&#8221;50&#8243; shift_x=&#8221;0&#8243; shift_y=&#8221;0&#8243; shift_y_down=&#8221;0&#8243; z_index=&#8221;0&#8243; medium_width=&#8221;6&#8243; mobile_width=&#8221;5&#8243; width=&#8221;9\/12&#8243;][vc_custom_heading heading_semantic=&#8221;h3&#8243; text_size=&#8221;h4&#8243; sub_reduced=&#8221;yes&#8221; el_id=&#8221;dpp&#8221;]<strong>T\u00e9cnico\/a de Apoio \u00e0 Gest\u00e3o<\/strong>[\/vc_custom_heading][vc_column_text]<\/p>\n<ul>\n<li>N\u00edvel <strong>IV<\/strong><\/li>\n<li><strong>Descri\u00e7\u00e3o da Qualifica\u00e7\u00e3o:<\/strong>Assegurar a aplica\u00e7\u00e3o dos procedimentos t\u00e9cnico \u2013 administrativos necess\u00e1rios \u00e0 elabora\u00e7\u00e3o, aplica\u00e7\u00e3o e atualiza\u00e7\u00e3o, dos instrumentos gerais de gest\u00e3o, na empresa ou servi\u00e7o p\u00fablico.<\/li>\n<\/ul>\n<p>[\/vc_column_text][vc_accordion][vc_accordion_tab gutter_size=&#8221;2&#8243; column_padding=&#8221;2&#8243; title=&#8221;Plano Curricular:&#8221; tab_id=&#8221;1757338437-1-91175733927768217573393426471757346574702&#8243; slug=&#8221;4&#8243;][vc_column_text]<span style=\"font-size: 12pt;\"><strong>UC Componente Escolar<\/strong><\/span><\/p>\n<ul>\n<li>Liberdade e responsabilidade democr\u00e1ticas <strong>50h<\/strong><\/li>\n<li>Processos identit\u00e1rios <strong>50h<\/strong><\/li>\n<li>Deontologia e princ\u00edpios \u00e9ticos <strong>50h<\/strong><\/li>\n<li>Redes de informa\u00e7\u00e3o e comunica\u00e7\u00e3o <strong>50h<\/strong><\/li>\n<li>Modelos de urbanismo e mobilidade <strong>50h<\/strong><\/li>\n<li>Sociedade, tecnologia e ci\u00eancia &#8211; fundamentos <strong>50h<\/strong><\/li>\n<li>Cultura, comunica\u00e7\u00e3o e m\u00e9dia <strong>50h<\/strong><\/li>\n<li>Culturas de urbanismo e mobilidade <strong>50h<\/strong><\/li>\n<li>Fundamentos de cultura l\u00edngua e comunica\u00e7\u00e3o <strong>50h<\/strong><\/li>\n<li>Comunica\u00e7\u00e3o nas organiza\u00e7\u00f5es <strong>50h<\/strong><\/li>\n<li>Constru\u00e7\u00e3o de projectos pessoais e sociais <strong>50h<\/strong><\/li>\n<li><strong>Dura\u00e7\u00e3o Componente Escolar: 550h<\/strong><\/li>\n<\/ul>\n<p>&nbsp;<\/p>\n<p><span style=\"font-size: 12pt;\"><strong>UFCD Componente Tecnol\u00f3gica<\/strong><\/span><\/p>\n<ul>\n<li>Plano de marketing <strong>50h<\/strong><\/li>\n<li>Legisla\u00e7\u00e3o comercial <strong>25h<\/strong><\/li>\n<li>Aplica\u00e7\u00f5es inform\u00e1ticas de gest\u00e3o &#8211; \u00e1rea comercial <strong>25h<\/strong><\/li>\n<li>Imposto sobre o rendimento (IRS) <strong>50h<\/strong><\/li>\n<li>Imposto sobre o rendimento (IRC) <strong>50h<\/strong><\/li>\n<li>Impostos sobre o patrim\u00f3nio <strong>25h<\/strong><\/li>\n<li>C\u00e1lculo financeiro e actuarial <strong>50h<\/strong><\/li>\n<li>Legisla\u00e7\u00e3o administrativa <strong>25h<\/strong><\/li>\n<li>Administra\u00e7\u00e3o das organiza\u00e7\u00f5es <strong>25h<\/strong><\/li>\n<li>Princ\u00edpios de fiscalidade <strong>50h<\/strong><\/li>\n<li>Fluxos de gest\u00e3o financeira <strong>25h<\/strong><\/li>\n<li>Projetos de investimento <strong>25h<\/strong><\/li>\n<li>Institui\u00e7\u00f5es banc\u00e1rias e t\u00edtulos de cr\u00e9dito <strong>25h<\/strong><\/li>\n<li>T\u00e9cnicas de marketing <strong>25h<\/strong><\/li>\n<li>No\u00e7\u00f5es b\u00e1sicas de gest\u00e3o t\u00e9cnica de Recursos Humanos <strong>50h<\/strong><\/li>\n<li>Aplica\u00e7\u00f5es inform\u00e1ticas de gest\u00e3o de pessoal <strong>25h<\/strong><\/li>\n<li>Gest\u00e3o de recursos inform\u00e1ticos <strong>25h<\/strong><\/li>\n<li>Aquisi\u00e7\u00e3o de equipamentos e servi\u00e7os <strong>25h<\/strong><\/li>\n<li>M\u00e9todos e t\u00e9cnicas de an\u00e1lise econ\u00f3mica e financeira <strong>50h<\/strong><\/li>\n<li>Controlo de gest\u00e3o <strong>25h<\/strong><\/li>\n<li>Planeamento e gest\u00e3o de produ\u00e7\u00e3o <strong>25h<\/strong><\/li>\n<li>Auditoria e controlo interno <strong>50h<\/strong><\/li>\n<li>Estrutura e comunica\u00e7\u00e3o organizacional <strong>50h<\/strong><\/li>\n<li>Aplica\u00e7\u00f5es inform\u00e1ticas de contabilidade <strong>25h<\/strong><\/li>\n<li>Fun\u00e7\u00e3o pessoal &#8211; legisla\u00e7\u00e3o laboral <strong>25h<\/strong><\/li>\n<li>No\u00e7\u00f5es e normas da qualidade <strong>25h<\/strong><\/li>\n<li>Sistema de Normaliza\u00e7\u00e3o Contabil\u00edstica <strong>25h<\/strong><\/li>\n<li>Modelos de demonstra\u00e7\u00f5es financeiras <strong>50h<\/strong><\/li>\n<li>Introdu\u00e7\u00e3o ao c\u00f3digo de contas e normas contabil\u00edsticas <strong>50h<\/strong><\/li>\n<li>Direito aplicado \u00e0s empresas &#8211; algumas especificidades <strong>25h<\/strong><\/li>\n<li>Recursos humanos \u2013 relat\u00f3rio \u00fanico <strong>25h<\/strong><\/li>\n<li>Aprovisionamento, log\u00edstica e gest\u00e3o de stocks <strong>50h<\/strong><\/li>\n<li>Recursos humanos &#8211; balan\u00e7o social <strong>25h<\/strong><\/li>\n<li>Desenvolvimento pessoal e t\u00e9cnicas de procura de emprego <strong>25h<\/strong><\/li>\n<li>PRA &#8211; Portef\u00f3lio Reflexivo de Aprendizagens <strong>85h<\/strong><\/li>\n<li>Forma\u00e7\u00e3o em Contexto de Trabalho <strong>210h<\/strong><\/li>\n<li><strong>Dura\u00e7\u00e3o Componente Tecnol\u00f3gica<\/strong> <strong>1445h<\/strong><\/li>\n<\/ul>\n<p>[\/vc_column_text][\/vc_accordion_tab][\/vc_accordion][\/vc_column_inner][vc_column_inner column_width_percent=&#8221;100&#8243; align_horizontal=&#8221;align_right&#8221; gutter_size=&#8221;3&#8243; override_padding=&#8221;yes&#8221; column_padding=&#8221;2&#8243; overlay_alpha=&#8221;50&#8243; shift_x=&#8221;0&#8243; shift_y=&#8221;0&#8243; shift_y_down=&#8221;0&#8243; z_index=&#8221;0&#8243; medium_width=&#8221;2&#8243; mobile_width=&#8221;3&#8243; width=&#8221;3\/12&#8243;][vc_custom_heading heading_semantic=&#8221;h6&#8243; text_size=&#8221;h4&#8243;]<strong>1995h<\/strong>[\/vc_custom_heading][\/vc_column_inner][\/vc_row_inner][vc_custom_heading heading_semantic=&#8221;h5&#8243; text_size=&#8221;h3&#8243; text_align=&#8221;text-center&#8221; text_serif=&#8221;yes&#8221;]Forma\u00e7\u00f5es dispon\u00edveis <strong>Ponte de Lima<\/strong>[\/vc_custom_heading][vc_row_inner row_inner_height_percent=&#8221;0&#8243; overlay_alpha=&#8221;50&#8243; gutter_size=&#8221;0&#8243; shift_y=&#8221;0&#8243; z_index=&#8221;0&#8243; css=&#8221;.vc_custom_1614159636117{margin-top: 0px !important;margin-bottom: -70px !important;}&#8221;][vc_column_inner column_width_percent=&#8221;100&#8243; gutter_size=&#8221;2&#8243; override_padding=&#8221;yes&#8221; column_padding=&#8221;2&#8243; overlay_alpha=&#8221;50&#8243; shift_x=&#8221;0&#8243; shift_y=&#8221;0&#8243; shift_y_down=&#8221;0&#8243; z_index=&#8221;0&#8243; medium_width=&#8221;6&#8243; mobile_width=&#8221;5&#8243; width=&#8221;9\/12&#8243;][vc_custom_heading heading_semantic=&#8221;h3&#8243; text_size=&#8221;h4&#8243; sub_reduced=&#8221;yes&#8221; el_id=&#8221;dpp&#8221;]<strong>T\u00e9cnico\/a de Multim\u00e9dia<\/strong>[\/vc_custom_heading][vc_column_text]<\/p>\n<ul>\n<li>N\u00edvel <strong>IV<\/strong><\/li>\n<li><strong>Descri\u00e7\u00e3o da Qualifica\u00e7\u00e3o: <\/strong>Conceber e desenvolver sistemas e produtos multim\u00e9dia atrav\u00e9s de cria\u00e7\u00e3o de ecr\u00e3s em 2 e 3 dimens\u00f5es da capta\u00e7\u00e3o, e digitalizar, tratar e integrar sons e imagens, fixas e animadas, tendo em vista solu\u00e7\u00f5es de informa\u00e7\u00e3o e comunica\u00e7\u00e3o.<\/li>\n<\/ul>\n<p>[\/vc_column_text][vc_accordion][vc_accordion_tab gutter_size=&#8221;2&#8243; column_padding=&#8221;2&#8243; title=&#8221;Plano Curricular:&#8221; tab_id=&#8221;1757338437-1-911757339277682175733934264717573465747021757348496943&#8243; slug=&#8221;5&#8243;][vc_column_text]<span style=\"font-size: 12pt;\"><strong>UC Componente Escolar<\/strong><\/span><\/p>\n<ul>\n<li>Liberdade e responsabilidade democr\u00e1ticas <strong>50h<\/strong><\/li>\n<li>Processos identit\u00e1rios <strong>50h<\/strong><\/li>\n<li>Deontologia e princ\u00edpios \u00e9ticos <strong>50h<\/strong><\/li>\n<li>Redes de informa\u00e7\u00e3o e comunica\u00e7\u00e3o <strong>50h<\/strong><\/li>\n<li>Modelos de urbanismo e mobilidade <strong>50h<\/strong><\/li>\n<li>Sociedade, tecnologia e ci\u00eancia &#8211; fundamentos <strong>50h<\/strong><\/li>\n<li>Cultura, comunica\u00e7\u00e3o e m\u00e9dia <strong>50h<\/strong><\/li>\n<li>Culturas de urbanismo e mobilidade <strong>50h<\/strong><\/li>\n<li>Fundamentos de cultura l\u00edngua e comunica\u00e7\u00e3o <strong>50h<\/strong><\/li>\n<li>Comunica\u00e7\u00e3o nas organiza\u00e7\u00f5es <strong>50h<\/strong><\/li>\n<li>Constru\u00e7\u00e3o de projectos pessoais e sociais <strong>50h<\/strong><\/li>\n<li><strong>Dura\u00e7\u00e3o Componente Escolar: 550h<\/strong><\/li>\n<\/ul>\n<p>&nbsp;<\/p>\n<p><span style=\"font-size: 12pt;\"><strong>UFCD Componente Tecnol\u00f3gica<\/strong><\/span><\/p>\n<ul>\n<li>Execu\u00e7\u00e3o do produto multim\u00e9dia final <strong>50h<\/strong><\/li>\n<li>Comunica\u00e7\u00e3o interpessoal e institucional <strong>25h<\/strong><\/li>\n<li>Comunica\u00e7\u00e3o visual &#8211; o gui\u00e3o e o storyboard <strong>50h<\/strong><\/li>\n<li>Redes e protocolos multim\u00e9dia <strong>25h<\/strong><\/li>\n<li>Constru\u00e7\u00e3o de p\u00e1ginas web <strong>25h<\/strong><\/li>\n<li>Conceitos fundamentais de programa\u00e7\u00e3o <strong>50h<\/strong><\/li>\n<li>Linguagem de programa\u00e7\u00e3o web de servidor <strong>50h<\/strong><\/li>\n<li>Programa\u00e7\u00e3o de aplica\u00e7\u00f5es e s\u00edtios web din\u00e2micos <strong>50h<\/strong><\/li>\n<li>Produ\u00e7\u00e3o e promo\u00e7\u00e3o de produtos multim\u00e9dia <strong>50h<\/strong><\/li>\n<li>Fotografia e imagem digital <strong>25h<\/strong><\/li>\n<li>Projeto de design <strong>25h<\/strong><\/li>\n<li>Comunica\u00e7\u00e3o visual e abordagem da Gestalt <strong>25h<\/strong><\/li>\n<li>Design de multim\u00e9dia <strong>50h<\/strong><\/li>\n<li>Arquitetura de informa\u00e7\u00e3o <strong>25h<\/strong><\/li>\n<li>Laborat\u00f3rio de audiovisuais e interatividade <strong>25h<\/strong><\/li>\n<li>Edi\u00e7\u00e3o bitmap <strong>50h<\/strong><\/li>\n<li>Edi\u00e7\u00e3o vetorial <strong>50h<\/strong><\/li>\n<li>T\u00e9cnicas de anima\u00e7\u00e3o Interativa <strong>25h<\/strong><\/li>\n<li>Edi\u00e7\u00e3o web <strong>50h<\/strong><\/li>\n<li>Edi\u00e7\u00e3o de som <strong>25h<\/strong><\/li>\n<li>Edi\u00e7\u00e3o de v\u00eddeo <strong>25h<\/strong><\/li>\n<li>Edi\u00e7\u00e3o 3D <strong>50h<\/strong><\/li>\n<li>Media, tecnologias emergentes e intera\u00e7\u00e3o <strong>50h<\/strong><\/li>\n<li>Produ\u00e7\u00e3o e realiza\u00e7\u00e3o audiovisual <strong>25h<\/strong><\/li>\n<li>Tratamento de imagem avan\u00e7ado <strong>25h<\/strong><\/li>\n<li>T\u00e9cnicas de marketing digital e gest\u00e3o de redes sociais <strong>25h<\/strong><\/li>\n<li>Aplica\u00e7\u00f5es em redes sociais <strong>25h<\/strong><\/li>\n<li>Gest\u00e3o da presen\u00e7a empresarial nas redes sociais <strong>50h<\/strong><\/li>\n<li>Plano de neg\u00f3cio \u2013 cria\u00e7\u00e3o de pequenos e m\u00e9dios neg\u00f3cios <strong>50h<\/strong><\/li>\n<li>Comunica\u00e7\u00e3o assertiva e t\u00e9cnicas de procura de emprego <strong>25h<\/strong><\/li>\n<li>PRA &#8211; Portef\u00f3lio Reflexivo de Aprendizagens <strong>85h<\/strong><\/li>\n<li>Forma\u00e7\u00e3o em Contexto de Trabalho <strong>210h<\/strong><\/li>\n<li><strong>Dura\u00e7\u00e3o Componente Tecnol\u00f3gica 1355h<\/strong><\/li>\n<\/ul>\n<p>[\/vc_column_text][\/vc_accordion_tab][\/vc_accordion][\/vc_column_inner][vc_column_inner column_width_percent=&#8221;100&#8243; align_horizontal=&#8221;align_right&#8221; gutter_size=&#8221;3&#8243; override_padding=&#8221;yes&#8221; column_padding=&#8221;2&#8243; overlay_alpha=&#8221;50&#8243; shift_x=&#8221;0&#8243; shift_y=&#8221;0&#8243; shift_y_down=&#8221;0&#8243; z_index=&#8221;0&#8243; medium_width=&#8221;2&#8243; mobile_width=&#8221;3&#8243; width=&#8221;3\/12&#8243;][vc_custom_heading heading_semantic=&#8221;h6&#8243; text_size=&#8221;h4&#8243;]<strong>1945h<\/strong>[\/vc_custom_heading][\/vc_column_inner][\/vc_row_inner][\/vc_column][\/vc_row][vc_row row_height_percent=&#8221;0&#8243; override_padding=&#8221;yes&#8221; h_padding=&#8221;0&#8243; top_padding=&#8221;3&#8243; bottom_padding=&#8221;3&#8243; overlay_alpha=&#8221;0&#8243; gutter_size=&#8221;100&#8243; shift_y=&#8221;0&#8243; style=&#8221;inherited&#8221;][vc_column column_width_percent=&#8221;100&#8243; position_horizontal=&#8221;left&#8221; gutter_size=&#8221;4&#8243; style=&#8221;light&#8221; overlay_alpha=&#8221;100&#8243; shift_x=&#8221;0&#8243; shift_y=&#8221;0&#8243; z_index=&#8221;0&#8243; medium_width=&#8221;0&#8243; zoom_width=&#8221;0&#8243; zoom_height=&#8221;0&#8243; width=&#8221;1\/1&#8243;][vc_custom_heading heading_semantic=&#8221;h5&#8243; text_size=&#8221;h3&#8243; text_align=&#8221;text-center&#8221; text_serif=&#8221;yes&#8221; subheading=&#8221;Aqui pode encontrar tudo sobre os nossos cursos, as suas vantagens e os apoios a que tem direito!&#8221;]Como funciona?[\/vc_custom_heading][vc_tabs history=&#8221;yes&#8221; width_100=&#8221;yes&#8221;][vc_tab icon=&#8221;fa fa-heart3&#8243; gutter_size=&#8221;2&#8243; column_padding=&#8221;2&#8243; tab_id=&#8221;1757332608001-0-8&#8243; title=&#8221;APOIOS&#8221; slug=&#8221;apoios&#8221;][vc_column_text]<\/p>\n<ul>\n<li><strong>Bolsa de Forma\u00e7\u00e3o para desempregados\/as<\/strong>, no valor de <strong>2\u20ac\/hora<\/strong> de forma\u00e7\u00e3o frequentada e <strong>at\u00e9 261,25\u20ac\/m\u00eas<\/strong>.<\/li>\n<li><strong>Subs\u00eddio de alimenta\u00e7\u00e3o<\/strong> no valor de <strong>6\u20ac\/dia<\/strong><\/li>\n<li>R<strong>eembolso integral das despesas de transporte<\/strong> de montante equivalente ao custo das viagens realizadas em transporte coletivo por motivo de frequ\u00eancia de a\u00e7\u00e3o de forma\u00e7\u00e3o <strong style=\"font-family: -apple-system, BlinkMacSystemFont, 'Segoe UI', Roboto, Oxygen-Sans, Ubuntu, Cantarell, 'Helvetica Neue', sans-serif;\">Ou<\/strong><span style=\"font-family: -apple-system, BlinkMacSystemFont, 'Segoe UI', Roboto, Oxygen-Sans, Ubuntu, Cantarell, 'Helvetica Neue', sans-serif;\"><strong> Subs\u00eddio de transporte<\/strong> no valor e 0,12\u20ac\/Km e at\u00e9 156,75\u20ac\/m\u00eas<\/span><\/li>\n<li>Subs\u00eddio de acolhimento de dependentes a cargo at\u00e9 261,25\u20ac\/m\u00eas<\/li>\n<li><strong>Limite M\u00e1ximo de Apoios:<\/strong> O somat\u00f3rio dos apoios com despesas de transportes e com os encargos de alimenta\u00e7\u00e3o n\u00e3o pode ultrapassar o valor de 100% do IAS por m\u00eas<\/li>\n<\/ul>\n<p>[\/vc_column_text][\/vc_tab][vc_tab icon=&#8221;fa fa-list2&#8243; gutter_size=&#8221;2&#8243; column_padding=&#8221;2&#8243; title=&#8221;REQUISITOS&#8221; tab_id=&#8221;1757332608128-0-2&#8243; slug=&#8221;requisitos&#8221;][vc_column_text]<strong>N\u00edvel II:<\/strong><\/p>\n<ul>\n<li class=\"li1\">Ter idade igual ou superior a 18 anos.<\/li>\n<li class=\"li1\"><span style=\"font-family: -apple-system, BlinkMacSystemFont, 'Segoe UI', Roboto, Oxygen-Sans, Ubuntu, Cantarell, 'Helvetica Neue', sans-serif;\">Ter o 6\u00ba ano de escolaridade.<\/span><\/li>\n<\/ul>\n<p>&nbsp;<\/p>\n<p><strong>N\u00edvel IV:<\/strong><\/p>\n<ul>\n<li class=\"li1\">Ter idade igual ou superior a 21 anos.<\/li>\n<li class=\"li1\">Ter o 9\u00ba ano de escolaridade.<\/li>\n<\/ul>\n<p>[\/vc_column_text][\/vc_tab][vc_tab icon=&#8221;fa fa-plus2&#8243; gutter_size=&#8221;2&#8243; column_padding=&#8221;2&#8243; title=&#8221;Destinat\u00e1rios&#8221; tab_id=&#8221;1757332608064-0-3&#8243; slug=&#8221;vantagens&#8221;][vc_column_text]S\u00e3o destinat\u00e1rios eleg\u00edveis desta tipologia de opera\u00e7\u00e3o pessoas adultas que, \u00e0 data do in\u00edcio da forma\u00e7\u00e3o, tenham idade igual ou superior a 18 anos, sem a qualifica\u00e7\u00e3o adequada para efeitos de inser\u00e7\u00e3o social e, prioritariamente, sem a conclus\u00e3o do ensino b\u00e1sico ou do ensino secund\u00e1rio.<\/p>\n<p>Caso se trate de um Curso EFA Secund\u00e1rio tipo A, os destinat\u00e1rios eleg\u00edveis s\u00e3o pessoas adultas que, \u00e0 data do in\u00edcio da forma\u00e7\u00e3o, tenham idade igual ou superior a 21 anos,[\/vc_column_text][\/vc_tab][\/vc_tabs][vc_empty_space empty_h=&#8221;2&#8243;][vc_custom_heading heading_semantic=&#8221;h5&#8243; text_size=&#8221;h3&#8243; text_align=&#8221;text-center&#8221; text_serif=&#8221;yes&#8221;]<strong>Este curso \u00e9 apoiado pelo Programa PESSOAS 2030<\/strong>[\/vc_custom_heading][\/vc_column][\/vc_row]<\/p>\n<\/div>","protected":false},"excerpt":{"rendered":"<p>Est\u00e1 \u00e0 procura de um novo desafio? Temos forma\u00e7\u00f5es EFA financiadas \u00e0 sua medida!<br \/>\nAproveite a oportunidade para aumentar o seu conhecimento.<\/p>\n","protected":false},"author":1,"featured_media":91399,"parent":0,"menu_order":0,"comment_status":"open","ping_status":"open","template":"","meta":{"_acf_changed":false,"om_disable_all_campaigns":false,"_monsterinsights_skip_tracking":false,"_monsterinsights_sitenote_active":false,"_monsterinsights_sitenote_note":"","_monsterinsights_sitenote_category":0,"_uf_show_specific_survey":0,"_uf_disable_surveys":false,"footnotes":""},"portfolio_category":[115],"class_list":["post-169387","portfolio","type-portfolio","status-publish","has-post-thumbnail","hentry","portfolio_category-formacao-de-adultos"],"acf":[],"aioseo_notices":[],"_links":{"self":[{"href":"https:\/\/www.epralima.com\/website\/wp-json\/wp\/v2\/portfolio\/169387","targetHints":{"allow":["GET"]}}],"collection":[{"href":"https:\/\/www.epralima.com\/website\/wp-json\/wp\/v2\/portfolio"}],"about":[{"href":"https:\/\/www.epralima.com\/website\/wp-json\/wp\/v2\/types\/portfolio"}],"author":[{"embeddable":true,"href":"https:\/\/www.epralima.com\/website\/wp-json\/wp\/v2\/users\/1"}],"replies":[{"embeddable":true,"href":"https:\/\/www.epralima.com\/website\/wp-json\/wp\/v2\/comments?post=169387"}],"version-history":[{"count":23,"href":"https:\/\/www.epralima.com\/website\/wp-json\/wp\/v2\/portfolio\/169387\/revisions"}],"predecessor-version":[{"id":169399,"href":"https:\/\/www.epralima.com\/website\/wp-json\/wp\/v2\/portfolio\/169387\/revisions\/169399"}],"wp:featuredmedia":[{"embeddable":true,"href":"https:\/\/www.epralima.com\/website\/wp-json\/wp\/v2\/media\/91399"}],"wp:attachment":[{"href":"https:\/\/www.epralima.com\/website\/wp-json\/wp\/v2\/media?parent=169387"}],"wp:term":[{"taxonomy":"portfolio_category","embeddable":true,"href":"https:\/\/www.epralima.com\/website\/wp-json\/wp\/v2\/portfolio_category?post=169387"}],"curies":[{"name":"wp","href":"https:\/\/api.w.org\/{rel}","templated":true}]}}